{"id":9835,"date":"2022-06-09T11:00:47","date_gmt":"2022-06-09T09:00:47","guid":{"rendered":"https:\/\/fruiturisme.info\/?page_id=9835"},"modified":"2022-09-07T09:08:01","modified_gmt":"2022-09-07T07:08:01","slug":"politique-de-confidentialite-4","status":"publish","type":"page","link":"https:\/\/fruiturisme.info\/fr\/politique-de-confidentialite-4\/","title":{"rendered":"Politique de confidentialit\u00e9"},"content":{"rendered":"<p><\/p>\n\n\n\n<p>Conform\u00e9ment au R\u00e8glement sur la protection des donn\u00e9es personnelles, vous autorisez par la pr\u00e9sente l&#039;int\u00e9gration des donn\u00e9es personnelles fournies dans les fichiers g\u00e9r\u00e9s par l&#039;Ajuntament d&#039;Aitona et l&#039;adresse sociale situ\u00e9e C\/ Major 6, 25182 Aitona (Lleida)\u00a0:<\/p>\n\n\n\n<p>Formulaire de contact\u00a0: Ce traitement a pour finalit\u00e9 le contr\u00f4le et la gestion des personnes de contact ainsi que de la relation commerciale existante entre les parties. Ces donn\u00e9es ne seront pas transmises \u00e0 des tiers et seront conserv\u00e9es aussi longtemps que n\u00e9cessaire et justifi\u00e9 par la finalit\u00e9 de leur collecte.&nbsp;&nbsp;<\/p>\n\n\n\n<p>\u2013 Si elles sont fournies sur les r\u00e9seaux sociaux\u00a0: ce traitement a pour finalit\u00e9 la gestion et le contr\u00f4le des r\u00e9seaux sociaux ainsi que l\u2019exploitation des informations issues de l\u2019activit\u00e9 de l\u2019utilisateur sur le site web. Ces donn\u00e9es ne seront pas transmises \u00e0 des tiers et seront conserv\u00e9es aussi longtemps que n\u00e9cessaire et justifi\u00e9 par la finalit\u00e9 de leur collecte.&nbsp;&nbsp;<\/p>\n\n\n\n<p>Dans tous les cas, vous pouvez indiquer la r\u00e9vocation du consentement donn\u00e9, si celui-ci constituait la base l\u00e9gitimant le traitement, ou exercer les droits pr\u00e9vus\u00a0:<\/p>\n\n\n\n<p>\u2013 Acc\u00e8s : la personne concern\u00e9e a le droit de savoir si le responsable du traitement traite ses donn\u00e9es personnelles et, le cas \u00e9ch\u00e9ant, d\u2019acc\u00e9der \u00e0 ces donn\u00e9es, ainsi que d\u2019obtenir des informations sur le traitement effectu\u00e9.<\/p>\n\n\n\n<p>\u2013 Rectification\u00a0: Elle est li\u00e9e \u00e0 l\u2019inexactitude ou \u00e0 l\u2019exhaustivit\u00e9 des donn\u00e9es. La personne concern\u00e9e a le droit de rectifier ses donn\u00e9es personnelles inexactes et de faire compl\u00e9ter ses donn\u00e9es personnelles incompl\u00e8tes.<\/p>\n\n\n\n<ul class=\"wp-block-list\"><li>Suppression\u00a0: le droit d\u2019obtenir la suppression de ses donn\u00e9es personnelles (\u201c\u00a0droit \u00e0 l\u2019oubli\u00a0\u201d) lorsque celles-ci ne sont plus n\u00e9cessaires aux fins pour lesquelles elles ont \u00e9t\u00e9 collect\u00e9es, lorsque le consentement sur lequel le traitement \u00e9tait fond\u00e9 est r\u00e9voqu\u00e9, lorsque la personne concern\u00e9e s\u2019oppose au traitement, lorsque les donn\u00e9es ont \u00e9t\u00e9 trait\u00e9es ill\u00e9galement, lorsque leur suppression est n\u00e9cessaire pour respecter une obligation l\u00e9gale ou lorsqu\u2019elles ont \u00e9t\u00e9 obtenues dans le cadre de l\u2019offre de services de la soci\u00e9t\u00e9 de l\u2019information destin\u00e9s aux mineurs.<\/li><li>Limitation du traitement\u00a0: vous avez le droit de demander la limitation du traitement de vos donn\u00e9es personnelles conserv\u00e9es. Concr\u00e8tement, cela signifie que, sur votre demande, vos donn\u00e9es personnelles indiqu\u00e9es ne seront plus trait\u00e9es.<\/li><\/ul>\n\n\n\n<p>\u2013 Opposition\u00a0: la personne concern\u00e9e a le droit de s\u2019opposer au traitement de ses donn\u00e9es lorsqu\u2019il est fond\u00e9 sur certains cas sp\u00e9cifiques et qu\u2019un motif li\u00e9 \u00e0 sa situation personnelle est invoqu\u00e9.<\/p>\n\n\n\n<p>\u2013 Portabilit\u00e9 des donn\u00e9es\u00a0: la personne concern\u00e9e a le droit de recevoir ses donn\u00e9es personnelles fournies au responsable du traitement dans un format structur\u00e9, couramment utilis\u00e9 et lisible par machine, si le traitement est fond\u00e9 sur le consentement ou un contrat et est effectu\u00e9 par des moyens automatis\u00e9s.<\/p>\n\n\n\n<p>\u2013 Sauf en cas de d\u00e9cision individuelle automatis\u00e9e\u00a0: la personne concern\u00e9e a le droit de ne pas faire l\u2019objet d\u2019une d\u00e9cision fond\u00e9e exclusivement sur un traitement automatis\u00e9 de ses donn\u00e9es, y compris le profilage, produisant des effets juridiques la concernant ou lui portant pr\u00e9judice.,<\/p>\n\n\n\n<p>Ces demandes doivent \u00eatre faites \u00e0 C\/ Major 6, 25182 Aitona (Lleida) ou frui<a href=\"mailto:turisme@ajuntamentaitona.cat\">turisme@ajuntamentaitona.cat<\/a>. &nbsp;<\/p>\n\n\n\n<p>Vous pouvez \u00e9galement d\u00e9poser une plainte aupr\u00e8s de l&#039;Autorit\u00e9 catalane de protection des donn\u00e9es ou contacter le d\u00e9l\u00e9gu\u00e9 \u00e0 la protection des donn\u00e9es. <a href=\"mailto:dpd@ajuntamentaitona.cat\">dpd@ajuntamentaitona.cat<\/a>.<\/p>\n\n\n\n<p><strong>Propri\u00e9t\u00e9 industrielle et intellectuelle<\/strong><\/p>\n\n\n\n<p>Ce site web est la propri\u00e9t\u00e9 de l&#039;Ajuntament d&#039;Aitona. Les droits de propri\u00e9t\u00e9 intellectuelle et les droits d&#039;exploitation et de reproduction de ce site web, de ses pages, de sa pr\u00e9sence sur les r\u00e9seaux sociaux, des \u00e9crans, des informations qu&#039;ils contiennent, de leur apparence et de leur conception, ainsi que des liens (\u201c hyperliens \u201d) \u00e9tablis \u00e0 partir desquels ils renvoient vers d&#039;autres sites web de tout centre affili\u00e9 ou agence d\u00e9pendante, sont la propri\u00e9t\u00e9 exclusive du produit, sauf mention contraire expresse.<\/p>\n\n\n\n<p>Tous les noms, dessins et\/ou logos, ainsi que tous les produits ou services propos\u00e9s et refl\u00e9t\u00e9s sur ce site web, sont des marques d\u00fbment enregistr\u00e9es par l&#039;Ajuntament d&#039;Aitona par ses filiales et\/ou d\u00e9tenues par des tiers.<\/p>\n\n\n\n<p>Toute utilisation abusive de celui-ci par des personnes autres que son propri\u00e9taire l\u00e9gitime et sans son consentement expr\u00e8s et sans \u00e9quivoque peut \u00eatre d\u00e9nonc\u00e9e et poursuivie par tous les moyens l\u00e9gaux existants dans l&#039;ordre juridique espagnol et\/ou communautaire.<\/p>\n\n\n\n<p>Les droits de propri\u00e9t\u00e9 intellectuelle et les marques de commerce de tiers sont clairement indiqu\u00e9s et doivent \u00eatre respect\u00e9s par toute personne acc\u00e9dant \u00e0 cette page, l&#039;Ajuntament d&#039;Aitona n&#039;\u00e9tant pas responsable de l&#039;utilisation que l&#039;UTILISATEUR peut en faire, la responsabilit\u00e9 \u00e9tant de sa seule responsabilit\u00e9.<\/p>\n\n\n\n<p>Pour un usage personnel et priv\u00e9 uniquement, le t\u00e9l\u00e9chargement, la copie ou l&#039;impression du contenu de ce site web et des r\u00e9seaux sociaux sont autoris\u00e9s. Toute reproduction, transmission, modification ou suppression des informations, contenus ou avertissements de ce site web est interdite sans l&#039;autorisation \u00e9crite pr\u00e9alable de la Mairie d&#039;Aitona.<\/p>\n\n\n\n<p>L&#039;Ajuntament d&#039;Aitona ne transf\u00e8re pas la propri\u00e9t\u00e9 de ses logiciels aux utilisateurs. L&#039;utilisateur reste propri\u00e9taire du support sur lequel le logiciel est enregistr\u00e9. L&#039;Ajuntament d&#039;Aitona conserve tous les droits de propri\u00e9t\u00e9 industrielle et intellectuelle, y compris ceux relatifs aux logiciels. Si vous transf\u00e9rez un logiciel depuis ce site web vers votre terminal, vous ne pourrez ni l&#039;analyser, ni le d\u00e9compiler, ni traduire le code objet original ou votre version du code source dans un autre langage.<\/p>\n\n\n\n<p><em>Licence Creative Commons\u00a0:<\/em><\/p>\n\n\n\n<p>Ce site web est la propri\u00e9t\u00e9 de l&#039;Ajuntament d&#039;Aitona, qui, en vous y r\u00e9pondant, stipule que tout le contenu r\u00e9dig\u00e9 par cette entit\u00e9 est soumis \u00e0 une licence Creative Commons CC-BY-NC-SA.<\/p>\n\n\n\n<p>Cette licence implique la reconnaissance de la paternit\u00e9 de l&#039;\u0153uvre\u00a0; elle autorise l&#039;utilisation et l&#039;exploitation de tout contenu r\u00e9dig\u00e9 et \u00e9labor\u00e9 par cette entit\u00e9, \u00e0 condition de mentionner qu&#039;Ajuntament d&#039;Aitona en est l&#039;auteur, ainsi que le design, le logo et toute autre marque distinctive. De plus, toute utilisation commerciale de ces \u00e9l\u00e9ments et la cr\u00e9ation d&#039;\u0153uvres d\u00e9riv\u00e9es sont strictement interdites. Les \u0153uvres d\u00e9riv\u00e9es r\u00e9alis\u00e9es doivent pouvoir \u00eatre utilis\u00e9es par d&#039;autres entit\u00e9s ou parties titulaires d&#039;une licence r\u00e9pondant aux caract\u00e9ristiques d\u00e9crites ci-dessus.<\/p>\n\n\n\n<p>Toute utilisation sans l&#039;attribution correcte de la paternit\u00e9 \u00e0 Ajuntament d&#039;Aitona impliquera la violation de cette licence, r\u00e9servant \u00e0 l&#039;entit\u00e9 le droit d&#039;en exiger la cessation et la suppression imm\u00e9diates, \u00e9tant en mesure d&#039;exercer les actions qu&#039;elle jugera appropri\u00e9es \u00e0 l&#039;\u00e9gard de la licence sp\u00e9cifique.<\/p>\n\n\n\n<p>Les droits de propri\u00e9t\u00e9 intellectuelle et les marques d\u00e9pos\u00e9es qui peuvent appartenir \u00e0 des tiers sont clairement indiqu\u00e9s et doivent \u00eatre respect\u00e9s par toute personne acc\u00e9dant \u00e0 cette page. L&#039;Ajuntament d&#039;Aitona n&#039;est pas responsable de l&#039;utilisation que l&#039;utilisateur peut en faire, cette utilisation \u00e9tant de sa seule responsabilit\u00e9, et il doit se conformer aux droits de propri\u00e9t\u00e9 ou d&#039;utilisation de la licence que le tiers a indiqu\u00e9e.<\/p>\n\n\n\n<p><strong>Droit applicable et juridiction<\/strong><\/p>\n\n\n\n<p>Les pr\u00e9sentes conditions g\u00e9n\u00e9rales sont r\u00e9gies par le droit espagnol, les juridictions espagnoles \u00e9tant comp\u00e9tentes pour conna\u00eetre de tout litige relatif \u00e0 leur interpr\u00e9tation, leur application et leur respect. L\u2019utilisateur, en acceptant les conditions \u00e9nonc\u00e9es dans la pr\u00e9sente clause de non-responsabilit\u00e9, renonce express\u00e9ment \u00e0 toute juridiction qui pourrait \u00eatre comp\u00e9tente en vertu du Code de proc\u00e9dure civile en vigueur.<\/p>","protected":false},"excerpt":{"rendered":"<p>Under the Regulations on the Protection of Personal Data, you hereby authorize the personal data provided to be incorporated into files responsible for Ajuntament d\u2019Aitona and social adress in C\/ Major 6, 25182 Aitona (Lleida): &#8211;&nbsp;&nbsp;&nbsp;&nbsp;&nbsp;&nbsp;Contact Form: The purpose of this processing is the control and management of the contact persons&nbsp;as well as the existing [&hellip;]<\/p>","protected":false},"author":5,"featured_media":0,"parent":0,"menu_order":0,"comment_status":"closed","ping_status":"closed","template":"","meta":{"inline_featured_image":false,"footnotes":""},"class_list":["post-9835","page","type-page","status-publish","hentry"],"_links":{"self":[{"href":"https:\/\/fruiturisme.info\/fr\/wp-json\/wp\/v2\/pages\/9835","targetHints":{"allow":["GET"]}}],"collection":[{"href":"https:\/\/fruiturisme.info\/fr\/wp-json\/wp\/v2\/pages"}],"about":[{"href":"https:\/\/fruiturisme.info\/fr\/wp-json\/wp\/v2\/types\/page"}],"author":[{"embeddable":true,"href":"https:\/\/fruiturisme.info\/fr\/wp-json\/wp\/v2\/users\/5"}],"replies":[{"embeddable":true,"href":"https:\/\/fruiturisme.info\/fr\/wp-json\/wp\/v2\/comments?post=9835"}],"version-history":[{"count":5,"href":"https:\/\/fruiturisme.info\/fr\/wp-json\/wp\/v2\/pages\/9835\/revisions"}],"predecessor-version":[{"id":10337,"href":"https:\/\/fruiturisme.info\/fr\/wp-json\/wp\/v2\/pages\/9835\/revisions\/10337"}],"wp:attachment":[{"href":"https:\/\/fruiturisme.info\/fr\/wp-json\/wp\/v2\/media?parent=9835"}],"curies":[{"name":"wp","href":"https:\/\/api.w.org\/{rel}","templated":true}]}}