{"id":37315,"date":"2026-02-06T13:38:04","date_gmt":"2026-02-06T12:38:04","guid":{"rendered":"https:\/\/fruiturisme.info\/?page_id=37315"},"modified":"2026-03-03T09:32:57","modified_gmt":"2026-03-03T08:32:57","slug":"un-reve-rose","status":"publish","type":"page","link":"https:\/\/fruiturisme.info\/fr\/un-reve-rose\/","title":{"rendered":"Un r\u00eave en rose"},"content":{"rendered":"<div data-elementor-type=\"wp-page\" data-elementor-id=\"37315\" class=\"elementor elementor-37315\" data-elementor-post-type=\"page\">\n\t\t\t\t<div class=\"elementor-element elementor-element-82e948f e-flex e-con-boxed e-con e-parent\" data-id=\"82e948f\" data-element_type=\"container\" data-e-type=\"container\">\n\t\t\t\t\t<div class=\"e-con-inner\">\n\t\t<div class=\"elementor-element elementor-element-55e3e4b e-grid e-con-full e-con e-child\" data-id=\"55e3e4b\" data-element_type=\"container\" data-e-type=\"container\">\n\t\t<div class=\"elementor-element elementor-element-c3b6442 e-con-full e-flex e-con e-child\" data-id=\"c3b6442\" data-element_type=\"container\" data-e-type=\"container\">\n\t\t\t\t<div class=\"elementor-element elementor-element-7e8fa7d elementor-widget elementor-widget-heading\" data-id=\"7e8fa7d\" data-element_type=\"widget\" data-e-type=\"widget\" data-widget_type=\"heading.default\">\n\t\t\t\t<div class=\"elementor-widget-container\">\n\t\t\t\t\t<h2 class=\"elementor-heading-title elementor-size-default\">TOURISME FRUITIER<\/h2>\t\t\t\t<\/div>\n\t\t\t\t<\/div>\n\t\t\t\t<div class=\"elementor-element elementor-element-df6018c elementor-widget elementor-widget-heading\" data-id=\"df6018c\" data-element_type=\"widget\" data-e-type=\"widget\" data-widget_type=\"heading.default\">\n\t\t\t\t<div class=\"elementor-widget-container\">\n\t\t\t\t\t<h1 class=\"elementor-heading-title elementor-size-default\">Aitona, un r\u00eave en rose\n<\/h1>\t\t\t\t<\/div>\n\t\t\t\t<\/div>\n\t\t\t\t<div class=\"elementor-element elementor-element-aa5287c elementor-widget-divider--view-line elementor-widget elementor-widget-divider\" data-id=\"aa5287c\" data-element_type=\"widget\" data-e-type=\"widget\" data-widget_type=\"divider.default\">\n\t\t\t\t<div class=\"elementor-widget-container\">\n\t\t\t\t\t\t\t<div class=\"elementor-divider\">\n\t\t\t<span class=\"elementor-divider-separator\">\n\t\t\t\t\t\t<\/span>\n\t\t<\/div>\n\t\t\t\t\t\t<\/div>\n\t\t\t\t<\/div>\n\t\t\t\t<div class=\"elementor-element elementor-element-a479d0f elementor-align-center elementor-widget elementor-widget-button\" data-id=\"a479d0f\" data-element_type=\"widget\" data-e-type=\"widget\" data-widget_type=\"button.default\">\n\t\t\t\t<div class=\"elementor-widget-container\">\n\t\t\t\t\t\t\t\t\t<div class=\"elementor-button-wrapper\">\n\t\t\t\t\t<a class=\"elementor-button elementor-button-link elementor-size-sm\" href=\"#reserva-experiencia\">\n\t\t\t\t\t\t<span class=\"elementor-button-content-wrapper\">\n\t\t\t\t\t\t<span class=\"elementor-button-icon\">\n\t\t\t\t<i aria-hidden=\"true\" class=\"fas fa-arrow-alt-circle-right\"><\/i>\t\t\t<\/span>\n\t\t\t\t\t\t\t\t\t<span class=\"elementor-button-text\">R\u00e9serve<\/span>\n\t\t\t\t\t<\/span>\n\t\t\t\t\t<\/a>\n\t\t\t\t<\/div>\n\t\t\t\t\t\t\t\t<\/div>\n\t\t\t\t<\/div>\n\t\t\t\t<\/div>\n\t\t<div class=\"elementor-element elementor-element-d76627d e-con-full e-flex e-con e-child\" data-id=\"d76627d\" data-element_type=\"container\" data-e-type=\"container\">\n\t\t\t\t<div class=\"elementor-element elementor-element-6f88302 elementor-widget elementor-widget-image\" data-id=\"6f88302\" data-element_type=\"widget\" data-e-type=\"widget\" data-widget_type=\"image.default\">\n\t\t\t\t<div class=\"elementor-widget-container\">\n\t\t\t\t\t\t\t\t\t\t\t\t\t\t\t<img fetchpriority=\"high\" decoding=\"async\" width=\"457\" height=\"457\" src=\"https:\/\/fruiturisme.info\/wp-content\/uploads\/experiencia-estacional.webp\" class=\"attachment-large size-large wp-image-36159\" alt=\"\" srcset=\"https:\/\/fruiturisme.info\/wp-content\/uploads\/experiencia-estacional.webp 457w, https:\/\/fruiturisme.info\/wp-content\/uploads\/experiencia-estacional-352x352.webp 352w, https:\/\/fruiturisme.info\/wp-content\/uploads\/experiencia-estacional-160x160.webp 160w, https:\/\/fruiturisme.info\/wp-content\/uploads\/experiencia-estacional-300x300.webp 300w, https:\/\/fruiturisme.info\/wp-content\/uploads\/experiencia-estacional-12x12.webp 12w, https:\/\/fruiturisme.info\/wp-content\/uploads\/experiencia-estacional-100x100.webp 100w\" sizes=\"(max-width: 457px) 100vw, 457px\" \/>\t\t\t\t\t\t\t\t\t\t\t\t\t\t\t<\/div>\n\t\t\t\t<\/div>\n\t\t\t\t<\/div>\n\t\t\t\t<\/div>\n\t\t\t\t\t<\/div>\n\t\t\t\t<\/div>\n\t\t<div class=\"elementor-element elementor-element-ff0cc32 e-flex e-con-boxed e-con e-parent\" data-id=\"ff0cc32\" data-element_type=\"container\" data-e-type=\"container\">\n\t\t\t\t\t<div class=\"e-con-inner\">\n\t\t<div class=\"elementor-element elementor-element-4def987 e-con-full e-flex e-con e-child\" data-id=\"4def987\" data-element_type=\"container\" data-e-type=\"container\">\n\t\t\t\t<div class=\"elementor-element elementor-element-837778d elementor-widget elementor-widget-image\" data-id=\"837778d\" data-element_type=\"widget\" data-e-type=\"widget\" data-widget_type=\"image.default\">\n\t\t\t\t<div class=\"elementor-widget-container\">\n\t\t\t\t\t\t\t\t\t\t\t\t\t\t\t<img decoding=\"async\" width=\"446\" height=\"636\" src=\"https:\/\/fruiturisme.info\/wp-content\/uploads\/un-somni-en-rosa.jpeg\" class=\"attachment-large size-large wp-image-37317\" alt=\"Un r\u00eave en rose\" srcset=\"https:\/\/fruiturisme.info\/wp-content\/uploads\/un-somni-en-rosa.jpeg 446w, https:\/\/fruiturisme.info\/wp-content\/uploads\/un-somni-en-rosa-352x502.jpeg 352w, https:\/\/fruiturisme.info\/wp-content\/uploads\/un-somni-en-rosa-8x12.jpeg 8w\" sizes=\"(max-width: 446px) 100vw, 446px\" \/>\t\t\t\t\t\t\t\t\t\t\t\t\t\t\t<\/div>\n\t\t\t\t<\/div>\n\t\t\t\t<\/div>\n\t\t<div class=\"elementor-element elementor-element-0734958 e-con-full e-flex e-con e-child\" data-id=\"0734958\" data-element_type=\"container\" data-e-type=\"container\">\n\t\t\t\t<div class=\"elementor-element elementor-element-2e0779a elementor-widget elementor-widget-heading\" data-id=\"2e0779a\" data-element_type=\"widget\" data-e-type=\"widget\" data-widget_type=\"heading.default\">\n\t\t\t\t<div class=\"elementor-widget-container\">\n\t\t\t\t\t<h2 class=\"elementor-heading-title elementor-size-default\">Exp\u00e9rience de floraison nocturne<\/h2>\t\t\t\t<\/div>\n\t\t\t\t<\/div>\n\t\t\t\t<div class=\"elementor-element elementor-element-caf1706 elementor-widget elementor-widget-text-editor\" data-id=\"caf1706\" data-element_type=\"widget\" data-e-type=\"widget\" data-widget_type=\"text-editor.default\">\n\t\t\t\t<div class=\"elementor-widget-container\">\n\t\t\t\t\t\t\t\t\t<p>D\u00e9couvrez la floraison d&#039;Aitona d&#039;une mani\u00e8re unique et diff\u00e9rente\u00a0: la nuit. Nous vous invitons \u00e0 une exp\u00e9rience sensorielle\u00a0: fl\u00e2nez dans les champs de fleurs illumin\u00e9s, berc\u00e9s par une musique douce et accompagn\u00e9s d&#039;une s\u00e9lection de produits locaux. Un moment pour se d\u00e9connecter, respirer et s&#039;immerger dans la magie du paysage. <strong>Nous irons \u00e0 la ferme en car.<\/strong><\/p>\t\t\t\t\t\t\t\t<\/div>\n\t\t\t\t<\/div>\n\t\t\t\t<div class=\"elementor-element elementor-element-75cd5e5 elementor-widget elementor-widget-heading\" data-id=\"75cd5e5\" data-element_type=\"widget\" data-e-type=\"widget\" data-widget_type=\"heading.default\">\n\t\t\t\t<div class=\"elementor-widget-container\">\n\t\t\t\t\t<h2 class=\"elementor-heading-title elementor-size-default\">Une nuit parmi les fleurs<\/h2>\t\t\t\t<\/div>\n\t\t\t\t<\/div>\n\t\t\t\t<div class=\"elementor-element elementor-element-6798716 elementor-widget elementor-widget-text-editor\" data-id=\"6798716\" data-element_type=\"widget\" data-e-type=\"widget\" data-widget_type=\"text-editor.default\">\n\t\t\t\t<div class=\"elementor-widget-container\">\n\t\t\t\t\t\t\t\t\t<p>Au coucher du soleil, les champs se m\u00e9tamorphosent. Une douce lumi\u00e8re met en valeur les couleurs des fleurs, cr\u00e9ant une atmosph\u00e8re intime et magique. Une musique en direct accompagne la promenade, vous permettant de profiter du cadre paisiblement, en silence, et d&#039;\u00e9veiller tous vos sens.<\/p>\t\t\t\t\t\t\t\t<\/div>\n\t\t\t\t<\/div>\n\t\t\t\t<div class=\"elementor-element elementor-element-9039778 elementor-widget elementor-widget-heading\" data-id=\"9039778\" data-element_type=\"widget\" data-e-type=\"widget\" data-widget_type=\"heading.default\">\n\t\t\t\t<div class=\"elementor-widget-container\">\n\t\t\t\t\t<h2 class=\"elementor-heading-title elementor-size-default\">Ce que l&#039;exp\u00e9rience comprend<\/h2>\t\t\t\t<\/div>\n\t\t\t\t<\/div>\n\t\t\t\t<div class=\"elementor-element elementor-element-bad057d elementor-widget elementor-widget-text-editor\" data-id=\"bad057d\" data-element_type=\"widget\" data-e-type=\"widget\" data-widget_type=\"text-editor.default\">\n\t\t\t\t<div class=\"elementor-widget-container\">\n\t\t\t\t\t\t\t\t\t<ul><li>\ud83c\udf38 Promenade nocturne dans des champs de fleurs illumin\u00e9s<\/li><li>\ud83c\udfb5 Musique en direct<\/li><li>\ud83e\uddc0 D\u00e9gustation de produits locaux<\/li><li>\ud83c\udf19 Une exp\u00e9rience sensorielle et photographique unique<\/li><li>\ud83d\udeb6 Itin\u00e9raire accessible et paisible<\/li><\/ul>\t\t\t\t\t\t\t\t<\/div>\n\t\t\t\t<\/div>\n\t\t\t\t<div class=\"elementor-element elementor-element-a48b6ea elementor-widget elementor-widget-heading\" data-id=\"a48b6ea\" data-element_type=\"widget\" data-e-type=\"widget\" data-widget_type=\"heading.default\">\n\t\t\t\t<div class=\"elementor-widget-container\">\n\t\t\t\t\t<h2 class=\"elementor-heading-title elementor-size-default\">Dates et heures<\/h2>\t\t\t\t<\/div>\n\t\t\t\t<\/div>\n\t\t\t\t<div class=\"elementor-element elementor-element-d85b8a9 elementor-widget elementor-widget-text-editor\" data-id=\"d85b8a9\" data-element_type=\"widget\" data-e-type=\"widget\" data-widget_type=\"text-editor.default\">\n\t\t\t\t<div class=\"elementor-widget-container\">\n\t\t\t\t\t\t\t\t\t<ul><li>\ud83d\udcc5 <strong>Tous les samedis entre le 7 et le 22 mars (7-14-21)<\/strong><\/li><li>\ud83d\udd62 <strong>Heure de d\u00e9but :<\/strong> 19h30<\/li><li>\ud83d\udccd <strong>Point de d\u00e9part:<\/strong> place du gymnase d&#039;Aitona<\/li><li>\u23f1\ufe0f <strong>Dur\u00e9e approximative :<\/strong> 1 heure et 30 minutes<\/li><\/ul>\t\t\t\t\t\t\t\t<\/div>\n\t\t\t\t<\/div>\n\t\t\t\t<div class=\"elementor-element elementor-element-e47d294 elementor-widget elementor-widget-text-editor\" data-id=\"e47d294\" data-element_type=\"widget\" data-e-type=\"widget\" data-widget_type=\"text-editor.default\">\n\t\t\t\t<div class=\"elementor-widget-container\">\n\t\t\t\t\t\t\t\t\t<p>Une option id\u00e9ale pour les couples, les amis et les amoureux de la nature et de la photographie qui souhaitent d\u00e9couvrir la floraison sous un nouvel angle.<\/p><p><strong>Les animaux domestiques doivent voyager dans une cage de transport en soute.<\/strong><\/p>\t\t\t\t\t\t\t\t<\/div>\n\t\t\t\t<\/div>\n\t\t\t\t<\/div>\n\t\t\t\t\t<\/div>\n\t\t\t\t<\/div>\n\t\t<div class=\"elementor-element elementor-element-d56e6fd e-flex e-con-boxed e-con e-parent\" data-id=\"d56e6fd\" data-element_type=\"container\" data-e-type=\"container\">\n\t\t\t\t\t<div class=\"e-con-inner\">\n\t\t<div class=\"elementor-element elementor-element-2b4beb8 e-con-full e-flex e-con e-child\" data-id=\"2b4beb8\" data-element_type=\"container\" data-e-type=\"container\">\n\t\t<div class=\"elementor-element elementor-element-0f9a8a7 e-con-full e-flex e-con e-child\" data-id=\"0f9a8a7\" data-element_type=\"container\" data-e-type=\"container\">\n\t\t\t\t<div class=\"elementor-element elementor-element-a898a07 elementor-widget elementor-widget-heading\" data-id=\"a898a07\" data-element_type=\"widget\" data-e-type=\"widget\" data-widget_type=\"heading.default\">\n\t\t\t\t<div class=\"elementor-widget-container\">\n\t\t\t\t\t<h2 class=\"elementor-heading-title elementor-size-default\">Choisissez une date et r\u00e9servez votre exp\u00e9rience<\/h2>\t\t\t\t<\/div>\n\t\t\t\t<\/div>\n\t\t\t\t<div class=\"elementor-element elementor-element-218aad1 elementor-widget elementor-widget-heading\" data-id=\"218aad1\" data-element_type=\"widget\" data-e-type=\"widget\" data-widget_type=\"heading.default\">\n\t\t\t\t<div class=\"elementor-widget-container\">\n\t\t\t\t\t<h2 class=\"elementor-heading-title elementor-size-default\">7, 14 et 21 mars<\/h2>\t\t\t\t<\/div>\n\t\t\t\t<\/div>\n\t\t\t\t<div class=\"elementor-element elementor-element-b5cad48 elementor-widget elementor-widget-menu-anchor\" data-id=\"b5cad48\" data-element_type=\"widget\" data-e-type=\"widget\" data-widget_type=\"menu-anchor.default\">\n\t\t\t\t<div class=\"elementor-widget-container\">\n\t\t\t\t\t\t\t<div class=\"elementor-menu-anchor\" id=\"reserva-experiencia\"><\/div>\n\t\t\t\t\t\t<\/div>\n\t\t\t\t<\/div>\n\t\t\t\t<\/div>\n\t\t\t\t<\/div>\n\t\t\t\t<div class=\"elementor-element elementor-element-dfe3229 elementor-widget elementor-widget-MEC\" data-id=\"dfe3229\" data-element_type=\"widget\" data-e-type=\"widget\" data-widget_type=\"MEC.default\">\n\t\t\t\t<div class=\"elementor-widget-container\">\n\t\t\t\t\t<div class=\"mec-wrap mec-skin-grid-container\" id=\"mec_skin_37335\">\r\n\r\n    \r\n        <div class=\"mec-skin-grid-events-container\" id=\"mec_skin_events_37335\">\r\n        Aucun \u00e9v\u00e9nement trouv\u00e9 !    <\/div>\r\n    \r\n    \r\n<\/div>\r\n\t\t\t\t<\/div>\n\t\t\t\t<\/div>\n\t\t\t\t\t<\/div>\n\t\t\t\t<\/div>\n\t\t\t\t<\/div>","protected":false},"excerpt":{"rendered":"<p>FRUITURISME Aitona, un sue\u00f1o en rosa Reservar Experiencia nocturna de floraci\u00f3n Vive la floraci\u00f3n de Aitona de una manera \u00fanica y diferente: por la noche. Te proponemos una experiencia sensorial para pasear entre campos floridos iluminados, con m\u00fasica en directo relajante y un picoteo de productos locales de proximidad. Un momento para desconectar, respirar y [&hellip;]<\/p>","protected":false},"author":5,"featured_media":0,"parent":0,"menu_order":0,"comment_status":"closed","ping_status":"closed","template":"elementor_header_footer","meta":{"inline_featured_image":false,"footnotes":""},"class_list":["post-37315","page","type-page","status-publish","hentry"],"_links":{"self":[{"href":"https:\/\/fruiturisme.info\/fr\/wp-json\/wp\/v2\/pages\/37315","targetHints":{"allow":["GET"]}}],"collection":[{"href":"https:\/\/fruiturisme.info\/fr\/wp-json\/wp\/v2\/pages"}],"about":[{"href":"https:\/\/fruiturisme.info\/fr\/wp-json\/wp\/v2\/types\/page"}],"author":[{"embeddable":true,"href":"https:\/\/fruiturisme.info\/fr\/wp-json\/wp\/v2\/users\/5"}],"replies":[{"embeddable":true,"href":"https:\/\/fruiturisme.info\/fr\/wp-json\/wp\/v2\/comments?post=37315"}],"version-history":[{"count":36,"href":"https:\/\/fruiturisme.info\/fr\/wp-json\/wp\/v2\/pages\/37315\/revisions"}],"predecessor-version":[{"id":40998,"href":"https:\/\/fruiturisme.info\/fr\/wp-json\/wp\/v2\/pages\/37315\/revisions\/40998"}],"wp:attachment":[{"href":"https:\/\/fruiturisme.info\/fr\/wp-json\/wp\/v2\/media?parent=37315"}],"curies":[{"name":"wp","href":"https:\/\/api.w.org\/{rel}","templated":true}]}}