{"id":35494,"date":"2025-11-17T16:51:57","date_gmt":"2025-11-17T15:51:57","guid":{"rendered":"https:\/\/fruiturisme.info\/?page_id=35494"},"modified":"2025-11-25T10:24:12","modified_gmt":"2025-11-25T09:24:12","slug":"grand-pere-berceau-des-saints","status":"publish","type":"page","link":"https:\/\/fruiturisme.info\/fr\/grand-pere-berceau-des-saints\/","title":{"rendered":"Aitona, cuna de santos"},"content":{"rendered":"<div data-elementor-type=\"wp-page\" data-elementor-id=\"35494\" class=\"elementor elementor-35494\" data-elementor-post-type=\"page\">\n\t\t\t\t<div class=\"elementor-element elementor-element-7a9e4f1 e-flex e-con-boxed e-con e-parent\" data-id=\"7a9e4f1\" data-element_type=\"container\" data-e-type=\"container\">\n\t\t\t\t\t<div class=\"e-con-inner\">\n\t\t<div class=\"elementor-element elementor-element-9892c83 e-grid e-con-full e-con e-child\" data-id=\"9892c83\" data-element_type=\"container\" data-e-type=\"container\">\n\t\t<div class=\"elementor-element elementor-element-29e0848 e-con-full e-flex e-con e-child\" data-id=\"29e0848\" data-element_type=\"container\" data-e-type=\"container\">\n\t\t\t\t<div class=\"elementor-element elementor-element-898269c elementor-widget elementor-widget-heading\" data-id=\"898269c\" data-element_type=\"widget\" data-e-type=\"widget\" data-widget_type=\"heading.default\">\n\t\t\t\t<div class=\"elementor-widget-container\">\n\t\t\t\t\t<h2 class=\"elementor-heading-title elementor-size-default\">TOURISME FRUITIER<\/h2>\t\t\t\t<\/div>\n\t\t\t\t<\/div>\n\t\t\t\t<div class=\"elementor-element elementor-element-31017de elementor-widget elementor-widget-heading\" data-id=\"31017de\" data-element_type=\"widget\" data-e-type=\"widget\" data-widget_type=\"heading.default\">\n\t\t\t\t<div class=\"elementor-widget-container\">\n\t\t\t\t\t<h1 class=\"elementor-heading-title elementor-size-default\">Aitona,<br>berceau des saints<\/h1>\t\t\t\t<\/div>\n\t\t\t\t<\/div>\n\t\t\t\t<div class=\"elementor-element elementor-element-4bf4f86 elementor-widget elementor-widget-text-editor\" data-id=\"4bf4f86\" data-element_type=\"widget\" data-e-type=\"widget\" data-widget_type=\"text-editor.default\">\n\t\t\t\t<div class=\"elementor-widget-container\">\n\t\t\t\t\t\t\t\t\t<p>Aitona est une ville \u00e0 l&#039;histoire profond\u00e9ment li\u00e9e \u00e0 la spiritualit\u00e9 et \u00e0 la religion. Ce n&#039;est pas un hasard si nos rues ont vu na\u00eetre des figures religieuses aussi c\u00e9l\u00e8bres que sainte Th\u00e9r\u00e8se d&#039;Avila Jornet et les bienheureux Fran\u00e7ois Palau et Josep Cam\u00ed. Rares sont les villes \u00e0 pouvoir s&#039;enorgueillir de compter deux bienheureux et un saint.<\/p>\t\t\t\t\t\t\t\t<\/div>\n\t\t\t\t<\/div>\n\t\t\t\t<div class=\"elementor-element elementor-element-304bedf elementor-widget-divider--view-line elementor-widget elementor-widget-divider\" data-id=\"304bedf\" data-element_type=\"widget\" data-e-type=\"widget\" data-widget_type=\"divider.default\">\n\t\t\t\t<div class=\"elementor-widget-container\">\n\t\t\t\t\t\t\t<div class=\"elementor-divider\">\n\t\t\t<span class=\"elementor-divider-separator\">\n\t\t\t\t\t\t<\/span>\n\t\t<\/div>\n\t\t\t\t\t\t<\/div>\n\t\t\t\t<\/div>\n\t\t\t\t<\/div>\n\t\t<div class=\"elementor-element elementor-element-34043fa e-con-full e-flex e-con e-child\" data-id=\"34043fa\" data-element_type=\"container\" data-e-type=\"container\">\n\t\t\t\t<div class=\"elementor-element elementor-element-045e1d1 elementor-widget elementor-widget-image\" data-id=\"045e1d1\" data-element_type=\"widget\" data-e-type=\"widget\" data-widget_type=\"image.default\">\n\t\t\t\t<div class=\"elementor-widget-container\">\n\t\t\t\t\t\t\t\t\t\t\t\t\t\t\t<img fetchpriority=\"high\" decoding=\"async\" width=\"457\" height=\"457\" src=\"https:\/\/fruiturisme.info\/wp-content\/uploads\/Cuna-de-santos-1.webp\" class=\"attachment-large size-large wp-image-35534\" alt=\"Berceau des Saints 1\" srcset=\"https:\/\/fruiturisme.info\/wp-content\/uploads\/Cuna-de-santos-1.webp 457w, https:\/\/fruiturisme.info\/wp-content\/uploads\/Cuna-de-santos-1-352x352.webp 352w, https:\/\/fruiturisme.info\/wp-content\/uploads\/Cuna-de-santos-1-160x160.webp 160w, https:\/\/fruiturisme.info\/wp-content\/uploads\/Cuna-de-santos-1-300x300.webp 300w, https:\/\/fruiturisme.info\/wp-content\/uploads\/Cuna-de-santos-1-100x100.webp 100w\" sizes=\"(max-width: 457px) 100vw, 457px\" \/>\t\t\t\t\t\t\t\t\t\t\t\t\t\t\t<\/div>\n\t\t\t\t<\/div>\n\t\t\t\t<\/div>\n\t\t\t\t<\/div>\n\t\t\t\t\t<\/div>\n\t\t\t\t<\/div>\n\t\t<div class=\"elementor-element elementor-element-08fe395 e-flex e-con-boxed e-con e-parent\" data-id=\"08fe395\" data-element_type=\"container\" data-e-type=\"container\">\n\t\t\t\t\t<div class=\"e-con-inner\">\n\t\t<div class=\"elementor-element elementor-element-448d010 e-con-full e-flex e-con e-child\" data-id=\"448d010\" data-element_type=\"container\" data-e-type=\"container\">\n\t\t\t\t<div class=\"elementor-element elementor-element-e7f98de elementor-widget elementor-widget-image\" data-id=\"e7f98de\" data-element_type=\"widget\" data-e-type=\"widget\" data-widget_type=\"image.default\">\n\t\t\t\t<div class=\"elementor-widget-container\">\n\t\t\t\t\t\t\t\t\t\t\t\t\t\t\t<img decoding=\"async\" width=\"705\" height=\"472\" src=\"https:\/\/fruiturisme.info\/wp-content\/uploads\/foto-2.webp\" class=\"attachment-large size-large wp-image-35509\" alt=\"\" srcset=\"https:\/\/fruiturisme.info\/wp-content\/uploads\/foto-2.webp 705w, https:\/\/fruiturisme.info\/wp-content\/uploads\/foto-2-352x236.webp 352w\" sizes=\"(max-width: 705px) 100vw, 705px\" \/>\t\t\t\t\t\t\t\t\t\t\t\t\t\t\t<\/div>\n\t\t\t\t<\/div>\n\t\t\t\t<\/div>\n\t\t<div class=\"elementor-element elementor-element-1d55dca e-con-full e-flex e-con e-child\" data-id=\"1d55dca\" data-element_type=\"container\" data-e-type=\"container\">\n\t\t\t\t<div class=\"elementor-element elementor-element-441d8d8 elementor-widget elementor-widget-text-editor\" data-id=\"441d8d8\" data-element_type=\"widget\" data-e-type=\"widget\" data-widget_type=\"text-editor.default\">\n\t\t\t\t<div class=\"elementor-widget-container\">\n\t\t\t\t\t\t\t\t\t<p>Aitona, berceau des saints, est une initiative ambitieuse qui vise \u00e0 mettre en valeur le patrimoine incomparable li\u00e9 \u00e0 l&#039;aspect religieux d&#039;Aitona, un petit tr\u00e9sor qui a laiss\u00e9 des marques uniques sur le paysage urbain et rural d&#039;Aitona, comme la grotte du p\u00e8re Palau, la premi\u00e8re maison d&#039;asile fond\u00e9e par sainte Th\u00e9r\u00e8se Jornet, l&#039;ermitage de saint Jean de Carratal\u00e0 ou les lieux de naissance du p\u00e8re Palau et de sainte Th\u00e9r\u00e8se Jornet.<\/p><p>Elle s&#039;inscrit dans la lign\u00e9e de sainte Th\u00e9r\u00e8se de J\u00e9sus Jornet et des bienheureux Francesc Palau et Josep Cam\u00ed, figures religieuses de premier ordre qui, par leur empreinte, ont laiss\u00e9 un h\u00e9ritage spirituel unique en Catalogne.<\/p>\t\t\t\t\t\t\t\t<\/div>\n\t\t\t\t<\/div>\n\t\t\t\t<\/div>\n\t\t\t\t\t<\/div>\n\t\t\t\t<\/div>\n\t\t<div class=\"elementor-element elementor-element-881f75c e-flex e-con-boxed e-con e-parent\" data-id=\"881f75c\" data-element_type=\"container\" data-e-type=\"container\" data-settings=\"{&quot;background_background&quot;:&quot;classic&quot;,&quot;shape_divider_top&quot;:&quot;mountains&quot;,&quot;shape_divider_bottom&quot;:&quot;mountains&quot;}\">\n\t\t\t\t\t<div class=\"e-con-inner\">\n\t\t\t\t<div class=\"elementor-shape elementor-shape-top\" aria-hidden=\"true\" data-negative=\"false\">\n\t\t\t<svg xmlns=\"http:\/\/www.w3.org\/2000\/svg\" viewbox=\"0 0 1000 100\" preserveaspectratio=\"none\">\n\t<path class=\"elementor-shape-fill\" opacity=\"0.33\" d=\"M473,67.3c-203.9,88.3-263.1-34-320.3,0C66,119.1,0,59.7,0,59.7V0h1000v59.7 c0,0-62.1,26.1-94.9,29.3c-32.8,3.3-62.8-12.3-75.8-22.1C806,49.6,745.3,8.7,694.9,4.7S492.4,59,473,67.3z\"\/>\n\t<path class=\"elementor-shape-fill\" opacity=\"0.66\" d=\"M734,67.3c-45.5,0-77.2-23.2-129.1-39.1c-28.6-8.7-150.3-10.1-254,39.1 s-91.7-34.4-149.2,0C115.7,118.3,0,39.8,0,39.8V0h1000v36.5c0,0-28.2-18.5-92.1-18.5C810.2,18.1,775.7,67.3,734,67.3z\"\/>\n\t<path class=\"elementor-shape-fill\" d=\"M766.1,28.9c-200-57.5-266,65.5-395.1,19.5C242,1.8,242,5.4,184.8,20.6C128,35.8,132.3,44.9,89.9,52.5C28.6,63.7,0,0,0,0 h1000c0,0-9.9,40.9-83.6,48.1S829.6,47,766.1,28.9z\"\/>\n<\/svg>\t\t<\/div>\n\t\t\t\t<div class=\"elementor-shape elementor-shape-bottom\" aria-hidden=\"true\" data-negative=\"false\">\n\t\t\t<svg xmlns=\"http:\/\/www.w3.org\/2000\/svg\" viewbox=\"0 0 1000 100\" preserveaspectratio=\"none\">\n\t<path class=\"elementor-shape-fill\" opacity=\"0.33\" d=\"M473,67.3c-203.9,88.3-263.1-34-320.3,0C66,119.1,0,59.7,0,59.7V0h1000v59.7 c0,0-62.1,26.1-94.9,29.3c-32.8,3.3-62.8-12.3-75.8-22.1C806,49.6,745.3,8.7,694.9,4.7S492.4,59,473,67.3z\"\/>\n\t<path class=\"elementor-shape-fill\" opacity=\"0.66\" d=\"M734,67.3c-45.5,0-77.2-23.2-129.1-39.1c-28.6-8.7-150.3-10.1-254,39.1 s-91.7-34.4-149.2,0C115.7,118.3,0,39.8,0,39.8V0h1000v36.5c0,0-28.2-18.5-92.1-18.5C810.2,18.1,775.7,67.3,734,67.3z\"\/>\n\t<path class=\"elementor-shape-fill\" d=\"M766.1,28.9c-200-57.5-266,65.5-395.1,19.5C242,1.8,242,5.4,184.8,20.6C128,35.8,132.3,44.9,89.9,52.5C28.6,63.7,0,0,0,0 h1000c0,0-9.9,40.9-83.6,48.1S829.6,47,766.1,28.9z\"\/>\n<\/svg>\t\t<\/div>\n\t\t\t\t<div class=\"elementor-element elementor-element-9f97c9b elementor-widget elementor-widget-heading\" data-id=\"9f97c9b\" data-element_type=\"widget\" data-e-type=\"widget\" data-widget_type=\"heading.default\">\n\t\t\t\t<div class=\"elementor-widget-container\">\n\t\t\t\t\t<h2 class=\"elementor-heading-title elementor-size-default\">Itin\u00e9raires disponibles<\/h2>\t\t\t\t<\/div>\n\t\t\t\t<\/div>\n\t\t\t\t\t<\/div>\n\t\t\t\t<\/div>\n\t\t<div class=\"elementor-element elementor-element-c2c3ba4 e-con-full e-flex e-con e-parent\" data-id=\"c2c3ba4\" data-element_type=\"container\" data-e-type=\"container\">\n\t\t<div class=\"elementor-element elementor-element-fdc2510 e-con-full e-flex e-con e-child\" data-id=\"fdc2510\" data-element_type=\"container\" data-e-type=\"container\" data-settings=\"{&quot;background_background&quot;:&quot;classic&quot;}\">\n\t\t\t\t<div class=\"elementor-element elementor-element-f4bd92b elementor-view-default elementor-widget elementor-widget-icon\" data-id=\"f4bd92b\" data-element_type=\"widget\" data-e-type=\"widget\" data-widget_type=\"icon.default\">\n\t\t\t\t<div class=\"elementor-widget-container\">\n\t\t\t\t\t\t\t<div class=\"elementor-icon-wrapper\">\n\t\t\t<div class=\"elementor-icon\">\n\t\t\t<i aria-hidden=\"true\" class=\"fas fa-route\"><\/i>\t\t\t<\/div>\n\t\t<\/div>\n\t\t\t\t\t\t<\/div>\n\t\t\t\t<\/div>\n\t\t\t\t<div class=\"elementor-element elementor-element-9524848 elementor-widget elementor-widget-heading\" data-id=\"9524848\" data-element_type=\"widget\" data-e-type=\"widget\" data-widget_type=\"heading.default\">\n\t\t\t\t<div class=\"elementor-widget-container\">\n\t\t\t\t\t<p class=\"elementor-heading-title elementor-size-default\">Une promenade \u00e0 travers l&#039;Aitona de Santa Teresa Jornet et l&#039;ermitage de Sant Joan de Carratal\u00e0<\/p>\t\t\t\t<\/div>\n\t\t\t\t<\/div>\n\t\t\t\t<div class=\"elementor-element elementor-element-1f6aae6 elementor-align-right elementor-widget elementor-widget-button\" data-id=\"1f6aae6\" data-element_type=\"widget\" data-e-type=\"widget\" data-widget_type=\"button.default\">\n\t\t\t\t<div class=\"elementor-widget-container\">\n\t\t\t\t\t\t\t\t\t<div class=\"elementor-button-wrapper\">\n\t\t\t\t\t<a class=\"elementor-button elementor-button-link elementor-size-sm\" href=\"https:\/\/fruiturisme.info\/fr\/grand-pere-berceau-des-saints\/une-promenade-guidee-a-travers-laitona-de-santa-teresa-jornet-et-lermitage-de-san-juan-de-carratala-2\/\">\n\t\t\t\t\t\t<span class=\"elementor-button-content-wrapper\">\n\t\t\t\t\t\t<span class=\"elementor-button-icon\">\n\t\t\t\t<i aria-hidden=\"true\" class=\"fas fa-arrow-alt-circle-right\"><\/i>\t\t\t<\/span>\n\t\t\t\t\t\t\t\t\t<span class=\"elementor-button-text\">Voir l&#039;itin\u00e9raire<\/span>\n\t\t\t\t\t<\/span>\n\t\t\t\t\t<\/a>\n\t\t\t\t<\/div>\n\t\t\t\t\t\t\t\t<\/div>\n\t\t\t\t<\/div>\n\t\t\t\t<\/div>\n\t\t<div class=\"elementor-element elementor-element-4cda48d e-con-full e-flex e-con e-child\" data-id=\"4cda48d\" data-element_type=\"container\" data-e-type=\"container\" data-settings=\"{&quot;background_background&quot;:&quot;classic&quot;}\">\n\t\t\t\t<div class=\"elementor-element elementor-element-b4498e8 elementor-view-default elementor-widget elementor-widget-icon\" data-id=\"b4498e8\" data-element_type=\"widget\" data-e-type=\"widget\" data-widget_type=\"icon.default\">\n\t\t\t\t<div class=\"elementor-widget-container\">\n\t\t\t\t\t\t\t<div class=\"elementor-icon-wrapper\">\n\t\t\t<div class=\"elementor-icon\">\n\t\t\t<i aria-hidden=\"true\" class=\"fas fa-route\"><\/i>\t\t\t<\/div>\n\t\t<\/div>\n\t\t\t\t\t\t<\/div>\n\t\t\t\t<\/div>\n\t\t\t\t<div class=\"elementor-element elementor-element-880892e elementor-widget elementor-widget-heading\" data-id=\"880892e\" data-element_type=\"widget\" data-e-type=\"widget\" data-widget_type=\"heading.default\">\n\t\t\t\t<div class=\"elementor-widget-container\">\n\t\t\t\t\t<p class=\"elementor-heading-title elementor-size-default\">Itin\u00e9raire pour les espaces spirituels de Pare Palau et l&#039;ermitage de Sant Joan de Carratal\u00e0<\/p>\t\t\t\t<\/div>\n\t\t\t\t<\/div>\n\t\t\t\t<div class=\"elementor-element elementor-element-480406e elementor-align-right elementor-widget elementor-widget-button\" data-id=\"480406e\" data-element_type=\"widget\" data-e-type=\"widget\" data-widget_type=\"button.default\">\n\t\t\t\t<div class=\"elementor-widget-container\">\n\t\t\t\t\t\t\t\t\t<div class=\"elementor-button-wrapper\">\n\t\t\t\t\t<a class=\"elementor-button elementor-button-link elementor-size-sm\" href=\"https:\/\/fruiturisme.info\/fr\/grand-pere-berceau-des-saints\/visite-guidee-des-espaces-spirituels-du-pere-palau-et-de-lermitage-de-san-juan-de-carratala-2\/\">\n\t\t\t\t\t\t<span class=\"elementor-button-content-wrapper\">\n\t\t\t\t\t\t<span class=\"elementor-button-icon\">\n\t\t\t\t<i aria-hidden=\"true\" class=\"fas fa-arrow-alt-circle-right\"><\/i>\t\t\t<\/span>\n\t\t\t\t\t\t\t\t\t<span class=\"elementor-button-text\">Voir l&#039;itin\u00e9raire<\/span>\n\t\t\t\t\t<\/span>\n\t\t\t\t\t<\/a>\n\t\t\t\t<\/div>\n\t\t\t\t\t\t\t\t<\/div>\n\t\t\t\t<\/div>\n\t\t\t\t<\/div>\n\t\t<div class=\"elementor-element elementor-element-a730bfd e-con-full e-flex e-con e-child\" data-id=\"a730bfd\" data-element_type=\"container\" data-e-type=\"container\" data-settings=\"{&quot;background_background&quot;:&quot;classic&quot;}\">\n\t\t\t\t<div class=\"elementor-element elementor-element-ee88c0d elementor-view-default elementor-widget elementor-widget-icon\" data-id=\"ee88c0d\" data-element_type=\"widget\" data-e-type=\"widget\" data-widget_type=\"icon.default\">\n\t\t\t\t<div class=\"elementor-widget-container\">\n\t\t\t\t\t\t\t<div class=\"elementor-icon-wrapper\">\n\t\t\t<div class=\"elementor-icon\">\n\t\t\t<i aria-hidden=\"true\" class=\"fas fa-route\"><\/i>\t\t\t<\/div>\n\t\t<\/div>\n\t\t\t\t\t\t<\/div>\n\t\t\t\t<\/div>\n\t\t\t\t<div class=\"elementor-element elementor-element-f61ad56 elementor-widget elementor-widget-heading\" data-id=\"f61ad56\" data-element_type=\"widget\" data-e-type=\"widget\" data-widget_type=\"heading.default\">\n\t\t\t\t<div class=\"elementor-widget-container\">\n\t\t\t\t\t<p class=\"elementor-heading-title elementor-size-default\">Route par Aitona, Bressol de Sants<\/p>\t\t\t\t<\/div>\n\t\t\t\t<\/div>\n\t\t\t\t<div class=\"elementor-element elementor-element-ac77316 elementor-align-right elementor-widget elementor-widget-button\" data-id=\"ac77316\" data-element_type=\"widget\" data-e-type=\"widget\" data-widget_type=\"button.default\">\n\t\t\t\t<div class=\"elementor-widget-container\">\n\t\t\t\t\t\t\t\t\t<div class=\"elementor-button-wrapper\">\n\t\t\t\t\t<a class=\"elementor-button elementor-button-link elementor-size-sm\" href=\"https:\/\/fruiturisme.info\/fr\/grand-pere-berceau-des-saints\/visite-guidee-daitona-berceau-des-saints-3\/\">\n\t\t\t\t\t\t<span class=\"elementor-button-content-wrapper\">\n\t\t\t\t\t\t<span class=\"elementor-button-icon\">\n\t\t\t\t<i aria-hidden=\"true\" class=\"fas fa-arrow-alt-circle-right\"><\/i>\t\t\t<\/span>\n\t\t\t\t\t\t\t\t\t<span class=\"elementor-button-text\">Voir l&#039;itin\u00e9raire<\/span>\n\t\t\t\t\t<\/span>\n\t\t\t\t\t<\/a>\n\t\t\t\t<\/div>\n\t\t\t\t\t\t\t\t<\/div>\n\t\t\t\t<\/div>\n\t\t\t\t<\/div>\n\t\t\t\t<\/div>\n\t\t<div class=\"elementor-element elementor-element-e8176fc e-flex e-con-boxed e-con e-parent\" data-id=\"e8176fc\" data-element_type=\"container\" data-e-type=\"container\">\n\t\t\t\t\t<div class=\"e-con-inner\">\n\t\t\t\t<div class=\"elementor-element elementor-element-4c056ce elementor-widget elementor-widget-heading\" data-id=\"4c056ce\" data-element_type=\"widget\" data-e-type=\"widget\" data-widget_type=\"heading.default\">\n\t\t\t\t<div class=\"elementor-widget-container\">\n\t\t\t\t\t<p class=\"elementor-heading-title elementor-size-default\">Avez-vous des questions ?<\/p>\t\t\t\t<\/div>\n\t\t\t\t<\/div>\n\t\t\t\t<div class=\"elementor-element elementor-element-75d5460 elementor-align-center elementor-widget elementor-widget-button\" data-id=\"75d5460\" data-element_type=\"widget\" data-e-type=\"widget\" data-widget_type=\"button.default\">\n\t\t\t\t<div class=\"elementor-widget-container\">\n\t\t\t\t\t\t\t\t\t<div class=\"elementor-button-wrapper\">\n\t\t\t\t\t<a class=\"elementor-button elementor-button-link elementor-size-sm\" href=\"https:\/\/fruiturisme.info\/fr\/contact\/\">\n\t\t\t\t\t\t<span class=\"elementor-button-content-wrapper\">\n\t\t\t\t\t\t<span class=\"elementor-button-icon\">\n\t\t\t\t<i aria-hidden=\"true\" class=\"fas fa-envelope\"><\/i>\t\t\t<\/span>\n\t\t\t\t\t\t\t\t\t<span class=\"elementor-button-text\">Contactez-nous<\/span>\n\t\t\t\t\t<\/span>\n\t\t\t\t\t<\/a>\n\t\t\t\t<\/div>\n\t\t\t\t\t\t\t\t<\/div>\n\t\t\t\t<\/div>\n\t\t\t\t\t<\/div>\n\t\t\t\t<\/div>\n\t\t\t\t<\/div>","protected":false},"excerpt":{"rendered":"<p>FRUITURISME Aitona,cuna de santos Aitona es un municipio con una extensa trayectoria relacionada con la espiritualidad y el hecho religioso. No en vano nuestras calles vieron nacer figuras religiosas tan conocidas como Santa Teresa de Jes\u00fas Jornet y los beatos Francesc Palau i Josep Cam\u00ed. Y hay pocos pueblos que puedan acreditar dos beatos y [&hellip;]<\/p>","protected":false},"author":5,"featured_media":0,"parent":0,"menu_order":0,"comment_status":"closed","ping_status":"closed","template":"elementor_header_footer","meta":{"inline_featured_image":false,"footnotes":""},"class_list":["post-35494","page","type-page","status-publish","hentry"],"_links":{"self":[{"href":"https:\/\/fruiturisme.info\/fr\/wp-json\/wp\/v2\/pages\/35494","targetHints":{"allow":["GET"]}}],"collection":[{"href":"https:\/\/fruiturisme.info\/fr\/wp-json\/wp\/v2\/pages"}],"about":[{"href":"https:\/\/fruiturisme.info\/fr\/wp-json\/wp\/v2\/types\/page"}],"author":[{"embeddable":true,"href":"https:\/\/fruiturisme.info\/fr\/wp-json\/wp\/v2\/users\/5"}],"replies":[{"embeddable":true,"href":"https:\/\/fruiturisme.info\/fr\/wp-json\/wp\/v2\/comments?post=35494"}],"version-history":[{"count":41,"href":"https:\/\/fruiturisme.info\/fr\/wp-json\/wp\/v2\/pages\/35494\/revisions"}],"predecessor-version":[{"id":36251,"href":"https:\/\/fruiturisme.info\/fr\/wp-json\/wp\/v2\/pages\/35494\/revisions\/36251"}],"wp:attachment":[{"href":"https:\/\/fruiturisme.info\/fr\/wp-json\/wp\/v2\/media?parent=35494"}],"curies":[{"name":"wp","href":"https:\/\/api.w.org\/{rel}","templated":true}]}}