{"id":9728,"date":"2022-06-08T10:13:36","date_gmt":"2022-06-08T08:13:36","guid":{"rendered":"https:\/\/fruiturisme.info\/?page_id=9728"},"modified":"2026-03-02T13:47:16","modified_gmt":"2026-03-02T12:47:16","slug":"ruta-guiada-por-aitona-cuna-de-santos","status":"publish","type":"page","link":"https:\/\/fruiturisme.info\/es\/ruta-guiada-por-aitona-cuna-de-santos\/","title":{"rendered":"Ruta por Aitona, cuna de santos"},"content":{"rendered":"\t\t<div data-elementor-type=\"wp-page\" data-elementor-id=\"9728\" class=\"elementor elementor-9728\" data-elementor-post-type=\"page\">\n\t\t\t\t<div class=\"elementor-element elementor-element-46f3f73 e-flex e-con-boxed e-con e-parent\" data-id=\"46f3f73\" data-element_type=\"container\" data-e-type=\"container\">\n\t\t\t\t\t<div class=\"e-con-inner\">\n\t\t<div class=\"elementor-element elementor-element-1a7d030 e-grid e-con-full e-con e-child\" data-id=\"1a7d030\" data-element_type=\"container\" data-e-type=\"container\">\n\t\t<div class=\"elementor-element elementor-element-e599d56 e-con-full e-flex e-con e-child\" data-id=\"e599d56\" data-element_type=\"container\" data-e-type=\"container\">\n\t\t\t\t<div class=\"elementor-element elementor-element-abc59a3 elementor-widget elementor-widget-heading\" data-id=\"abc59a3\" data-element_type=\"widget\" data-e-type=\"widget\" data-widget_type=\"heading.default\">\n\t\t\t\t<div class=\"elementor-widget-container\">\n\t\t\t\t\t<h2 class=\"elementor-heading-title elementor-size-default\">FRUITURISME<\/h2>\t\t\t\t<\/div>\n\t\t\t\t<\/div>\n\t\t\t\t<div class=\"elementor-element elementor-element-01c3267 elementor-widget elementor-widget-heading\" data-id=\"01c3267\" data-element_type=\"widget\" data-e-type=\"widget\" data-widget_type=\"heading.default\">\n\t\t\t\t<div class=\"elementor-widget-container\">\n\t\t\t\t\t<h1 class=\"elementor-heading-title elementor-size-default\">Ruta por Aitona, cuna de santos<\/h1>\t\t\t\t<\/div>\n\t\t\t\t<\/div>\n\t\t\t\t<div class=\"elementor-element elementor-element-70d6bfc elementor-widget-divider--view-line elementor-widget elementor-widget-divider\" data-id=\"70d6bfc\" data-element_type=\"widget\" data-e-type=\"widget\" data-widget_type=\"divider.default\">\n\t\t\t\t<div class=\"elementor-widget-container\">\n\t\t\t\t\t\t\t<div class=\"elementor-divider\">\n\t\t\t<span class=\"elementor-divider-separator\">\n\t\t\t\t\t\t<\/span>\n\t\t<\/div>\n\t\t\t\t\t\t<\/div>\n\t\t\t\t<\/div>\n\t\t\t\t<\/div>\n\t\t<div class=\"elementor-element elementor-element-e38c525 e-con-full e-flex e-con e-child\" data-id=\"e38c525\" data-element_type=\"container\" data-e-type=\"container\">\n\t\t\t\t<div class=\"elementor-element elementor-element-cf63e19 elementor-widget elementor-widget-image\" data-id=\"cf63e19\" data-element_type=\"widget\" data-e-type=\"widget\" data-widget_type=\"image.default\">\n\t\t\t\t<div class=\"elementor-widget-container\">\n\t\t\t\t\t\t\t\t\t\t\t\t\t\t\t<img fetchpriority=\"high\" decoding=\"async\" width=\"457\" height=\"457\" src=\"https:\/\/fruiturisme.info\/wp-content\/uploads\/Cuna-de-santos-1.webp\" class=\"attachment-large size-large wp-image-35534\" alt=\"Cuna de santos 1\" srcset=\"https:\/\/fruiturisme.info\/wp-content\/uploads\/Cuna-de-santos-1.webp 457w, https:\/\/fruiturisme.info\/wp-content\/uploads\/Cuna-de-santos-1-352x352.webp 352w, https:\/\/fruiturisme.info\/wp-content\/uploads\/Cuna-de-santos-1-160x160.webp 160w, https:\/\/fruiturisme.info\/wp-content\/uploads\/Cuna-de-santos-1-300x300.webp 300w, https:\/\/fruiturisme.info\/wp-content\/uploads\/Cuna-de-santos-1-100x100.webp 100w\" sizes=\"(max-width: 457px) 100vw, 457px\" \/>\t\t\t\t\t\t\t\t\t\t\t\t\t\t\t<\/div>\n\t\t\t\t<\/div>\n\t\t\t\t<\/div>\n\t\t\t\t<\/div>\n\t\t\t\t\t<\/div>\n\t\t\t\t<\/div>\n\t\t<div class=\"elementor-element elementor-element-2aa99af e-flex e-con-boxed e-con e-parent\" data-id=\"2aa99af\" data-element_type=\"container\" data-e-type=\"container\">\n\t\t\t\t\t<div class=\"e-con-inner\">\n\t\t<div class=\"elementor-element elementor-element-6cc22cb e-grid e-con-full e-con e-child\" data-id=\"6cc22cb\" data-element_type=\"container\" data-e-type=\"container\">\n\t\t<div class=\"elementor-element elementor-element-7ba84d6 e-con-full e-flex e-con e-child\" data-id=\"7ba84d6\" data-element_type=\"container\" data-e-type=\"container\">\n\t\t\t\t<div class=\"elementor-element elementor-element-a26efce elementor-widget elementor-widget-heading\" data-id=\"a26efce\" data-element_type=\"widget\" data-e-type=\"widget\" data-widget_type=\"heading.default\">\n\t\t\t\t<div class=\"elementor-widget-container\">\n\t\t\t\t\t<h2 class=\"elementor-heading-title elementor-size-default\">Programa de la ruta<\/h2>\t\t\t\t<\/div>\n\t\t\t\t<\/div>\n\t\t\t\t<div class=\"elementor-element elementor-element-99f5e6a elementor-widget elementor-widget-heading\" data-id=\"99f5e6a\" data-element_type=\"widget\" data-e-type=\"widget\" data-widget_type=\"heading.default\">\n\t\t\t\t<div class=\"elementor-widget-container\">\n\t\t\t\t\t<h2 class=\"elementor-heading-title elementor-size-default\">Ma\u00f1ana<\/h2>\t\t\t\t<\/div>\n\t\t\t\t<\/div>\n\t\t\t\t<div class=\"elementor-element elementor-element-8f057ab elementor-icon-list--layout-traditional elementor-list-item-link-full_width elementor-widget elementor-widget-icon-list\" data-id=\"8f057ab\" data-element_type=\"widget\" data-e-type=\"widget\" data-widget_type=\"icon-list.default\">\n\t\t\t\t<div class=\"elementor-widget-container\">\n\t\t\t\t\t\t\t<ul class=\"elementor-icon-list-items\">\n\t\t\t\t\t\t\t<li class=\"elementor-icon-list-item\">\n\t\t\t\t\t\t\t\t\t\t\t<span class=\"elementor-icon-list-icon\">\n\t\t\t\t\t\t\t<i aria-hidden=\"true\" class=\"fas fa-map-marker-alt\"><\/i>\t\t\t\t\t\t<\/span>\n\t\t\t\t\t\t\t\t\t\t<span class=\"elementor-icon-list-text\">Casa Museo de la Congregaci\u00f3n (audiovisual de bienvenida)<\/span>\n\t\t\t\t\t\t\t\t\t<\/li>\n\t\t\t\t\t\t\t\t<li class=\"elementor-icon-list-item\">\n\t\t\t\t\t\t\t\t\t\t\t<span class=\"elementor-icon-list-icon\">\n\t\t\t\t\t\t\t<i aria-hidden=\"true\" class=\"fas fa-map-marker-alt\"><\/i>\t\t\t\t\t\t<\/span>\n\t\t\t\t\t\t\t\t\t\t<span class=\"elementor-icon-list-text\">Iglesia Parroquial de San Antol\u00ed<\/span>\n\t\t\t\t\t\t\t\t\t<\/li>\n\t\t\t\t\t\t\t\t<li class=\"elementor-icon-list-item\">\n\t\t\t\t\t\t\t\t\t\t\t<span class=\"elementor-icon-list-icon\">\n\t\t\t\t\t\t\t<i aria-hidden=\"true\" class=\"fas fa-map-marker-alt\"><\/i>\t\t\t\t\t\t<\/span>\n\t\t\t\t\t\t\t\t\t\t<span class=\"elementor-icon-list-text\">Casa Natal de Santa Teresa Jornet<\/span>\n\t\t\t\t\t\t\t\t\t<\/li>\n\t\t\t\t\t\t\t\t<li class=\"elementor-icon-list-item\">\n\t\t\t\t\t\t\t\t\t\t\t<span class=\"elementor-icon-list-icon\">\n\t\t\t\t\t\t\t<i aria-hidden=\"true\" class=\"fas fa-map-marker-alt\"><\/i>\t\t\t\t\t\t<\/span>\n\t\t\t\t\t\t\t\t\t\t<span class=\"elementor-icon-list-text\">Primera Casa-Asilo de Catalu\u00f1a<\/span>\n\t\t\t\t\t\t\t\t\t<\/li>\n\t\t\t\t\t\t\t\t<li class=\"elementor-icon-list-item\">\n\t\t\t\t\t\t\t\t\t\t\t<span class=\"elementor-icon-list-icon\">\n\t\t\t\t\t\t\t<i aria-hidden=\"true\" class=\"fas fa-map-marker-alt\"><\/i>\t\t\t\t\t\t<\/span>\n\t\t\t\t\t\t\t\t\t\t<span class=\"elementor-icon-list-text\">Casa Museo de la Congregaci\u00f3n (visita)<\/span>\n\t\t\t\t\t\t\t\t\t<\/li>\n\t\t\t\t\t\t<\/ul>\n\t\t\t\t\t\t<\/div>\n\t\t\t\t<\/div>\n\t\t\t\t<div class=\"elementor-element elementor-element-a14074a elementor-widget elementor-widget-heading\" data-id=\"a14074a\" data-element_type=\"widget\" data-e-type=\"widget\" data-widget_type=\"heading.default\">\n\t\t\t\t<div class=\"elementor-widget-container\">\n\t\t\t\t\t<h2 class=\"elementor-heading-title elementor-size-default\">Tarde<\/h2>\t\t\t\t<\/div>\n\t\t\t\t<\/div>\n\t\t\t\t<div class=\"elementor-element elementor-element-34e86d3 elementor-icon-list--layout-traditional elementor-list-item-link-full_width elementor-widget elementor-widget-icon-list\" data-id=\"34e86d3\" data-element_type=\"widget\" data-e-type=\"widget\" data-widget_type=\"icon-list.default\">\n\t\t\t\t<div class=\"elementor-widget-container\">\n\t\t\t\t\t\t\t<ul class=\"elementor-icon-list-items\">\n\t\t\t\t\t\t\t<li class=\"elementor-icon-list-item\">\n\t\t\t\t\t\t\t\t\t\t\t<span class=\"elementor-icon-list-icon\">\n\t\t\t\t\t\t\t<i aria-hidden=\"true\" class=\"fas fa-map-marker-alt\"><\/i>\t\t\t\t\t\t<\/span>\n\t\t\t\t\t\t\t\t\t\t<span class=\"elementor-icon-list-text\">Iglesia Parroquial de San Antol\u00ed<\/span>\n\t\t\t\t\t\t\t\t\t<\/li>\n\t\t\t\t\t\t\t\t<li class=\"elementor-icon-list-item\">\n\t\t\t\t\t\t\t\t\t\t\t<span class=\"elementor-icon-list-icon\">\n\t\t\t\t\t\t\t<i aria-hidden=\"true\" class=\"fas fa-map-marker-alt\"><\/i>\t\t\t\t\t\t<\/span>\n\t\t\t\t\t\t\t\t\t\t<span class=\"elementor-icon-list-text\">Casa Natal del Beato Francesc Palau<\/span>\n\t\t\t\t\t\t\t\t\t<\/li>\n\t\t\t\t\t\t\t\t<li class=\"elementor-icon-list-item\">\n\t\t\t\t\t\t\t\t\t\t\t<span class=\"elementor-icon-list-icon\">\n\t\t\t\t\t\t\t<i aria-hidden=\"true\" class=\"fas fa-map-marker-alt\"><\/i>\t\t\t\t\t\t<\/span>\n\t\t\t\t\t\t\t\t\t\t<span class=\"elementor-icon-list-text\">Cueva del Padre Palau<\/span>\n\t\t\t\t\t\t\t\t\t<\/li>\n\t\t\t\t\t\t\t\t<li class=\"elementor-icon-list-item\">\n\t\t\t\t\t\t\t\t\t\t\t<span class=\"elementor-icon-list-icon\">\n\t\t\t\t\t\t\t<i aria-hidden=\"true\" class=\"fas fa-map-marker-alt\"><\/i>\t\t\t\t\t\t<\/span>\n\t\t\t\t\t\t\t\t\t\t<span class=\"elementor-icon-list-text\">Ruta patrimonial de Carratal\u00e0: ermita de San Juan y mirador natural del paisaje del Baix Segre<\/span>\n\t\t\t\t\t\t\t\t\t<\/li>\n\t\t\t\t\t\t<\/ul>\n\t\t\t\t\t\t<\/div>\n\t\t\t\t<\/div>\n\t\t\t\t<div class=\"elementor-element elementor-element-a50d882 elementor-widget elementor-widget-heading\" data-id=\"a50d882\" data-element_type=\"widget\" data-e-type=\"widget\" data-widget_type=\"heading.default\">\n\t\t\t\t<div class=\"elementor-widget-container\">\n\t\t\t\t\t<h2 class=\"elementor-heading-title elementor-size-default\">Horarios de inicio<\/h2>\t\t\t\t<\/div>\n\t\t\t\t<\/div>\n\t\t\t\t<div class=\"elementor-element elementor-element-5ce707b elementor-icon-list--layout-traditional elementor-list-item-link-full_width elementor-widget elementor-widget-icon-list\" data-id=\"5ce707b\" data-element_type=\"widget\" data-e-type=\"widget\" data-widget_type=\"icon-list.default\">\n\t\t\t\t<div class=\"elementor-widget-container\">\n\t\t\t\t\t\t\t<ul class=\"elementor-icon-list-items\">\n\t\t\t\t\t\t\t<li class=\"elementor-icon-list-item\">\n\t\t\t\t\t\t\t\t\t\t\t<span class=\"elementor-icon-list-icon\">\n\t\t\t\t\t\t\t<i aria-hidden=\"true\" class=\"fas fa-clock\"><\/i>\t\t\t\t\t\t<\/span>\n\t\t\t\t\t\t\t\t\t\t<span class=\"elementor-icon-list-text\">Ma\u00f1ana: 10h - Tarde: 15:30h<\/span>\n\t\t\t\t\t\t\t\t\t<\/li>\n\t\t\t\t\t\t\t\t<li class=\"elementor-icon-list-item\">\n\t\t\t\t\t\t\t\t\t\t\t<span class=\"elementor-icon-list-icon\">\n\t\t\t\t\t\t\t<i aria-hidden=\"true\" class=\"fas fa-map-marker-alt\"><\/i>\t\t\t\t\t\t<\/span>\n\t\t\t\t\t\t\t\t\t\t<span class=\"elementor-icon-list-text\">Salida: Plaza del polideportivo de Aitona<\/span>\n\t\t\t\t\t\t\t\t\t<\/li>\n\t\t\t\t\t\t\t\t<li class=\"elementor-icon-list-item\">\n\t\t\t\t\t\t\t\t\t\t\t<span class=\"elementor-icon-list-icon\">\n\t\t\t\t\t\t\t<i aria-hidden=\"true\" class=\"fas fa-users\"><\/i>\t\t\t\t\t\t<\/span>\n\t\t\t\t\t\t\t\t\t\t<span class=\"elementor-icon-list-text\">Santa Teresa: m\u00e1ximo 12 personas<\/span>\n\t\t\t\t\t\t\t\t\t<\/li>\n\t\t\t\t\t\t\t\t<li class=\"elementor-icon-list-item\">\n\t\t\t\t\t\t\t\t\t\t\t<span class=\"elementor-icon-list-icon\">\n\t\t\t\t\t\t\t<i aria-hidden=\"true\" class=\"fas fa-users\"><\/i>\t\t\t\t\t\t<\/span>\n\t\t\t\t\t\t\t\t\t\t<span class=\"elementor-icon-list-text\">Padre Palau: m\u00e1ximo 20 personas<\/span>\n\t\t\t\t\t\t\t\t\t<\/li>\n\t\t\t\t\t\t<\/ul>\n\t\t\t\t\t\t<\/div>\n\t\t\t\t<\/div>\n\t\t\t\t<div class=\"elementor-element elementor-element-1a00b34 elementor-widget elementor-widget-heading\" data-id=\"1a00b34\" data-element_type=\"widget\" data-e-type=\"widget\" data-widget_type=\"heading.default\">\n\t\t\t\t<div class=\"elementor-widget-container\">\n\t\t\t\t\t<h2 class=\"elementor-heading-title elementor-size-default\">Reservas<\/h2>\t\t\t\t<\/div>\n\t\t\t\t<\/div>\n\t\t\t\t<div class=\"elementor-element elementor-element-0417218 elementor-icon-list--layout-traditional elementor-list-item-link-full_width elementor-widget elementor-widget-icon-list\" data-id=\"0417218\" data-element_type=\"widget\" data-e-type=\"widget\" data-widget_type=\"icon-list.default\">\n\t\t\t\t<div class=\"elementor-widget-container\">\n\t\t\t\t\t\t\t<ul class=\"elementor-icon-list-items\">\n\t\t\t\t\t\t\t<li class=\"elementor-icon-list-item\">\n\t\t\t\t\t\t\t\t\t\t\t<a href=\"tel:973794040\">\n\n\t\t\t\t\t\t\t\t\t\t\t\t<span class=\"elementor-icon-list-icon\">\n\t\t\t\t\t\t\t<i aria-hidden=\"true\" class=\"fas fa-phone-square-alt\"><\/i>\t\t\t\t\t\t<\/span>\n\t\t\t\t\t\t\t\t\t\t<span class=\"elementor-icon-list-text\">973 794 040<\/span>\n\t\t\t\t\t\t\t\t\t\t\t<\/a>\n\t\t\t\t\t\t\t\t\t<\/li>\n\t\t\t\t\t\t\t\t<li class=\"elementor-icon-list-item\">\n\t\t\t\t\t\t\t\t\t\t\t<a href=\"tel:649948657\">\n\n\t\t\t\t\t\t\t\t\t\t\t\t<span class=\"elementor-icon-list-icon\">\n\t\t\t\t\t\t\t<i aria-hidden=\"true\" class=\"fas fa-phone-square-alt\"><\/i>\t\t\t\t\t\t<\/span>\n\t\t\t\t\t\t\t\t\t\t<span class=\"elementor-icon-list-text\">649 948 657<\/span>\n\t\t\t\t\t\t\t\t\t\t\t<\/a>\n\t\t\t\t\t\t\t\t\t<\/li>\n\t\t\t\t\t\t<\/ul>\n\t\t\t\t\t\t<\/div>\n\t\t\t\t<\/div>\n\t\t\t\t<div class=\"elementor-element elementor-element-4a3b8d4 elementor-widget-divider--view-line elementor-widget elementor-widget-divider\" data-id=\"4a3b8d4\" data-element_type=\"widget\" data-e-type=\"widget\" data-widget_type=\"divider.default\">\n\t\t\t\t<div class=\"elementor-widget-container\">\n\t\t\t\t\t\t\t<div class=\"elementor-divider\">\n\t\t\t<span class=\"elementor-divider-separator\">\n\t\t\t\t\t\t<\/span>\n\t\t<\/div>\n\t\t\t\t\t\t<\/div>\n\t\t\t\t<\/div>\n\t\t\t\t<\/div>\n\t\t\t\t<div class=\"elementor-element elementor-element-4ca4da0 elementor-widget elementor-widget-image\" data-id=\"4ca4da0\" data-element_type=\"widget\" data-e-type=\"widget\" data-widget_type=\"image.default\">\n\t\t\t\t<div class=\"elementor-widget-container\">\n\t\t\t\t\t\t\t\t\t\t\t\t\t\t\t<img decoding=\"async\" width=\"672\" height=\"504\" src=\"https:\/\/fruiturisme.info\/wp-content\/uploads\/fruiturisme-ddelval.jpg\" class=\"attachment-large size-large wp-image-36019\" alt=\"\" srcset=\"https:\/\/fruiturisme.info\/wp-content\/uploads\/fruiturisme-ddelval.jpg 672w, https:\/\/fruiturisme.info\/wp-content\/uploads\/fruiturisme-ddelval-352x264.jpg 352w, https:\/\/fruiturisme.info\/wp-content\/uploads\/fruiturisme-ddelval-16x12.jpg 16w\" sizes=\"(max-width: 672px) 100vw, 672px\" \/>\t\t\t\t\t\t\t\t\t\t\t\t\t\t\t<\/div>\n\t\t\t\t<\/div>\n\t\t\t\t<\/div>\n\t\t\t\t\t<\/div>\n\t\t\t\t<\/div>\n\t\t<div class=\"elementor-element elementor-element-24b2316 e-flex e-con-boxed e-con e-parent\" data-id=\"24b2316\" data-element_type=\"container\" data-e-type=\"container\" data-settings=\"{&quot;background_background&quot;:&quot;classic&quot;}\">\n\t\t\t\t\t<div class=\"e-con-inner\">\n\t\t\t\t<div class=\"elementor-element elementor-element-bff0851 elementor-widget elementor-widget-heading\" data-id=\"bff0851\" data-element_type=\"widget\" data-e-type=\"widget\" data-widget_type=\"heading.default\">\n\t\t\t\t<div class=\"elementor-widget-container\">\n\t\t\t\t\t<h2 class=\"elementor-heading-title elementor-size-default\">Puntos de inter\u00e9s principales<\/h2>\t\t\t\t<\/div>\n\t\t\t\t<\/div>\n\t\t<div class=\"elementor-element elementor-element-e739586 e-grid e-con-full e-con e-child\" data-id=\"e739586\" data-element_type=\"container\" data-e-type=\"container\">\n\t\t\t\t<div class=\"elementor-element elementor-element-1f752e7 premium-flip-style-push elementor-widget elementor-widget-premium-addon-flip-box\" data-id=\"1f752e7\" data-element_type=\"widget\" data-e-type=\"widget\" data-widget_type=\"premium-addon-flip-box.default\">\n\t\t\t\t<div class=\"elementor-widget-container\">\n\t\t\t\t\t\n\t<div class=\"premium-flip-main-box\">\n\t\t<div class=\"premium-flip-front premium-flip-frontbt\">\n\t\t\t<div class=\"premium-flip-front-overlay\">\n\t\t\t\t<div class=\"premium-flip-front-content-container\">\n\t\t\t\t\t<div class=\"premium-flip-text-wrapper\">\n\t\t\t\t\t\t\t\t\t\t\t\t\t\t\t\t\t\t\t\n\t\t\t\t\t\t\t\t\t\t\t\t\t<h3 class=\"premium-flip-front-title\">\n\t\t\t\t\t\t\t\tIglesia de San Antol\u00ed\t\t\t\t\t\t\t<\/h3>\n\t\t\t\t\t\t\n\t\t\t\t\t\t\t\t\t\t\t<\/div>\n\t\t\t\t<\/div>\n\t\t\t<\/div>\n\t\t<\/div>\n\n\t\t<div class=\"premium-flip-back premium-flip-backbt\">\n\t\t\t<div class=\"premium-flip-back-overlay\">\n\t\t\t\t<div class=\"premium-flip-back-content-container\">\n\t\t\t\t\t\n\t\t\t\t\t<div class=\"premium-flip-back-text-wrapper\">\n\n\t\t\t\t\t\t\t\t\t\t\t\t\t\t\t\t\t\t\t\n\t\t\t\t\t\t\t\t\t\t\t\t\t<h3 class=\"premium-flip-back-title\">\n\t\t\t\t\t\t\t\tIglesia de San Antol\u00ed\t\t\t\t\t\t\t<\/h3>\n\t\t\t\t\t\t\n\t\t\t\t\t\t\t\t\t\t\t\t\t<span class=\"premium-flip-back-description\">\n\t\t\t\t\t\t\t\t<p>De estilo barroco, hay quien la considera la catedral del Baix Segre porque es de dimensiones poco habituales para un pueblo de poco m\u00e1s de dos mil habitantes.<\/p>\t\t\t\t\t\t\t<\/span>\n\t\t\t\t\t\t\n\t\t\t\t\t\t\t\t\t\t\t<\/div>\n\t\t\t\t<\/div>\n\t\t\t<\/div>\n\t\t<\/div>\n\t<\/div>\n\n\t\t\t\t\t\t<\/div>\n\t\t\t\t<\/div>\n\t\t\t\t<div class=\"elementor-element elementor-element-c542ec6 premium-flip-style-push elementor-widget elementor-widget-premium-addon-flip-box\" data-id=\"c542ec6\" data-element_type=\"widget\" data-e-type=\"widget\" data-widget_type=\"premium-addon-flip-box.default\">\n\t\t\t\t<div class=\"elementor-widget-container\">\n\t\t\t\t\t\n\t<div class=\"premium-flip-main-box\">\n\t\t<div class=\"premium-flip-front premium-flip-frontbt\">\n\t\t\t<div class=\"premium-flip-front-overlay\">\n\t\t\t\t<div class=\"premium-flip-front-content-container\">\n\t\t\t\t\t<div class=\"premium-flip-text-wrapper\">\n\t\t\t\t\t\t\t\t\t\t\t\t\t\t\t\t\t\t\t\n\t\t\t\t\t\t\t\t\t\t\t\t\t<h3 class=\"premium-flip-front-title\">\n\t\t\t\t\t\t\t\tCasa natal de Teresa Jornet\t\t\t\t\t\t\t<\/h3>\n\t\t\t\t\t\t\n\t\t\t\t\t\t\t\t\t\t\t<\/div>\n\t\t\t\t<\/div>\n\t\t\t<\/div>\n\t\t<\/div>\n\n\t\t<div class=\"premium-flip-back premium-flip-backbt\">\n\t\t\t<div class=\"premium-flip-back-overlay\">\n\t\t\t\t<div class=\"premium-flip-back-content-container\">\n\t\t\t\t\t\n\t\t\t\t\t<div class=\"premium-flip-back-text-wrapper\">\n\n\t\t\t\t\t\t\t\t\t\t\t\t\t\t\t\t\t\t\t\n\t\t\t\t\t\t\t\t\t\t\t\t\t<h3 class=\"premium-flip-back-title\">\n\t\t\t\t\t\t\t\tCasa natal de Teresa Jornet\t\t\t\t\t\t\t<\/h3>\n\t\t\t\t\t\t\n\t\t\t\t\t\t\t\t\t\t\t\t\t<span class=\"premium-flip-back-description\">\n\t\t\t\t\t\t\t\t<p>Es la original donde naci\u00f3, la cual han restaurado de arriba abajo y ahora es un peque\u00f1o museo donde se explica c\u00f3mo fue su vida y c\u00f3mo era el mundo rural cuando ella viv\u00eda en Aitona<\/p>\t\t\t\t\t\t\t<\/span>\n\t\t\t\t\t\t\n\t\t\t\t\t\t\t\t\t\t\t<\/div>\n\t\t\t\t<\/div>\n\t\t\t<\/div>\n\t\t<\/div>\n\t<\/div>\n\n\t\t\t\t\t\t<\/div>\n\t\t\t\t<\/div>\n\t\t\t\t<div class=\"elementor-element elementor-element-4dc5e19 premium-flip-style-push elementor-widget elementor-widget-premium-addon-flip-box\" data-id=\"4dc5e19\" data-element_type=\"widget\" data-e-type=\"widget\" data-widget_type=\"premium-addon-flip-box.default\">\n\t\t\t\t<div class=\"elementor-widget-container\">\n\t\t\t\t\t\n\t<div class=\"premium-flip-main-box\">\n\t\t<div class=\"premium-flip-front premium-flip-frontbt\">\n\t\t\t<div class=\"premium-flip-front-overlay\">\n\t\t\t\t<div class=\"premium-flip-front-content-container\">\n\t\t\t\t\t<div class=\"premium-flip-text-wrapper\">\n\t\t\t\t\t\t\t\t\t\t\t\t\t\t\t\t\t\t\t\n\t\t\t\t\t\t\t\t\t\t\t\t\t<h3 class=\"premium-flip-front-title\">\n\t\t\t\t\t\t\t\tPrimera casa asilo de Catalu\u00f1a\t\t\t\t\t\t\t<\/h3>\n\t\t\t\t\t\t\n\t\t\t\t\t\t\t\t\t\t\t<\/div>\n\t\t\t\t<\/div>\n\t\t\t<\/div>\n\t\t<\/div>\n\n\t\t<div class=\"premium-flip-back premium-flip-backbt\">\n\t\t\t<div class=\"premium-flip-back-overlay\">\n\t\t\t\t<div class=\"premium-flip-back-content-container\">\n\t\t\t\t\t\n\t\t\t\t\t<div class=\"premium-flip-back-text-wrapper\">\n\n\t\t\t\t\t\t\t\t\t\t\t\t\t\t\t\t\t\t\t\n\t\t\t\t\t\t\t\t\t\t\t\t\t<h3 class=\"premium-flip-back-title\">\n\t\t\t\t\t\t\t\tPrimera casa asilo de Catalu\u00f1a\t\t\t\t\t\t\t<\/h3>\n\t\t\t\t\t\t\n\t\t\t\t\t\t\t\t\t\t\t\t\t<span class=\"premium-flip-back-description\">\n\t\t\t\t\t\t\t\t<p>Antigua casa donde las hermanitas cuidaban a ancianos. Derribaron una parte y restauraron el resto como casa museo, con elementos originales de cuando era un asilo. El espacio que hab\u00eda sido la capilla se llen\u00f3 con una obra de arte a partir de frases originales de la santa<\/p>\t\t\t\t\t\t\t<\/span>\n\t\t\t\t\t\t\n\t\t\t\t\t\t\t\t\t\t\t<\/div>\n\t\t\t\t<\/div>\n\t\t\t<\/div>\n\t\t<\/div>\n\t<\/div>\n\n\t\t\t\t\t\t<\/div>\n\t\t\t\t<\/div>\n\t\t\t\t<div class=\"elementor-element elementor-element-c5f718a premium-flip-style-push elementor-widget elementor-widget-premium-addon-flip-box\" data-id=\"c5f718a\" data-element_type=\"widget\" data-e-type=\"widget\" data-widget_type=\"premium-addon-flip-box.default\">\n\t\t\t\t<div class=\"elementor-widget-container\">\n\t\t\t\t\t\n\t<div class=\"premium-flip-main-box\">\n\t\t<div class=\"premium-flip-front premium-flip-frontbt\">\n\t\t\t<div class=\"premium-flip-front-overlay\">\n\t\t\t\t<div class=\"premium-flip-front-content-container\">\n\t\t\t\t\t<div class=\"premium-flip-text-wrapper\">\n\t\t\t\t\t\t\t\t\t\t\t\t\t\t\t\t\t\t\t\n\t\t\t\t\t\t\t\t\t\t\t\t\t<h3 class=\"premium-flip-front-title\">\n\t\t\t\t\t\t\t\tCueva del Padre Palau\t\t\t\t\t\t\t<\/h3>\n\t\t\t\t\t\t\n\t\t\t\t\t\t\t\t\t\t\t<\/div>\n\t\t\t\t<\/div>\n\t\t\t<\/div>\n\t\t<\/div>\n\n\t\t<div class=\"premium-flip-back premium-flip-backbt\">\n\t\t\t<div class=\"premium-flip-back-overlay\">\n\t\t\t\t<div class=\"premium-flip-back-content-container\">\n\t\t\t\t\t\n\t\t\t\t\t<div class=\"premium-flip-back-text-wrapper\">\n\n\t\t\t\t\t\t\t\t\t\t\t\t\t\t\t\t\t\t\t\n\t\t\t\t\t\t\t\t\t\t\t\t\t<h3 class=\"premium-flip-back-title\">\n\t\t\t\t\t\t\t\tCueva del Padre Palau\t\t\t\t\t\t\t<\/h3>\n\t\t\t\t\t\t\n\t\t\t\t\t\t\t\t\t\t\t\t\t<span class=\"premium-flip-back-description\">\n\t\t\t\t\t\t\t\t<p>Situada en las afueras del pueblo, es la cueva donde el beato se retiraba para vivir como un ermita\u00f1o y encontrar la paz interior. A su alrededor se ha urbanizado un altar, un parque, una casa con diez celdas para realizar retiros espirituales, un oratorio y una sala polivalente<\/p>\t\t\t\t\t\t\t<\/span>\n\t\t\t\t\t\t\n\t\t\t\t\t\t\t\t\t\t\t<\/div>\n\t\t\t\t<\/div>\n\t\t\t<\/div>\n\t\t<\/div>\n\t<\/div>\n\n\t\t\t\t\t\t<\/div>\n\t\t\t\t<\/div>\n\t\t\t\t<div class=\"elementor-element elementor-element-3e98c56 premium-flip-style-push elementor-widget elementor-widget-premium-addon-flip-box\" data-id=\"3e98c56\" data-element_type=\"widget\" data-e-type=\"widget\" data-widget_type=\"premium-addon-flip-box.default\">\n\t\t\t\t<div class=\"elementor-widget-container\">\n\t\t\t\t\t\n\t<div class=\"premium-flip-main-box\">\n\t\t<div class=\"premium-flip-front premium-flip-frontbt\">\n\t\t\t<div class=\"premium-flip-front-overlay\">\n\t\t\t\t<div class=\"premium-flip-front-content-container\">\n\t\t\t\t\t<div class=\"premium-flip-text-wrapper\">\n\t\t\t\t\t\t\t\t\t\t\t\t\t\t\t\t\t\t\t\n\t\t\t\t\t\t\t\t\t\t\t\t\t<h3 class=\"premium-flip-front-title\">\n\t\t\t\t\t\t\t\tCasa Natal del Padre Palau\t\t\t\t\t\t\t<\/h3>\n\t\t\t\t\t\t\n\t\t\t\t\t\t\t\t\t\t\t<\/div>\n\t\t\t\t<\/div>\n\t\t\t<\/div>\n\t\t<\/div>\n\n\t\t<div class=\"premium-flip-back premium-flip-backbt\">\n\t\t\t<div class=\"premium-flip-back-overlay\">\n\t\t\t\t<div class=\"premium-flip-back-content-container\">\n\t\t\t\t\t\n\t\t\t\t\t<div class=\"premium-flip-back-text-wrapper\">\n\n\t\t\t\t\t\t\t\t\t\t\t\t\t\t\t\t\t\t\t\n\t\t\t\t\t\t\t\t\t\t\t\t\t<h3 class=\"premium-flip-back-title\">\n\t\t\t\t\t\t\t\tCasa Natal del Padre Palau\t\t\t\t\t\t\t<\/h3>\n\t\t\t\t\t\t\n\t\t\t\t\t\t\t\t\t\t\t\t\t<span class=\"premium-flip-back-description\">\n\t\t\t\t\t\t\t\t<p>Se conservan objetos originales que pertenecieron o son obra del beato, as\u00ed como elementos de la familia. En la fachada hay un escudo de piedra que representa a la congregaci\u00f3n<\/p>\t\t\t\t\t\t\t<\/span>\n\t\t\t\t\t\t\n\t\t\t\t\t\t\t\t\t\t\t<\/div>\n\t\t\t\t<\/div>\n\t\t\t<\/div>\n\t\t<\/div>\n\t<\/div>\n\n\t\t\t\t\t\t<\/div>\n\t\t\t\t<\/div>\n\t\t\t\t<div class=\"elementor-element elementor-element-6af244a premium-flip-style-push elementor-widget elementor-widget-premium-addon-flip-box\" data-id=\"6af244a\" data-element_type=\"widget\" data-e-type=\"widget\" data-widget_type=\"premium-addon-flip-box.default\">\n\t\t\t\t<div class=\"elementor-widget-container\">\n\t\t\t\t\t\n\t<div class=\"premium-flip-main-box\">\n\t\t<div class=\"premium-flip-front premium-flip-frontbt\">\n\t\t\t<div class=\"premium-flip-front-overlay\">\n\t\t\t\t<div class=\"premium-flip-front-content-container\">\n\t\t\t\t\t<div class=\"premium-flip-text-wrapper\">\n\t\t\t\t\t\t\t\t\t\t\t\t\t\t\t\t\t\t\t\n\t\t\t\t\t\t\t\t\t\t\t\t\t<h3 class=\"premium-flip-front-title\">\n\t\t\t\t\t\t\t\tMirador de San Joan de Carratal\u00e0\t\t\t\t\t\t\t<\/h3>\n\t\t\t\t\t\t\n\t\t\t\t\t\t\t\t\t\t\t<\/div>\n\t\t\t\t<\/div>\n\t\t\t<\/div>\n\t\t<\/div>\n\n\t\t<div class=\"premium-flip-back premium-flip-backbt\">\n\t\t\t<div class=\"premium-flip-back-overlay\">\n\t\t\t\t<div class=\"premium-flip-back-content-container\">\n\t\t\t\t\t\n\t\t\t\t\t<div class=\"premium-flip-back-text-wrapper\">\n\n\t\t\t\t\t\t\t\t\t\t\t\t\t\t\t\t\t\t\t\n\t\t\t\t\t\t\t\t\t\t\t\t\t<h3 class=\"premium-flip-back-title\">\n\t\t\t\t\t\t\t\tMirador de San Joan de Carratal\u00e0\t\t\t\t\t\t\t<\/h3>\n\t\t\t\t\t\t\n\t\t\t\t\t\t\t\t\t\t\t\t\t<span class=\"premium-flip-back-description\">\n\t\t\t\t\t\t\t\t<p>En lo alto de la colina que acoge la ermita de San Juan de Carratal\u00e0 se puede encontrar un espectacular mirador que permite vislumbrar unas fant\u00e1sticas vistas panor\u00e1micas del valle de Segre y es especialmente atractivo durante la floraci\u00f3n de los melocotoneros y en oto\u00f1o, cuando se doran las hojas.<\/p>\t\t\t\t\t\t\t<\/span>\n\t\t\t\t\t\t\n\t\t\t\t\t\t\t\t\t\t\t<\/div>\n\t\t\t\t<\/div>\n\t\t\t<\/div>\n\t\t<\/div>\n\t<\/div>\n\n\t\t\t\t\t\t<\/div>\n\t\t\t\t<\/div>\n\t\t\t\t<div class=\"elementor-element elementor-element-2e5781a premium-flip-style-push elementor-widget elementor-widget-premium-addon-flip-box\" data-id=\"2e5781a\" data-element_type=\"widget\" data-e-type=\"widget\" data-widget_type=\"premium-addon-flip-box.default\">\n\t\t\t\t<div class=\"elementor-widget-container\">\n\t\t\t\t\t\n\t<div class=\"premium-flip-main-box\">\n\t\t<div class=\"premium-flip-front premium-flip-frontbt\">\n\t\t\t<div class=\"premium-flip-front-overlay\">\n\t\t\t\t<div class=\"premium-flip-front-content-container\">\n\t\t\t\t\t<div class=\"premium-flip-text-wrapper\">\n\t\t\t\t\t\t\t\t\t\t\t\t\t\t\t\t\t\t\t\n\t\t\t\t\t\t\t\t\t\t\t\t\t<h3 class=\"premium-flip-front-title\">\n\t\t\t\t\t\t\t\tSan Joan de Carratal\u00e0\t\t\t\t\t\t\t<\/h3>\n\t\t\t\t\t\t\n\t\t\t\t\t\t\t\t\t\t\t<\/div>\n\t\t\t\t<\/div>\n\t\t\t<\/div>\n\t\t<\/div>\n\n\t\t<div class=\"premium-flip-back premium-flip-backbt\">\n\t\t\t<div class=\"premium-flip-back-overlay\">\n\t\t\t\t<div class=\"premium-flip-back-content-container\">\n\t\t\t\t\t\n\t\t\t\t\t<div class=\"premium-flip-back-text-wrapper\">\n\n\t\t\t\t\t\t\t\t\t\t\t\t\t\t\t\t\t\t\t\n\t\t\t\t\t\t\t\t\t\t\t\t\t<h3 class=\"premium-flip-back-title\">\n\t\t\t\t\t\t\t\tSan Joan de Carratal\u00e0\t\t\t\t\t\t\t<\/h3>\n\t\t\t\t\t\t\n\t\t\t\t\t\t\t\t\t\t\t\t\t<span class=\"premium-flip-back-description\">\n\t\t\t\t\t\t\t\t<p>\u00a0<\/p><p>La ermita de San Joan de Carratal\u00e0, de \u00e9poca rom\u00e1nica y \u00e1bside semicircular, es una construcci\u00f3n de los hospitalarios. Se cree que fue construida sobre una antigua mezquita.<\/p>\t\t\t\t\t\t\t<\/span>\n\t\t\t\t\t\t\n\t\t\t\t\t\t\t\t\t\t\t<\/div>\n\t\t\t\t<\/div>\n\t\t\t<\/div>\n\t\t<\/div>\n\t<\/div>\n\n\t\t\t\t\t\t<\/div>\n\t\t\t\t<\/div>\n\t\t<div class=\"elementor-element elementor-element-0712493 e-con-full e-flex e-con e-child\" data-id=\"0712493\" data-element_type=\"container\" data-e-type=\"container\" data-settings=\"{&quot;background_background&quot;:&quot;classic&quot;}\">\n\t\t\t\t<div class=\"elementor-element elementor-element-cd0b41f elementor-widget elementor-widget-image\" data-id=\"cd0b41f\" data-element_type=\"widget\" data-e-type=\"widget\" data-widget_type=\"image.default\">\n\t\t\t\t<div class=\"elementor-widget-container\">\n\t\t\t\t\t\t\t\t\t\t\t\t\t\t\t<img decoding=\"async\" width=\"100\" height=\"100\" src=\"https:\/\/fruiturisme.info\/wp-content\/uploads\/logo-Fruiturisme-blanco.svg\" class=\"attachment-full size-full wp-image-35474\" alt=\"\" \/>\t\t\t\t\t\t\t\t\t\t\t\t\t\t\t<\/div>\n\t\t\t\t<\/div>\n\t\t\t\t<\/div>\n\t\t\t\t<\/div>\n\t\t\t\t\t<\/div>\n\t\t\t\t<\/div>\n\t\t<div class=\"elementor-element elementor-element-8179ce2 e-flex e-con-boxed e-con e-parent\" data-id=\"8179ce2\" data-element_type=\"container\" data-e-type=\"container\">\n\t\t\t\t\t<div class=\"e-con-inner\">\n\t\t\t\t<div class=\"elementor-element elementor-element-7d574b4 elementor-widget elementor-widget-heading\" data-id=\"7d574b4\" data-element_type=\"widget\" data-e-type=\"widget\" data-widget_type=\"heading.default\">\n\t\t\t\t<div class=\"elementor-widget-container\">\n\t\t\t\t\t<p class=\"elementor-heading-title elementor-size-default\">\u00bfTienes dudas?<\/p>\t\t\t\t<\/div>\n\t\t\t\t<\/div>\n\t\t\t\t<div class=\"elementor-element elementor-element-76476d1 elementor-align-center elementor-widget elementor-widget-button\" data-id=\"76476d1\" data-element_type=\"widget\" data-e-type=\"widget\" data-widget_type=\"button.default\">\n\t\t\t\t<div class=\"elementor-widget-container\">\n\t\t\t\t\t\t\t\t\t<div class=\"elementor-button-wrapper\">\n\t\t\t\t\t<a class=\"elementor-button elementor-button-link elementor-size-sm\" href=\"https:\/\/fruiturisme.info\/contacto\/\">\n\t\t\t\t\t\t<span class=\"elementor-button-content-wrapper\">\n\t\t\t\t\t\t<span class=\"elementor-button-icon\">\n\t\t\t\t<i aria-hidden=\"true\" class=\"fas fa-envelope\"><\/i>\t\t\t<\/span>\n\t\t\t\t\t\t\t\t\t<span class=\"elementor-button-text\">Cont\u00e1ctanos<\/span>\n\t\t\t\t\t<\/span>\n\t\t\t\t\t<\/a>\n\t\t\t\t<\/div>\n\t\t\t\t\t\t\t\t<\/div>\n\t\t\t\t<\/div>\n\t\t\t\t\t<\/div>\n\t\t\t\t<\/div>\n\t\t\t\t<\/div>\n\t\t","protected":false},"excerpt":{"rendered":"<p>FRUITURISME Programa de la ruta Ma\u00f1ana Casa Museo de la Congregaci\u00f3n (audiovisual de bienvenida) Iglesia Parroquial de San Antol\u00ed Casa Natal de Santa Teresa Jornet Primera Casa-Asilo de Catalu\u00f1a Casa Museo de la Congregaci\u00f3n (visita) Tarde Iglesia Parroquial de San Antol\u00ed Casa Natal del Beato Francesc Palau Cueva del Padre Palau Ruta patrimonial de Carratal\u00e0: [&hellip;]<\/p>\n","protected":false},"author":5,"featured_media":0,"parent":0,"menu_order":0,"comment_status":"closed","ping_status":"closed","template":"","meta":{"inline_featured_image":false,"footnotes":""},"class_list":["post-9728","page","type-page","status-publish","hentry"],"_links":{"self":[{"href":"https:\/\/fruiturisme.info\/es\/wp-json\/wp\/v2\/pages\/9728","targetHints":{"allow":["GET"]}}],"collection":[{"href":"https:\/\/fruiturisme.info\/es\/wp-json\/wp\/v2\/pages"}],"about":[{"href":"https:\/\/fruiturisme.info\/es\/wp-json\/wp\/v2\/types\/page"}],"author":[{"embeddable":true,"href":"https:\/\/fruiturisme.info\/es\/wp-json\/wp\/v2\/users\/5"}],"replies":[{"embeddable":true,"href":"https:\/\/fruiturisme.info\/es\/wp-json\/wp\/v2\/comments?post=9728"}],"version-history":[{"count":23,"href":"https:\/\/fruiturisme.info\/es\/wp-json\/wp\/v2\/pages\/9728\/revisions"}],"predecessor-version":[{"id":40810,"href":"https:\/\/fruiturisme.info\/es\/wp-json\/wp\/v2\/pages\/9728\/revisions\/40810"}],"wp:attachment":[{"href":"https:\/\/fruiturisme.info\/es\/wp-json\/wp\/v2\/media?parent=9728"}],"curies":[{"name":"wp","href":"https:\/\/api.w.org\/{rel}","templated":true}]}}