{"id":9728,"date":"2022-06-08T10:13:36","date_gmt":"2022-06-08T08:13:36","guid":{"rendered":"https:\/\/fruiturisme.info\/?page_id=9728"},"modified":"2026-03-02T13:47:16","modified_gmt":"2026-03-02T12:47:16","slug":"guided-tour-of-aitona-cradle-of-saints-2","status":"publish","type":"page","link":"https:\/\/fruiturisme.info\/en\/guided-tour-of-aitona-cradle-of-saints-2\/","title":{"rendered":"Route through Aitona, cradle of saints"},"content":{"rendered":"<div data-elementor-type=\"wp-page\" data-elementor-id=\"9728\" class=\"elementor elementor-9728\" data-elementor-post-type=\"page\">\n\t\t\t\t<div class=\"elementor-element elementor-element-46f3f73 e-flex e-con-boxed e-con e-parent\" data-id=\"46f3f73\" data-element_type=\"container\" data-e-type=\"container\">\n\t\t\t\t\t<div class=\"e-con-inner\">\n\t\t<div class=\"elementor-element elementor-element-1a7d030 e-grid e-con-full e-con e-child\" data-id=\"1a7d030\" data-element_type=\"container\" data-e-type=\"container\">\n\t\t<div class=\"elementor-element elementor-element-e599d56 e-con-full e-flex e-con e-child\" data-id=\"e599d56\" data-element_type=\"container\" data-e-type=\"container\">\n\t\t\t\t<div class=\"elementor-element elementor-element-abc59a3 elementor-widget elementor-widget-heading\" data-id=\"abc59a3\" data-element_type=\"widget\" data-e-type=\"widget\" data-widget_type=\"heading.default\">\n\t\t\t\t<div class=\"elementor-widget-container\">\n\t\t\t\t\t<h2 class=\"elementor-heading-title elementor-size-default\">FRUIT TOURISM<\/h2>\t\t\t\t<\/div>\n\t\t\t\t<\/div>\n\t\t\t\t<div class=\"elementor-element elementor-element-01c3267 elementor-widget elementor-widget-heading\" data-id=\"01c3267\" data-element_type=\"widget\" data-e-type=\"widget\" data-widget_type=\"heading.default\">\n\t\t\t\t<div class=\"elementor-widget-container\">\n\t\t\t\t\t<h1 class=\"elementor-heading-title elementor-size-default\">Route through Aitona, cradle of saints<\/h1>\t\t\t\t<\/div>\n\t\t\t\t<\/div>\n\t\t\t\t<div class=\"elementor-element elementor-element-70d6bfc elementor-widget-divider--view-line elementor-widget elementor-widget-divider\" data-id=\"70d6bfc\" data-element_type=\"widget\" data-e-type=\"widget\" data-widget_type=\"divider.default\">\n\t\t\t\t<div class=\"elementor-widget-container\">\n\t\t\t\t\t\t\t<div class=\"elementor-divider\">\n\t\t\t<span class=\"elementor-divider-separator\">\n\t\t\t\t\t\t<\/span>\n\t\t<\/div>\n\t\t\t\t\t\t<\/div>\n\t\t\t\t<\/div>\n\t\t\t\t<\/div>\n\t\t<div class=\"elementor-element elementor-element-e38c525 e-con-full e-flex e-con e-child\" data-id=\"e38c525\" data-element_type=\"container\" data-e-type=\"container\">\n\t\t\t\t<div class=\"elementor-element elementor-element-cf63e19 elementor-widget elementor-widget-image\" data-id=\"cf63e19\" data-element_type=\"widget\" data-e-type=\"widget\" data-widget_type=\"image.default\">\n\t\t\t\t<div class=\"elementor-widget-container\">\n\t\t\t\t\t\t\t\t\t\t\t\t\t\t\t<img fetchpriority=\"high\" decoding=\"async\" width=\"457\" height=\"457\" src=\"https:\/\/fruiturisme.info\/wp-content\/uploads\/Cuna-de-santos-1.webp\" class=\"attachment-large size-large wp-image-35534\" alt=\"Cradle of Saints 1\" srcset=\"https:\/\/fruiturisme.info\/wp-content\/uploads\/Cuna-de-santos-1.webp 457w, https:\/\/fruiturisme.info\/wp-content\/uploads\/Cuna-de-santos-1-352x352.webp 352w, https:\/\/fruiturisme.info\/wp-content\/uploads\/Cuna-de-santos-1-160x160.webp 160w, https:\/\/fruiturisme.info\/wp-content\/uploads\/Cuna-de-santos-1-300x300.webp 300w, https:\/\/fruiturisme.info\/wp-content\/uploads\/Cuna-de-santos-1-100x100.webp 100w\" sizes=\"(max-width: 457px) 100vw, 457px\" \/>\t\t\t\t\t\t\t\t\t\t\t\t\t\t\t<\/div>\n\t\t\t\t<\/div>\n\t\t\t\t<\/div>\n\t\t\t\t<\/div>\n\t\t\t\t\t<\/div>\n\t\t\t\t<\/div>\n\t\t<div class=\"elementor-element elementor-element-2aa99af e-flex e-con-boxed e-con e-parent\" data-id=\"2aa99af\" data-element_type=\"container\" data-e-type=\"container\">\n\t\t\t\t\t<div class=\"e-con-inner\">\n\t\t<div class=\"elementor-element elementor-element-6cc22cb e-grid e-con-full e-con e-child\" data-id=\"6cc22cb\" data-element_type=\"container\" data-e-type=\"container\">\n\t\t<div class=\"elementor-element elementor-element-7ba84d6 e-con-full e-flex e-con e-child\" data-id=\"7ba84d6\" data-element_type=\"container\" data-e-type=\"container\">\n\t\t\t\t<div class=\"elementor-element elementor-element-a26efce elementor-widget elementor-widget-heading\" data-id=\"a26efce\" data-element_type=\"widget\" data-e-type=\"widget\" data-widget_type=\"heading.default\">\n\t\t\t\t<div class=\"elementor-widget-container\">\n\t\t\t\t\t<h2 class=\"elementor-heading-title elementor-size-default\">Route program<\/h2>\t\t\t\t<\/div>\n\t\t\t\t<\/div>\n\t\t\t\t<div class=\"elementor-element elementor-element-99f5e6a elementor-widget elementor-widget-heading\" data-id=\"99f5e6a\" data-element_type=\"widget\" data-e-type=\"widget\" data-widget_type=\"heading.default\">\n\t\t\t\t<div class=\"elementor-widget-container\">\n\t\t\t\t\t<h2 class=\"elementor-heading-title elementor-size-default\">Tomorrow<\/h2>\t\t\t\t<\/div>\n\t\t\t\t<\/div>\n\t\t\t\t<div class=\"elementor-element elementor-element-8f057ab elementor-icon-list--layout-traditional elementor-list-item-link-full_width elementor-widget elementor-widget-icon-list\" data-id=\"8f057ab\" data-element_type=\"widget\" data-e-type=\"widget\" data-widget_type=\"icon-list.default\">\n\t\t\t\t<div class=\"elementor-widget-container\">\n\t\t\t\t\t\t\t<ul class=\"elementor-icon-list-items\">\n\t\t\t\t\t\t\t<li class=\"elementor-icon-list-item\">\n\t\t\t\t\t\t\t\t\t\t\t<span class=\"elementor-icon-list-icon\">\n\t\t\t\t\t\t\t<i aria-hidden=\"true\" class=\"fas fa-map-marker-alt\"><\/i>\t\t\t\t\t\t<\/span>\n\t\t\t\t\t\t\t\t\t\t<span class=\"elementor-icon-list-text\">House Museum of the Congregation (welcome audiovisual)<\/span>\n\t\t\t\t\t\t\t\t\t<\/li>\n\t\t\t\t\t\t\t\t<li class=\"elementor-icon-list-item\">\n\t\t\t\t\t\t\t\t\t\t\t<span class=\"elementor-icon-list-icon\">\n\t\t\t\t\t\t\t<i aria-hidden=\"true\" class=\"fas fa-map-marker-alt\"><\/i>\t\t\t\t\t\t<\/span>\n\t\t\t\t\t\t\t\t\t\t<span class=\"elementor-icon-list-text\">Parish Church of San Antoli<\/span>\n\t\t\t\t\t\t\t\t\t<\/li>\n\t\t\t\t\t\t\t\t<li class=\"elementor-icon-list-item\">\n\t\t\t\t\t\t\t\t\t\t\t<span class=\"elementor-icon-list-icon\">\n\t\t\t\t\t\t\t<i aria-hidden=\"true\" class=\"fas fa-map-marker-alt\"><\/i>\t\t\t\t\t\t<\/span>\n\t\t\t\t\t\t\t\t\t\t<span class=\"elementor-icon-list-text\">Birthplace of Saint Teresa Jornet<\/span>\n\t\t\t\t\t\t\t\t\t<\/li>\n\t\t\t\t\t\t\t\t<li class=\"elementor-icon-list-item\">\n\t\t\t\t\t\t\t\t\t\t\t<span class=\"elementor-icon-list-icon\">\n\t\t\t\t\t\t\t<i aria-hidden=\"true\" class=\"fas fa-map-marker-alt\"><\/i>\t\t\t\t\t\t<\/span>\n\t\t\t\t\t\t\t\t\t\t<span class=\"elementor-icon-list-text\">First Asylum Home of Catalonia<\/span>\n\t\t\t\t\t\t\t\t\t<\/li>\n\t\t\t\t\t\t\t\t<li class=\"elementor-icon-list-item\">\n\t\t\t\t\t\t\t\t\t\t\t<span class=\"elementor-icon-list-icon\">\n\t\t\t\t\t\t\t<i aria-hidden=\"true\" class=\"fas fa-map-marker-alt\"><\/i>\t\t\t\t\t\t<\/span>\n\t\t\t\t\t\t\t\t\t\t<span class=\"elementor-icon-list-text\">House Museum of the Congregation (visit)<\/span>\n\t\t\t\t\t\t\t\t\t<\/li>\n\t\t\t\t\t\t<\/ul>\n\t\t\t\t\t\t<\/div>\n\t\t\t\t<\/div>\n\t\t\t\t<div class=\"elementor-element elementor-element-a14074a elementor-widget elementor-widget-heading\" data-id=\"a14074a\" data-element_type=\"widget\" data-e-type=\"widget\" data-widget_type=\"heading.default\">\n\t\t\t\t<div class=\"elementor-widget-container\">\n\t\t\t\t\t<h2 class=\"elementor-heading-title elementor-size-default\">Late<\/h2>\t\t\t\t<\/div>\n\t\t\t\t<\/div>\n\t\t\t\t<div class=\"elementor-element elementor-element-34e86d3 elementor-icon-list--layout-traditional elementor-list-item-link-full_width elementor-widget elementor-widget-icon-list\" data-id=\"34e86d3\" data-element_type=\"widget\" data-e-type=\"widget\" data-widget_type=\"icon-list.default\">\n\t\t\t\t<div class=\"elementor-widget-container\">\n\t\t\t\t\t\t\t<ul class=\"elementor-icon-list-items\">\n\t\t\t\t\t\t\t<li class=\"elementor-icon-list-item\">\n\t\t\t\t\t\t\t\t\t\t\t<span class=\"elementor-icon-list-icon\">\n\t\t\t\t\t\t\t<i aria-hidden=\"true\" class=\"fas fa-map-marker-alt\"><\/i>\t\t\t\t\t\t<\/span>\n\t\t\t\t\t\t\t\t\t\t<span class=\"elementor-icon-list-text\">Parish Church of San Antoli<\/span>\n\t\t\t\t\t\t\t\t\t<\/li>\n\t\t\t\t\t\t\t\t<li class=\"elementor-icon-list-item\">\n\t\t\t\t\t\t\t\t\t\t\t<span class=\"elementor-icon-list-icon\">\n\t\t\t\t\t\t\t<i aria-hidden=\"true\" class=\"fas fa-map-marker-alt\"><\/i>\t\t\t\t\t\t<\/span>\n\t\t\t\t\t\t\t\t\t\t<span class=\"elementor-icon-list-text\">Birthplace of Blessed Francesc Palau<\/span>\n\t\t\t\t\t\t\t\t\t<\/li>\n\t\t\t\t\t\t\t\t<li class=\"elementor-icon-list-item\">\n\t\t\t\t\t\t\t\t\t\t\t<span class=\"elementor-icon-list-icon\">\n\t\t\t\t\t\t\t<i aria-hidden=\"true\" class=\"fas fa-map-marker-alt\"><\/i>\t\t\t\t\t\t<\/span>\n\t\t\t\t\t\t\t\t\t\t<span class=\"elementor-icon-list-text\">Father Palau Cave<\/span>\n\t\t\t\t\t\t\t\t\t<\/li>\n\t\t\t\t\t\t\t\t<li class=\"elementor-icon-list-item\">\n\t\t\t\t\t\t\t\t\t\t\t<span class=\"elementor-icon-list-icon\">\n\t\t\t\t\t\t\t<i aria-hidden=\"true\" class=\"fas fa-map-marker-alt\"><\/i>\t\t\t\t\t\t<\/span>\n\t\t\t\t\t\t\t\t\t\t<span class=\"elementor-icon-list-text\">Carratal\u00e0 heritage route: hermitage of San Juan and natural viewpoint of the Baix Segre landscape<\/span>\n\t\t\t\t\t\t\t\t\t<\/li>\n\t\t\t\t\t\t<\/ul>\n\t\t\t\t\t\t<\/div>\n\t\t\t\t<\/div>\n\t\t\t\t<div class=\"elementor-element elementor-element-a50d882 elementor-widget elementor-widget-heading\" data-id=\"a50d882\" data-element_type=\"widget\" data-e-type=\"widget\" data-widget_type=\"heading.default\">\n\t\t\t\t<div class=\"elementor-widget-container\">\n\t\t\t\t\t<h2 class=\"elementor-heading-title elementor-size-default\">Start times<\/h2>\t\t\t\t<\/div>\n\t\t\t\t<\/div>\n\t\t\t\t<div class=\"elementor-element elementor-element-5ce707b elementor-icon-list--layout-traditional elementor-list-item-link-full_width elementor-widget elementor-widget-icon-list\" data-id=\"5ce707b\" data-element_type=\"widget\" data-e-type=\"widget\" data-widget_type=\"icon-list.default\">\n\t\t\t\t<div class=\"elementor-widget-container\">\n\t\t\t\t\t\t\t<ul class=\"elementor-icon-list-items\">\n\t\t\t\t\t\t\t<li class=\"elementor-icon-list-item\">\n\t\t\t\t\t\t\t\t\t\t\t<span class=\"elementor-icon-list-icon\">\n\t\t\t\t\t\t\t<i aria-hidden=\"true\" class=\"fas fa-clock\"><\/i>\t\t\t\t\t\t<\/span>\n\t\t\t\t\t\t\t\t\t\t<span class=\"elementor-icon-list-text\">Morning: 10:00 AM - Afternoon: 3:30 PM<\/span>\n\t\t\t\t\t\t\t\t\t<\/li>\n\t\t\t\t\t\t\t\t<li class=\"elementor-icon-list-item\">\n\t\t\t\t\t\t\t\t\t\t\t<span class=\"elementor-icon-list-icon\">\n\t\t\t\t\t\t\t<i aria-hidden=\"true\" class=\"fas fa-map-marker-alt\"><\/i>\t\t\t\t\t\t<\/span>\n\t\t\t\t\t\t\t\t\t\t<span class=\"elementor-icon-list-text\">Exit: Aitona sports center square<\/span>\n\t\t\t\t\t\t\t\t\t<\/li>\n\t\t\t\t\t\t\t\t<li class=\"elementor-icon-list-item\">\n\t\t\t\t\t\t\t\t\t\t\t<span class=\"elementor-icon-list-icon\">\n\t\t\t\t\t\t\t<i aria-hidden=\"true\" class=\"fas fa-users\"><\/i>\t\t\t\t\t\t<\/span>\n\t\t\t\t\t\t\t\t\t\t<span class=\"elementor-icon-list-text\">Santa Teresa: maximum 12 people<\/span>\n\t\t\t\t\t\t\t\t\t<\/li>\n\t\t\t\t\t\t\t\t<li class=\"elementor-icon-list-item\">\n\t\t\t\t\t\t\t\t\t\t\t<span class=\"elementor-icon-list-icon\">\n\t\t\t\t\t\t\t<i aria-hidden=\"true\" class=\"fas fa-users\"><\/i>\t\t\t\t\t\t<\/span>\n\t\t\t\t\t\t\t\t\t\t<span class=\"elementor-icon-list-text\">Father Palau: maximum 20 people<\/span>\n\t\t\t\t\t\t\t\t\t<\/li>\n\t\t\t\t\t\t<\/ul>\n\t\t\t\t\t\t<\/div>\n\t\t\t\t<\/div>\n\t\t\t\t<div class=\"elementor-element elementor-element-1a00b34 elementor-widget elementor-widget-heading\" data-id=\"1a00b34\" data-element_type=\"widget\" data-e-type=\"widget\" data-widget_type=\"heading.default\">\n\t\t\t\t<div class=\"elementor-widget-container\">\n\t\t\t\t\t<h2 class=\"elementor-heading-title elementor-size-default\">Reservations<\/h2>\t\t\t\t<\/div>\n\t\t\t\t<\/div>\n\t\t\t\t<div class=\"elementor-element elementor-element-0417218 elementor-icon-list--layout-traditional elementor-list-item-link-full_width elementor-widget elementor-widget-icon-list\" data-id=\"0417218\" data-element_type=\"widget\" data-e-type=\"widget\" data-widget_type=\"icon-list.default\">\n\t\t\t\t<div class=\"elementor-widget-container\">\n\t\t\t\t\t\t\t<ul class=\"elementor-icon-list-items\">\n\t\t\t\t\t\t\t<li class=\"elementor-icon-list-item\">\n\t\t\t\t\t\t\t\t\t\t\t<a href=\"tel:973794040\">\n\n\t\t\t\t\t\t\t\t\t\t\t\t<span class=\"elementor-icon-list-icon\">\n\t\t\t\t\t\t\t<i aria-hidden=\"true\" class=\"fas fa-phone-square-alt\"><\/i>\t\t\t\t\t\t<\/span>\n\t\t\t\t\t\t\t\t\t\t<span class=\"elementor-icon-list-text\">973 794 040<\/span>\n\t\t\t\t\t\t\t\t\t\t\t<\/a>\n\t\t\t\t\t\t\t\t\t<\/li>\n\t\t\t\t\t\t\t\t<li class=\"elementor-icon-list-item\">\n\t\t\t\t\t\t\t\t\t\t\t<a href=\"tel:649948657\">\n\n\t\t\t\t\t\t\t\t\t\t\t\t<span class=\"elementor-icon-list-icon\">\n\t\t\t\t\t\t\t<i aria-hidden=\"true\" class=\"fas fa-phone-square-alt\"><\/i>\t\t\t\t\t\t<\/span>\n\t\t\t\t\t\t\t\t\t\t<span class=\"elementor-icon-list-text\">649 948 657<\/span>\n\t\t\t\t\t\t\t\t\t\t\t<\/a>\n\t\t\t\t\t\t\t\t\t<\/li>\n\t\t\t\t\t\t<\/ul>\n\t\t\t\t\t\t<\/div>\n\t\t\t\t<\/div>\n\t\t\t\t<div class=\"elementor-element elementor-element-4a3b8d4 elementor-widget-divider--view-line elementor-widget elementor-widget-divider\" data-id=\"4a3b8d4\" data-element_type=\"widget\" data-e-type=\"widget\" data-widget_type=\"divider.default\">\n\t\t\t\t<div class=\"elementor-widget-container\">\n\t\t\t\t\t\t\t<div class=\"elementor-divider\">\n\t\t\t<span class=\"elementor-divider-separator\">\n\t\t\t\t\t\t<\/span>\n\t\t<\/div>\n\t\t\t\t\t\t<\/div>\n\t\t\t\t<\/div>\n\t\t\t\t<\/div>\n\t\t\t\t<div class=\"elementor-element elementor-element-4ca4da0 elementor-widget elementor-widget-image\" data-id=\"4ca4da0\" data-element_type=\"widget\" data-e-type=\"widget\" data-widget_type=\"image.default\">\n\t\t\t\t<div class=\"elementor-widget-container\">\n\t\t\t\t\t\t\t\t\t\t\t\t\t\t\t<img decoding=\"async\" width=\"672\" height=\"504\" src=\"https:\/\/fruiturisme.info\/wp-content\/uploads\/fruiturisme-ddelval.jpg\" class=\"attachment-large size-large wp-image-36019\" alt=\"\" srcset=\"https:\/\/fruiturisme.info\/wp-content\/uploads\/fruiturisme-ddelval.jpg 672w, https:\/\/fruiturisme.info\/wp-content\/uploads\/fruiturisme-ddelval-352x264.jpg 352w, https:\/\/fruiturisme.info\/wp-content\/uploads\/fruiturisme-ddelval-16x12.jpg 16w\" sizes=\"(max-width: 672px) 100vw, 672px\" \/>\t\t\t\t\t\t\t\t\t\t\t\t\t\t\t<\/div>\n\t\t\t\t<\/div>\n\t\t\t\t<\/div>\n\t\t\t\t\t<\/div>\n\t\t\t\t<\/div>\n\t\t<div class=\"elementor-element elementor-element-24b2316 e-flex e-con-boxed e-con e-parent\" data-id=\"24b2316\" data-element_type=\"container\" data-e-type=\"container\" data-settings=\"{&quot;background_background&quot;:&quot;classic&quot;}\">\n\t\t\t\t\t<div class=\"e-con-inner\">\n\t\t\t\t<div class=\"elementor-element elementor-element-bff0851 elementor-widget elementor-widget-heading\" data-id=\"bff0851\" data-element_type=\"widget\" data-e-type=\"widget\" data-widget_type=\"heading.default\">\n\t\t\t\t<div class=\"elementor-widget-container\">\n\t\t\t\t\t<h2 class=\"elementor-heading-title elementor-size-default\">Main points of interest<\/h2>\t\t\t\t<\/div>\n\t\t\t\t<\/div>\n\t\t<div class=\"elementor-element elementor-element-e739586 e-grid e-con-full e-con e-child\" data-id=\"e739586\" data-element_type=\"container\" data-e-type=\"container\">\n\t\t\t\t<div class=\"elementor-element elementor-element-1f752e7 premium-flip-style-push elementor-widget elementor-widget-premium-addon-flip-box\" data-id=\"1f752e7\" data-element_type=\"widget\" data-e-type=\"widget\" data-widget_type=\"premium-addon-flip-box.default\">\n\t\t\t\t<div class=\"elementor-widget-container\">\n\t\t\t\t\t\n\t<div class=\"premium-flip-main-box\">\n\t\t<div class=\"premium-flip-front premium-flip-frontbt\">\n\t\t\t<div class=\"premium-flip-front-overlay\">\n\t\t\t\t<div class=\"premium-flip-front-content-container\">\n\t\t\t\t\t<div class=\"premium-flip-text-wrapper\">\n\t\t\t\t\t\t\t\t\t\t\t\t\t\t\t\t\t\t\t\n\t\t\t\t\t\t\t\t\t\t\t\t\t<h3 class=\"premium-flip-front-title\">\n\t\t\t\t\t\t\t\tChurch of San Antol\u00ed\t\t\t\t\t\t\t<\/h3>\n\t\t\t\t\t\t\n\t\t\t\t\t\t\t\t\t\t\t<\/div>\n\t\t\t\t<\/div>\n\t\t\t<\/div>\n\t\t<\/div>\n\n\t\t<div class=\"premium-flip-back premium-flip-backbt\">\n\t\t\t<div class=\"premium-flip-back-overlay\">\n\t\t\t\t<div class=\"premium-flip-back-content-container\">\n\t\t\t\t\t\n\t\t\t\t\t<div class=\"premium-flip-back-text-wrapper\">\n\n\t\t\t\t\t\t\t\t\t\t\t\t\t\t\t\t\t\t\t\n\t\t\t\t\t\t\t\t\t\t\t\t\t<h3 class=\"premium-flip-back-title\">\n\t\t\t\t\t\t\t\tChurch of San Antol\u00ed\t\t\t\t\t\t\t<\/h3>\n\t\t\t\t\t\t\n\t\t\t\t\t\t\t\t\t\t\t\t\t<span class=\"premium-flip-back-description\">\n\t\t\t\t\t\t\t\t<p>Built in the Baroque style, some consider it the cathedral of the Baix Segre region because it is of unusual dimensions for a town of just over two thousand inhabitants.<\/p>\t\t\t\t\t\t\t<\/span>\n\t\t\t\t\t\t\n\t\t\t\t\t\t\t\t\t\t\t<\/div>\n\t\t\t\t<\/div>\n\t\t\t<\/div>\n\t\t<\/div>\n\t<\/div>\n\n\t\t\t\t\t\t<\/div>\n\t\t\t\t<\/div>\n\t\t\t\t<div class=\"elementor-element elementor-element-c542ec6 premium-flip-style-push elementor-widget elementor-widget-premium-addon-flip-box\" data-id=\"c542ec6\" data-element_type=\"widget\" data-e-type=\"widget\" data-widget_type=\"premium-addon-flip-box.default\">\n\t\t\t\t<div class=\"elementor-widget-container\">\n\t\t\t\t\t\n\t<div class=\"premium-flip-main-box\">\n\t\t<div class=\"premium-flip-front premium-flip-frontbt\">\n\t\t\t<div class=\"premium-flip-front-overlay\">\n\t\t\t\t<div class=\"premium-flip-front-content-container\">\n\t\t\t\t\t<div class=\"premium-flip-text-wrapper\">\n\t\t\t\t\t\t\t\t\t\t\t\t\t\t\t\t\t\t\t\n\t\t\t\t\t\t\t\t\t\t\t\t\t<h3 class=\"premium-flip-front-title\">\n\t\t\t\t\t\t\t\tTeresa Jornet&#039;s birthplace\t\t\t\t\t\t\t<\/h3>\n\t\t\t\t\t\t\n\t\t\t\t\t\t\t\t\t\t\t<\/div>\n\t\t\t\t<\/div>\n\t\t\t<\/div>\n\t\t<\/div>\n\n\t\t<div class=\"premium-flip-back premium-flip-backbt\">\n\t\t\t<div class=\"premium-flip-back-overlay\">\n\t\t\t\t<div class=\"premium-flip-back-content-container\">\n\t\t\t\t\t\n\t\t\t\t\t<div class=\"premium-flip-back-text-wrapper\">\n\n\t\t\t\t\t\t\t\t\t\t\t\t\t\t\t\t\t\t\t\n\t\t\t\t\t\t\t\t\t\t\t\t\t<h3 class=\"premium-flip-back-title\">\n\t\t\t\t\t\t\t\tTeresa Jornet&#039;s birthplace\t\t\t\t\t\t\t<\/h3>\n\t\t\t\t\t\t\n\t\t\t\t\t\t\t\t\t\t\t\t\t<span class=\"premium-flip-back-description\">\n\t\t\t\t\t\t\t\t<p>It is the original house where she was born, which has been restored from top to bottom and is now a small museum explaining her life and what rural life was like when she lived in Aitona.<\/p>\t\t\t\t\t\t\t<\/span>\n\t\t\t\t\t\t\n\t\t\t\t\t\t\t\t\t\t\t<\/div>\n\t\t\t\t<\/div>\n\t\t\t<\/div>\n\t\t<\/div>\n\t<\/div>\n\n\t\t\t\t\t\t<\/div>\n\t\t\t\t<\/div>\n\t\t\t\t<div class=\"elementor-element elementor-element-4dc5e19 premium-flip-style-push elementor-widget elementor-widget-premium-addon-flip-box\" data-id=\"4dc5e19\" data-element_type=\"widget\" data-e-type=\"widget\" data-widget_type=\"premium-addon-flip-box.default\">\n\t\t\t\t<div class=\"elementor-widget-container\">\n\t\t\t\t\t\n\t<div class=\"premium-flip-main-box\">\n\t\t<div class=\"premium-flip-front premium-flip-frontbt\">\n\t\t\t<div class=\"premium-flip-front-overlay\">\n\t\t\t\t<div class=\"premium-flip-front-content-container\">\n\t\t\t\t\t<div class=\"premium-flip-text-wrapper\">\n\t\t\t\t\t\t\t\t\t\t\t\t\t\t\t\t\t\t\t\n\t\t\t\t\t\t\t\t\t\t\t\t\t<h3 class=\"premium-flip-front-title\">\n\t\t\t\t\t\t\t\tFirst asylum home in Catalonia\t\t\t\t\t\t\t<\/h3>\n\t\t\t\t\t\t\n\t\t\t\t\t\t\t\t\t\t\t<\/div>\n\t\t\t\t<\/div>\n\t\t\t<\/div>\n\t\t<\/div>\n\n\t\t<div class=\"premium-flip-back premium-flip-backbt\">\n\t\t\t<div class=\"premium-flip-back-overlay\">\n\t\t\t\t<div class=\"premium-flip-back-content-container\">\n\t\t\t\t\t\n\t\t\t\t\t<div class=\"premium-flip-back-text-wrapper\">\n\n\t\t\t\t\t\t\t\t\t\t\t\t\t\t\t\t\t\t\t\n\t\t\t\t\t\t\t\t\t\t\t\t\t<h3 class=\"premium-flip-back-title\">\n\t\t\t\t\t\t\t\tFirst asylum home in Catalonia\t\t\t\t\t\t\t<\/h3>\n\t\t\t\t\t\t\n\t\t\t\t\t\t\t\t\t\t\t\t\t<span class=\"premium-flip-back-description\">\n\t\t\t\t\t\t\t\t<p>This former home, where the Little Sisters cared for the elderly, was partially demolished and the rest restored as a house museum, incorporating original features from its time as a nursing home. The space that had been the chapel was filled with a work of art based on original quotes from the saint.<\/p>\t\t\t\t\t\t\t<\/span>\n\t\t\t\t\t\t\n\t\t\t\t\t\t\t\t\t\t\t<\/div>\n\t\t\t\t<\/div>\n\t\t\t<\/div>\n\t\t<\/div>\n\t<\/div>\n\n\t\t\t\t\t\t<\/div>\n\t\t\t\t<\/div>\n\t\t\t\t<div class=\"elementor-element elementor-element-c5f718a premium-flip-style-push elementor-widget elementor-widget-premium-addon-flip-box\" data-id=\"c5f718a\" data-element_type=\"widget\" data-e-type=\"widget\" data-widget_type=\"premium-addon-flip-box.default\">\n\t\t\t\t<div class=\"elementor-widget-container\">\n\t\t\t\t\t\n\t<div class=\"premium-flip-main-box\">\n\t\t<div class=\"premium-flip-front premium-flip-frontbt\">\n\t\t\t<div class=\"premium-flip-front-overlay\">\n\t\t\t\t<div class=\"premium-flip-front-content-container\">\n\t\t\t\t\t<div class=\"premium-flip-text-wrapper\">\n\t\t\t\t\t\t\t\t\t\t\t\t\t\t\t\t\t\t\t\n\t\t\t\t\t\t\t\t\t\t\t\t\t<h3 class=\"premium-flip-front-title\">\n\t\t\t\t\t\t\t\tFather Palau Cave\t\t\t\t\t\t\t<\/h3>\n\t\t\t\t\t\t\n\t\t\t\t\t\t\t\t\t\t\t<\/div>\n\t\t\t\t<\/div>\n\t\t\t<\/div>\n\t\t<\/div>\n\n\t\t<div class=\"premium-flip-back premium-flip-backbt\">\n\t\t\t<div class=\"premium-flip-back-overlay\">\n\t\t\t\t<div class=\"premium-flip-back-content-container\">\n\t\t\t\t\t\n\t\t\t\t\t<div class=\"premium-flip-back-text-wrapper\">\n\n\t\t\t\t\t\t\t\t\t\t\t\t\t\t\t\t\t\t\t\n\t\t\t\t\t\t\t\t\t\t\t\t\t<h3 class=\"premium-flip-back-title\">\n\t\t\t\t\t\t\t\tFather Palau Cave\t\t\t\t\t\t\t<\/h3>\n\t\t\t\t\t\t\n\t\t\t\t\t\t\t\t\t\t\t\t\t<span class=\"premium-flip-back-description\">\n\t\t\t\t\t\t\t\t<p>Located on the outskirts of the village, this is the cave where the blessed man retreated to live as a hermit and find inner peace. Around it, an altar, a park, a house with ten cells for spiritual retreats, an oratory, and a multipurpose room have been developed.<\/p>\t\t\t\t\t\t\t<\/span>\n\t\t\t\t\t\t\n\t\t\t\t\t\t\t\t\t\t\t<\/div>\n\t\t\t\t<\/div>\n\t\t\t<\/div>\n\t\t<\/div>\n\t<\/div>\n\n\t\t\t\t\t\t<\/div>\n\t\t\t\t<\/div>\n\t\t\t\t<div class=\"elementor-element elementor-element-3e98c56 premium-flip-style-push elementor-widget elementor-widget-premium-addon-flip-box\" data-id=\"3e98c56\" data-element_type=\"widget\" data-e-type=\"widget\" data-widget_type=\"premium-addon-flip-box.default\">\n\t\t\t\t<div class=\"elementor-widget-container\">\n\t\t\t\t\t\n\t<div class=\"premium-flip-main-box\">\n\t\t<div class=\"premium-flip-front premium-flip-frontbt\">\n\t\t\t<div class=\"premium-flip-front-overlay\">\n\t\t\t\t<div class=\"premium-flip-front-content-container\">\n\t\t\t\t\t<div class=\"premium-flip-text-wrapper\">\n\t\t\t\t\t\t\t\t\t\t\t\t\t\t\t\t\t\t\t\n\t\t\t\t\t\t\t\t\t\t\t\t\t<h3 class=\"premium-flip-front-title\">\n\t\t\t\t\t\t\t\tFather Palau&#039;s Birthplace\t\t\t\t\t\t\t<\/h3>\n\t\t\t\t\t\t\n\t\t\t\t\t\t\t\t\t\t\t<\/div>\n\t\t\t\t<\/div>\n\t\t\t<\/div>\n\t\t<\/div>\n\n\t\t<div class=\"premium-flip-back premium-flip-backbt\">\n\t\t\t<div class=\"premium-flip-back-overlay\">\n\t\t\t\t<div class=\"premium-flip-back-content-container\">\n\t\t\t\t\t\n\t\t\t\t\t<div class=\"premium-flip-back-text-wrapper\">\n\n\t\t\t\t\t\t\t\t\t\t\t\t\t\t\t\t\t\t\t\n\t\t\t\t\t\t\t\t\t\t\t\t\t<h3 class=\"premium-flip-back-title\">\n\t\t\t\t\t\t\t\tFather Palau&#039;s Birthplace\t\t\t\t\t\t\t<\/h3>\n\t\t\t\t\t\t\n\t\t\t\t\t\t\t\t\t\t\t\t\t<span class=\"premium-flip-back-description\">\n\t\t\t\t\t\t\t\t<p>Original objects that belonged to or were made by the Blessed, as well as family heirlooms, are preserved. A stone coat of arms representing the congregation is displayed on the facade.<\/p>\t\t\t\t\t\t\t<\/span>\n\t\t\t\t\t\t\n\t\t\t\t\t\t\t\t\t\t\t<\/div>\n\t\t\t\t<\/div>\n\t\t\t<\/div>\n\t\t<\/div>\n\t<\/div>\n\n\t\t\t\t\t\t<\/div>\n\t\t\t\t<\/div>\n\t\t\t\t<div class=\"elementor-element elementor-element-6af244a premium-flip-style-push elementor-widget elementor-widget-premium-addon-flip-box\" data-id=\"6af244a\" data-element_type=\"widget\" data-e-type=\"widget\" data-widget_type=\"premium-addon-flip-box.default\">\n\t\t\t\t<div class=\"elementor-widget-container\">\n\t\t\t\t\t\n\t<div class=\"premium-flip-main-box\">\n\t\t<div class=\"premium-flip-front premium-flip-frontbt\">\n\t\t\t<div class=\"premium-flip-front-overlay\">\n\t\t\t\t<div class=\"premium-flip-front-content-container\">\n\t\t\t\t\t<div class=\"premium-flip-text-wrapper\">\n\t\t\t\t\t\t\t\t\t\t\t\t\t\t\t\t\t\t\t\n\t\t\t\t\t\t\t\t\t\t\t\t\t<h3 class=\"premium-flip-front-title\">\n\t\t\t\t\t\t\t\tViewpoint of San Joan de Carratala\t\t\t\t\t\t\t<\/h3>\n\t\t\t\t\t\t\n\t\t\t\t\t\t\t\t\t\t\t<\/div>\n\t\t\t\t<\/div>\n\t\t\t<\/div>\n\t\t<\/div>\n\n\t\t<div class=\"premium-flip-back premium-flip-backbt\">\n\t\t\t<div class=\"premium-flip-back-overlay\">\n\t\t\t\t<div class=\"premium-flip-back-content-container\">\n\t\t\t\t\t\n\t\t\t\t\t<div class=\"premium-flip-back-text-wrapper\">\n\n\t\t\t\t\t\t\t\t\t\t\t\t\t\t\t\t\t\t\t\n\t\t\t\t\t\t\t\t\t\t\t\t\t<h3 class=\"premium-flip-back-title\">\n\t\t\t\t\t\t\t\tViewpoint of San Joan de Carratala\t\t\t\t\t\t\t<\/h3>\n\t\t\t\t\t\t\n\t\t\t\t\t\t\t\t\t\t\t\t\t<span class=\"premium-flip-back-description\">\n\t\t\t\t\t\t\t\t<p>At the top of the hill that houses the hermitage of San Juan de Carratal\u00e0, you can find a spectacular viewpoint that allows you to glimpse fantastic panoramic views of the Segre valley and is especially attractive during the flowering of the peach trees and in autumn, when the leaves turn golden.<\/p>\t\t\t\t\t\t\t<\/span>\n\t\t\t\t\t\t\n\t\t\t\t\t\t\t\t\t\t\t<\/div>\n\t\t\t\t<\/div>\n\t\t\t<\/div>\n\t\t<\/div>\n\t<\/div>\n\n\t\t\t\t\t\t<\/div>\n\t\t\t\t<\/div>\n\t\t\t\t<div class=\"elementor-element elementor-element-2e5781a premium-flip-style-push elementor-widget elementor-widget-premium-addon-flip-box\" data-id=\"2e5781a\" data-element_type=\"widget\" data-e-type=\"widget\" data-widget_type=\"premium-addon-flip-box.default\">\n\t\t\t\t<div class=\"elementor-widget-container\">\n\t\t\t\t\t\n\t<div class=\"premium-flip-main-box\">\n\t\t<div class=\"premium-flip-front premium-flip-frontbt\">\n\t\t\t<div class=\"premium-flip-front-overlay\">\n\t\t\t\t<div class=\"premium-flip-front-content-container\">\n\t\t\t\t\t<div class=\"premium-flip-text-wrapper\">\n\t\t\t\t\t\t\t\t\t\t\t\t\t\t\t\t\t\t\t\n\t\t\t\t\t\t\t\t\t\t\t\t\t<h3 class=\"premium-flip-front-title\">\n\t\t\t\t\t\t\t\tSan Joan de Carratala\t\t\t\t\t\t\t<\/h3>\n\t\t\t\t\t\t\n\t\t\t\t\t\t\t\t\t\t\t<\/div>\n\t\t\t\t<\/div>\n\t\t\t<\/div>\n\t\t<\/div>\n\n\t\t<div class=\"premium-flip-back premium-flip-backbt\">\n\t\t\t<div class=\"premium-flip-back-overlay\">\n\t\t\t\t<div class=\"premium-flip-back-content-container\">\n\t\t\t\t\t\n\t\t\t\t\t<div class=\"premium-flip-back-text-wrapper\">\n\n\t\t\t\t\t\t\t\t\t\t\t\t\t\t\t\t\t\t\t\n\t\t\t\t\t\t\t\t\t\t\t\t\t<h3 class=\"premium-flip-back-title\">\n\t\t\t\t\t\t\t\tSan Joan de Carratala\t\t\t\t\t\t\t<\/h3>\n\t\t\t\t\t\t\n\t\t\t\t\t\t\t\t\t\t\t\t\t<span class=\"premium-flip-back-description\">\n\t\t\t\t\t\t\t\t<p>\u00a0<\/p><p>The Romanesque hermitage of Sant Joan de Carratal\u00e0, with its semicircular apse, is a Hospitaller construction. It is believed to have been built on the site of a former mosque.<\/p>\t\t\t\t\t\t\t<\/span>\n\t\t\t\t\t\t\n\t\t\t\t\t\t\t\t\t\t\t<\/div>\n\t\t\t\t<\/div>\n\t\t\t<\/div>\n\t\t<\/div>\n\t<\/div>\n\n\t\t\t\t\t\t<\/div>\n\t\t\t\t<\/div>\n\t\t<div class=\"elementor-element elementor-element-0712493 e-con-full e-flex e-con e-child\" data-id=\"0712493\" data-element_type=\"container\" data-e-type=\"container\" data-settings=\"{&quot;background_background&quot;:&quot;classic&quot;}\">\n\t\t\t\t<div class=\"elementor-element elementor-element-cd0b41f elementor-widget elementor-widget-image\" data-id=\"cd0b41f\" data-element_type=\"widget\" data-e-type=\"widget\" data-widget_type=\"image.default\">\n\t\t\t\t<div class=\"elementor-widget-container\">\n\t\t\t\t\t\t\t\t\t\t\t\t\t\t\t<img decoding=\"async\" width=\"100\" height=\"100\" src=\"https:\/\/fruiturisme.info\/wp-content\/uploads\/logo-Fruiturisme-blanco.svg\" class=\"attachment-full size-full wp-image-35474\" alt=\"\" \/>\t\t\t\t\t\t\t\t\t\t\t\t\t\t\t<\/div>\n\t\t\t\t<\/div>\n\t\t\t\t<\/div>\n\t\t\t\t<\/div>\n\t\t\t\t\t<\/div>\n\t\t\t\t<\/div>\n\t\t<div class=\"elementor-element elementor-element-8179ce2 e-flex e-con-boxed e-con e-parent\" data-id=\"8179ce2\" data-element_type=\"container\" data-e-type=\"container\">\n\t\t\t\t\t<div class=\"e-con-inner\">\n\t\t\t\t<div class=\"elementor-element elementor-element-7d574b4 elementor-widget elementor-widget-heading\" data-id=\"7d574b4\" data-element_type=\"widget\" data-e-type=\"widget\" data-widget_type=\"heading.default\">\n\t\t\t\t<div class=\"elementor-widget-container\">\n\t\t\t\t\t<p class=\"elementor-heading-title elementor-size-default\">Do you have any questions?<\/p>\t\t\t\t<\/div>\n\t\t\t\t<\/div>\n\t\t\t\t<div class=\"elementor-element elementor-element-76476d1 elementor-align-center elementor-widget elementor-widget-button\" data-id=\"76476d1\" data-element_type=\"widget\" data-e-type=\"widget\" data-widget_type=\"button.default\">\n\t\t\t\t<div class=\"elementor-widget-container\">\n\t\t\t\t\t\t\t\t\t<div class=\"elementor-button-wrapper\">\n\t\t\t\t\t<a class=\"elementor-button elementor-button-link elementor-size-sm\" href=\"https:\/\/fruiturisme.info\/en\/contact\/\">\n\t\t\t\t\t\t<span class=\"elementor-button-content-wrapper\">\n\t\t\t\t\t\t<span class=\"elementor-button-icon\">\n\t\t\t\t<i aria-hidden=\"true\" class=\"fas fa-envelope\"><\/i>\t\t\t<\/span>\n\t\t\t\t\t\t\t\t\t<span class=\"elementor-button-text\">Contact us<\/span>\n\t\t\t\t\t<\/span>\n\t\t\t\t\t<\/a>\n\t\t\t\t<\/div>\n\t\t\t\t\t\t\t\t<\/div>\n\t\t\t\t<\/div>\n\t\t\t\t\t<\/div>\n\t\t\t\t<\/div>\n\t\t\t\t<\/div>","protected":false},"excerpt":{"rendered":"<p>FRUITURISME Programa de la ruta Ma\u00f1ana Casa Museo de la Congregaci\u00f3n (audiovisual de bienvenida) Iglesia Parroquial de San Antol\u00ed Casa Natal de Santa Teresa Jornet Primera Casa-Asilo de Catalu\u00f1a Casa Museo de la Congregaci\u00f3n (visita) Tarde Iglesia Parroquial de San Antol\u00ed Casa Natal del Beato Francesc Palau Cueva del Padre Palau Ruta patrimonial de Carratal\u00e0: [&hellip;]<\/p>","protected":false},"author":5,"featured_media":0,"parent":0,"menu_order":0,"comment_status":"closed","ping_status":"closed","template":"","meta":{"inline_featured_image":false,"footnotes":""},"class_list":["post-9728","page","type-page","status-publish","hentry"],"_links":{"self":[{"href":"https:\/\/fruiturisme.info\/en\/wp-json\/wp\/v2\/pages\/9728","targetHints":{"allow":["GET"]}}],"collection":[{"href":"https:\/\/fruiturisme.info\/en\/wp-json\/wp\/v2\/pages"}],"about":[{"href":"https:\/\/fruiturisme.info\/en\/wp-json\/wp\/v2\/types\/page"}],"author":[{"embeddable":true,"href":"https:\/\/fruiturisme.info\/en\/wp-json\/wp\/v2\/users\/5"}],"replies":[{"embeddable":true,"href":"https:\/\/fruiturisme.info\/en\/wp-json\/wp\/v2\/comments?post=9728"}],"version-history":[{"count":23,"href":"https:\/\/fruiturisme.info\/en\/wp-json\/wp\/v2\/pages\/9728\/revisions"}],"predecessor-version":[{"id":40810,"href":"https:\/\/fruiturisme.info\/en\/wp-json\/wp\/v2\/pages\/9728\/revisions\/40810"}],"wp:attachment":[{"href":"https:\/\/fruiturisme.info\/en\/wp-json\/wp\/v2\/media?parent=9728"}],"curies":[{"name":"wp","href":"https:\/\/api.w.org\/{rel}","templated":true}]}}