{"id":35569,"date":"2025-11-18T12:50:58","date_gmt":"2025-11-18T11:50:58","guid":{"rendered":"https:\/\/fruiturisme.info\/?page_id=35569"},"modified":"2026-02-05T14:12:45","modified_gmt":"2026-02-05T13:12:45","slug":"heritage","status":"publish","type":"page","link":"https:\/\/fruiturisme.info\/en\/heritage\/","title":{"rendered":"Heritage"},"content":{"rendered":"<div data-elementor-type=\"wp-page\" data-elementor-id=\"35569\" class=\"elementor elementor-35569\" data-elementor-post-type=\"page\">\n\t\t\t\t<div class=\"elementor-element elementor-element-1b075e3 e-flex e-con-boxed e-con e-parent\" data-id=\"1b075e3\" data-element_type=\"container\" data-e-type=\"container\">\n\t\t\t\t\t<div class=\"e-con-inner\">\n\t\t<div class=\"elementor-element elementor-element-f2e0fce e-grid e-con-full e-con e-child\" data-id=\"f2e0fce\" data-element_type=\"container\" data-e-type=\"container\">\n\t\t<div class=\"elementor-element elementor-element-011799d e-con-full e-flex e-con e-child\" data-id=\"011799d\" data-element_type=\"container\" data-e-type=\"container\">\n\t\t\t\t<div class=\"elementor-element elementor-element-8e24acf elementor-widget elementor-widget-heading\" data-id=\"8e24acf\" data-element_type=\"widget\" data-e-type=\"widget\" data-widget_type=\"heading.default\">\n\t\t\t\t<div class=\"elementor-widget-container\">\n\t\t\t\t\t<h2 class=\"elementor-heading-title elementor-size-default\">FRUIT TOURISM<\/h2>\t\t\t\t<\/div>\n\t\t\t\t<\/div>\n\t\t\t\t<div class=\"elementor-element elementor-element-fe4ffce elementor-widget elementor-widget-heading\" data-id=\"fe4ffce\" data-element_type=\"widget\" data-e-type=\"widget\" data-widget_type=\"heading.default\">\n\t\t\t\t<div class=\"elementor-widget-container\">\n\t\t\t\t\t<h1 class=\"elementor-heading-title elementor-size-default\">Historic Aitona<\/h1>\t\t\t\t<\/div>\n\t\t\t\t<\/div>\n\t\t\t\t<div class=\"elementor-element elementor-element-f858ad1 elementor-widget elementor-widget-text-editor\" data-id=\"f858ad1\" data-element_type=\"widget\" data-e-type=\"widget\" data-widget_type=\"text-editor.default\">\n\t\t\t\t<div class=\"elementor-widget-container\">\n\t\t\t\t\t\t\t\t\t<p>Explore the most emblematic streets of the old town and let yourself be transported to medieval Aitona, reliving the most splendid moment of the town, when the Montcada family formed the powerful Barony of Aitona.<\/p>\t\t\t\t\t\t\t\t<\/div>\n\t\t\t\t<\/div>\n\t\t\t\t<div class=\"elementor-element elementor-element-e8727dd elementor-widget-divider--view-line elementor-widget elementor-widget-divider\" data-id=\"e8727dd\" data-element_type=\"widget\" data-e-type=\"widget\" data-widget_type=\"divider.default\">\n\t\t\t\t<div class=\"elementor-widget-container\">\n\t\t\t\t\t\t\t<div class=\"elementor-divider\">\n\t\t\t<span class=\"elementor-divider-separator\">\n\t\t\t\t\t\t<\/span>\n\t\t<\/div>\n\t\t\t\t\t\t<\/div>\n\t\t\t\t<\/div>\n\t\t\t\t<\/div>\n\t\t<div class=\"elementor-element elementor-element-cbd545b e-con-full e-flex e-con e-child\" data-id=\"cbd545b\" data-element_type=\"container\" data-e-type=\"container\">\n\t\t\t\t<div class=\"elementor-element elementor-element-8a00c5f elementor-widget elementor-widget-heading\" data-id=\"8a00c5f\" data-element_type=\"widget\" data-e-type=\"widget\" data-widget_type=\"heading.default\">\n\t\t\t\t<div class=\"elementor-widget-container\">\n\t\t\t\t\t<p class=\"elementor-heading-title elementor-size-default\">Aitona Castle:<\/p>\t\t\t\t<\/div>\n\t\t\t\t<\/div>\n\t\t\t\t<div class=\"elementor-element elementor-element-559446c elementor-widget elementor-widget-heading\" data-id=\"559446c\" data-element_type=\"widget\" data-e-type=\"widget\" data-widget_type=\"heading.default\">\n\t\t\t\t<div class=\"elementor-widget-container\">\n\t\t\t\t\t<p class=\"elementor-heading-title elementor-size-default\">visit at arranged times<\/p>\t\t\t\t<\/div>\n\t\t\t\t<\/div>\n\t\t\t\t<div class=\"elementor-element elementor-element-a235693 elementor-icon-list--layout-inline elementor-align-end elementor-mobile-align-start elementor-list-item-link-full_width elementor-widget elementor-widget-icon-list\" data-id=\"a235693\" data-element_type=\"widget\" data-e-type=\"widget\" data-widget_type=\"icon-list.default\">\n\t\t\t\t<div class=\"elementor-widget-container\">\n\t\t\t\t\t\t\t<ul class=\"elementor-icon-list-items elementor-inline-items\">\n\t\t\t\t\t\t\t<li class=\"elementor-icon-list-item elementor-inline-item\">\n\t\t\t\t\t\t\t\t\t\t\t<span class=\"elementor-icon-list-icon\">\n\t\t\t\t\t\t\t<i aria-hidden=\"true\" class=\"fas fa-arrow-circle-right\"><\/i>\t\t\t\t\t\t<\/span>\n\t\t\t\t\t\t\t\t\t\t<span class=\"elementor-icon-list-text\">FRUIT TOURISM<\/span>\n\t\t\t\t\t\t\t\t\t<\/li>\n\t\t\t\t\t\t\t\t<li class=\"elementor-icon-list-item elementor-inline-item\">\n\t\t\t\t\t\t\t\t\t\t\t<a href=\"tel:+34973794010\">\n\n\t\t\t\t\t\t\t\t\t\t\t\t<span class=\"elementor-icon-list-icon\">\n\t\t\t\t\t\t\t<i aria-hidden=\"true\" class=\"fas fa-phone-alt\"><\/i>\t\t\t\t\t\t<\/span>\n\t\t\t\t\t\t\t\t\t\t<span class=\"elementor-icon-list-text\">973 794 010<\/span>\n\t\t\t\t\t\t\t\t\t\t\t<\/a>\n\t\t\t\t\t\t\t\t\t<\/li>\n\t\t\t\t\t\t\t\t<li class=\"elementor-icon-list-item elementor-inline-item\">\n\t\t\t\t\t\t\t\t\t\t\t<a href=\"tel:+34600976682\">\n\n\t\t\t\t\t\t\t\t\t\t\t\t<span class=\"elementor-icon-list-icon\">\n\t\t\t\t\t\t\t<i aria-hidden=\"true\" class=\"fas fa-phone-alt\"><\/i>\t\t\t\t\t\t<\/span>\n\t\t\t\t\t\t\t\t\t\t<span class=\"elementor-icon-list-text\">600 976 682<\/span>\n\t\t\t\t\t\t\t\t\t\t\t<\/a>\n\t\t\t\t\t\t\t\t\t<\/li>\n\t\t\t\t\t\t\t\t<li class=\"elementor-icon-list-item elementor-inline-item\">\n\t\t\t\t\t\t\t\t\t\t\t<a href=\"mailto:fruiturisme@ajuntamentaitona.cat\">\n\n\t\t\t\t\t\t\t\t\t\t\t\t<span class=\"elementor-icon-list-icon\">\n\t\t\t\t\t\t\t<i aria-hidden=\"true\" class=\"fas fa-envelope\"><\/i>\t\t\t\t\t\t<\/span>\n\t\t\t\t\t\t\t\t\t\t<span class=\"elementor-icon-list-text\">fruiturisme@ajuntamentaitona.cat<\/span>\n\t\t\t\t\t\t\t\t\t\t\t<\/a>\n\t\t\t\t\t\t\t\t\t<\/li>\n\t\t\t\t\t\t<\/ul>\n\t\t\t\t\t\t<\/div>\n\t\t\t\t<\/div>\n\t\t\t\t<\/div>\n\t\t\t\t<\/div>\n\t\t\t\t\t<\/div>\n\t\t\t\t<\/div>\n\t\t<div class=\"elementor-element elementor-element-7f357c0 e-flex e-con-boxed e-con e-parent\" data-id=\"7f357c0\" data-element_type=\"container\" data-e-type=\"container\" data-settings=\"{&quot;background_background&quot;:&quot;classic&quot;}\">\n\t\t\t\t\t<div class=\"e-con-inner\">\n\t\t\t\t<div class=\"elementor-element elementor-element-57a0899 elementor-widget elementor-widget-heading\" data-id=\"57a0899\" data-element_type=\"widget\" data-e-type=\"widget\" data-widget_type=\"heading.default\">\n\t\t\t\t<div class=\"elementor-widget-container\">\n\t\t\t\t\t<h1 class=\"elementor-heading-title elementor-size-default\">History<\/h1>\t\t\t\t<\/div>\n\t\t\t\t<\/div>\n\t\t<div class=\"elementor-element elementor-element-3dc7c20 e-grid e-con-full e-con e-child\" data-id=\"3dc7c20\" data-element_type=\"container\" data-e-type=\"container\">\n\t\t\t\t<div class=\"elementor-element elementor-element-ef0dd3c elementor-widget elementor-widget-text-editor\" data-id=\"ef0dd3c\" data-element_type=\"widget\" data-e-type=\"widget\" data-widget_type=\"text-editor.default\">\n\t\t\t\t<div class=\"elementor-widget-container\">\n\t\t\t\t\t\t\t\t\t<p>Numerous archaeological remains within the municipality indicate the presence of population settlements as early as the end of the Late Bronze Age II (1400-1200 BC).<\/p><p>While the urban center of Aitona has its origin in a castle (like the nearby places of Ser\u00f2s, Carratal\u00e0 and Gebut).<\/p><p>Aitona did not fall into Christian hands until the 1145-49 campaign, during the division of the territory among the settlers. It belonged to the crown (like Mequinenza and Ser\u00f2s) until 1212, when Constan\u00e7a d&#039;Arag\u00f3, the natural daughter of Pere I, brought these three towns as her dowry upon marrying the seneschal Guillem Ramon de Montcada. These towns formed the powerful barony of Aitona, centered on the castle of Aitona.<\/p>\t\t\t\t\t\t\t\t<\/div>\n\t\t\t\t<\/div>\n\t\t\t\t<div class=\"elementor-element elementor-element-4deee90 elementor-widget elementor-widget-text-editor\" data-id=\"4deee90\" data-element_type=\"widget\" data-e-type=\"widget\" data-widget_type=\"text-editor.default\">\n\t\t\t\t<div class=\"elementor-widget-container\">\n\t\t\t\t\t\t\t\t\t<p>In 1233, Constan\u00e7a was visited by her brother Jaume I and he confirmed her possession of Aitona, Ser\u00f2s and Soses, in accordance with the will of Pere I. The barony thus remained in the hands of the powerful lineage of the Montcada under the branch of the barons of Aitona.<\/p><p>Sixteenth-century travelers (Henri Cock, J.B. Lavanha, Barth\u00e9lemy Joly) concurred in describing the great agricultural wealth of the Aitona area, with its abundant irrigated land (orchards and fruit trees), well-cultivated, and approximately 200 inhabitants. The expulsion of the Moriscos, which severely affected Aitona (and also Ser\u00f2s), represented a serious setback. The expulsion took place in 1610.<\/p><p>The wars of the 17th and 18th centuries (the Catalan Revolt and the War of Succession) negatively impacted the municipality. Once again, we find ourselves in a border region, and, as can be deduced from the existing documentation, Aitona was temporarily abandoned and repopulated a few months later.<\/p>\t\t\t\t\t\t\t\t<\/div>\n\t\t\t\t<\/div>\n\t\t\t\t<div class=\"elementor-element elementor-element-6f2f7e8 elementor-widget elementor-widget-text-editor\" data-id=\"6f2f7e8\" data-element_type=\"widget\" data-e-type=\"widget\" data-widget_type=\"text-editor.default\">\n\t\t\t\t<div class=\"elementor-widget-container\">\n\t\t\t\t\t\t\t\t\t<p>The population organized a prominent militia during the French War (actions in Fraga, Mequinenza \u2014where 300 men fought commanded by Joan Bernad\u00f3 alongside Palafox\u2014 and Alcubierre) and several residents of Aiton were executed by the French in Lleida.<\/p><p>The somat\u00e9n was still maintained during the First Carlist War.<\/p><p>The livestock fairs in Aitona were very popular in the mid-19th century, and various measures were taken to support the sector (regulation of irrigation by the Remolins canal in 1852, new roads and highways in 1863\u2014the Lleida-Alcarr\u00e0s-Mequinenza route\u2014, etc.). In 1894, the Aitona Residents&#039; Association was created to promote the construction of the bridge over the Segre River.<\/p>\t\t\t\t\t\t\t\t<\/div>\n\t\t\t\t<\/div>\n\t\t\t\t<\/div>\n\t\t\t\t\t<\/div>\n\t\t\t\t<\/div>\n\t\t<div class=\"elementor-element elementor-element-b7286be e-con-full e-flex e-con e-parent\" data-id=\"b7286be\" data-element_type=\"container\" data-e-type=\"container\">\n\t\t<div class=\"elementor-element elementor-element-bf87544 e-con-full e-flex e-con e-child\" data-id=\"bf87544\" data-element_type=\"container\" data-e-type=\"container\">\n\t\t\t\t<div class=\"elementor-element elementor-element-73580c5 elementor-widget elementor-widget-image\" data-id=\"73580c5\" data-element_type=\"widget\" data-e-type=\"widget\" data-widget_type=\"image.default\">\n\t\t\t\t<div class=\"elementor-widget-container\">\n\t\t\t\t\t\t\t\t\t\t\t\t\t\t\t<img fetchpriority=\"high\" decoding=\"async\" width=\"940\" height=\"710\" src=\"https:\/\/fruiturisme.info\/wp-content\/uploads\/Aitona-1.jpg\" class=\"attachment-full size-full wp-image-35587\" alt=\"\" srcset=\"https:\/\/fruiturisme.info\/wp-content\/uploads\/Aitona-1.jpg 940w, https:\/\/fruiturisme.info\/wp-content\/uploads\/Aitona-1-352x266.jpg 352w, https:\/\/fruiturisme.info\/wp-content\/uploads\/Aitona-1-768x580.jpg 768w, https:\/\/fruiturisme.info\/wp-content\/uploads\/Aitona-1-900x680.jpg 900w\" sizes=\"(max-width: 940px) 100vw, 940px\" \/>\t\t\t\t\t\t\t\t\t\t\t\t\t\t\t<\/div>\n\t\t\t\t<\/div>\n\t\t\t\t<\/div>\n\t\t<div class=\"elementor-element elementor-element-581f64a e-con-full e-flex e-con e-child\" data-id=\"581f64a\" data-element_type=\"container\" data-e-type=\"container\">\n\t\t\t\t<div class=\"elementor-element elementor-element-8e07658 elementor-widget elementor-widget-image\" data-id=\"8e07658\" data-element_type=\"widget\" data-e-type=\"widget\" data-widget_type=\"image.default\">\n\t\t\t\t<div class=\"elementor-widget-container\">\n\t\t\t\t\t\t\t\t\t\t\t\t\t\t\t<img decoding=\"async\" width=\"940\" height=\"710\" src=\"https:\/\/fruiturisme.info\/wp-content\/uploads\/Aitona-2.jpg\" class=\"attachment-full size-full wp-image-35588\" alt=\"\" srcset=\"https:\/\/fruiturisme.info\/wp-content\/uploads\/Aitona-2.jpg 940w, https:\/\/fruiturisme.info\/wp-content\/uploads\/Aitona-2-352x266.jpg 352w, https:\/\/fruiturisme.info\/wp-content\/uploads\/Aitona-2-768x580.jpg 768w, https:\/\/fruiturisme.info\/wp-content\/uploads\/Aitona-2-900x680.jpg 900w\" sizes=\"(max-width: 940px) 100vw, 940px\" \/>\t\t\t\t\t\t\t\t\t\t\t\t\t\t\t<\/div>\n\t\t\t\t<\/div>\n\t\t\t\t<\/div>\n\t\t\t\t<\/div>\n\t\t<div class=\"elementor-element elementor-element-e499844 e-flex e-con-boxed e-con e-parent\" data-id=\"e499844\" data-element_type=\"container\" data-e-type=\"container\" data-settings=\"{&quot;background_background&quot;:&quot;classic&quot;}\">\n\t\t\t\t\t<div class=\"e-con-inner\">\n\t\t<div class=\"elementor-element elementor-element-0e7ceaf e-grid e-con-full e-con e-child\" data-id=\"0e7ceaf\" data-element_type=\"container\" data-e-type=\"container\">\n\t\t<div class=\"elementor-element elementor-element-4f74674 e-con-full e-flex e-con e-child\" data-id=\"4f74674\" data-element_type=\"container\" data-e-type=\"container\">\n\t\t\t\t<div class=\"elementor-element elementor-element-8da7626 elementor-widget elementor-widget-heading\" data-id=\"8da7626\" data-element_type=\"widget\" data-e-type=\"widget\" data-widget_type=\"heading.default\">\n\t\t\t\t<div class=\"elementor-widget-container\">\n\t\t\t\t\t<h2 class=\"elementor-heading-title elementor-size-default\">Heritage<\/h2>\t\t\t\t<\/div>\n\t\t\t\t<\/div>\n\t\t\t\t<div class=\"elementor-element elementor-element-fc64ab0 elementor-widget elementor-widget-text-editor\" data-id=\"fc64ab0\" data-element_type=\"widget\" data-e-type=\"widget\" data-widget_type=\"text-editor.default\">\n\t\t\t\t<div class=\"elementor-widget-container\">\n\t\t\t\t\t\t\t\t\t<p>Aitona is a municipality brimming with cultural life and boasting a rich and diverse historical, architectural, and archaeological heritage. Its importance and heritage value have led to a large number of its existing elements being declared BCIL (Local Cultural Assets) and BCIN (National Cultural Assets), thus receiving legal protection from the Generalitat of Catalonia, which considers them among the most important assets of Catalan cultural heritage.<\/p>\t\t\t\t\t\t\t\t<\/div>\n\t\t\t\t<\/div>\n\t\t\t\t<div class=\"elementor-element elementor-element-9ea627d elementor-widget-divider--view-line elementor-widget elementor-widget-divider\" data-id=\"9ea627d\" data-element_type=\"widget\" data-e-type=\"widget\" data-widget_type=\"divider.default\">\n\t\t\t\t<div class=\"elementor-widget-container\">\n\t\t\t\t\t\t\t<div class=\"elementor-divider\">\n\t\t\t<span class=\"elementor-divider-separator\">\n\t\t\t\t\t\t<\/span>\n\t\t<\/div>\n\t\t\t\t\t\t<\/div>\n\t\t\t\t<\/div>\n\t\t\t\t<\/div>\n\t\t<div class=\"elementor-element elementor-element-e79b04f e-con-full e-flex e-con e-child\" data-id=\"e79b04f\" data-element_type=\"container\" data-e-type=\"container\">\n\t\t\t\t<div class=\"elementor-element elementor-element-d36359f elementor-widget elementor-widget-image\" data-id=\"d36359f\" data-element_type=\"widget\" data-e-type=\"widget\" data-widget_type=\"image.default\">\n\t\t\t\t<div class=\"elementor-widget-container\">\n\t\t\t\t\t\t\t\t\t\t\t\t\t\t\t<img decoding=\"async\" width=\"800\" height=\"457\" src=\"https:\/\/fruiturisme.info\/wp-content\/uploads\/Aitona-3-1120x640.jpg\" class=\"attachment-large size-large wp-image-35589\" alt=\"\" srcset=\"https:\/\/fruiturisme.info\/wp-content\/uploads\/Aitona-3-1120x640.jpg 1120w, https:\/\/fruiturisme.info\/wp-content\/uploads\/Aitona-3-352x201.jpg 352w, https:\/\/fruiturisme.info\/wp-content\/uploads\/Aitona-3-768x439.jpg 768w, https:\/\/fruiturisme.info\/wp-content\/uploads\/Aitona-3-1320x754.jpg 1320w, https:\/\/fruiturisme.info\/wp-content\/uploads\/Aitona-3-900x514.jpg 900w, https:\/\/fruiturisme.info\/wp-content\/uploads\/Aitona-3.jpg 1344w\" sizes=\"(max-width: 800px) 100vw, 800px\" \/>\t\t\t\t\t\t\t\t\t\t\t\t\t\t\t<\/div>\n\t\t\t\t<\/div>\n\t\t\t\t<\/div>\n\t\t\t\t<\/div>\n\t\t\t\t\t<\/div>\n\t\t\t\t<\/div>\n\t\t<div class=\"elementor-element elementor-element-54f49e0 e-flex e-con-boxed e-con e-parent\" data-id=\"54f49e0\" data-element_type=\"container\" data-e-type=\"container\">\n\t\t\t\t\t<div class=\"e-con-inner\">\n\t\t<div class=\"elementor-element elementor-element-e540c45 e-grid e-con-full e-con e-child\" data-id=\"e540c45\" data-element_type=\"container\" data-e-type=\"container\">\n\t\t\t\t<div class=\"elementor-element elementor-element-512458d premium-flip-style-push elementor-widget elementor-widget-premium-addon-flip-box\" data-id=\"512458d\" data-element_type=\"widget\" data-e-type=\"widget\" data-widget_type=\"premium-addon-flip-box.default\">\n\t\t\t\t<div class=\"elementor-widget-container\">\n\t\t\t\t\t\n\t<div class=\"premium-flip-main-box\">\n\t\t<div class=\"premium-flip-front premium-flip-frontbt\">\n\t\t\t<div class=\"premium-flip-front-overlay\">\n\t\t\t\t<div class=\"premium-flip-front-content-container\">\n\t\t\t\t\t<div class=\"premium-flip-text-wrapper\">\n\t\t\t\t\t\t\t\t\t\t\t\t\t\t\t\t\t\t\t\n\t\t\t\t\t\t\t\t\t\t\t\t\t<h3 class=\"premium-flip-front-title\">\n\t\t\t\t\t\t\t\tChurch of San Antol\u00ed\t\t\t\t\t\t\t<\/h3>\n\t\t\t\t\t\t\n\t\t\t\t\t\t\t\t\t\t\t<\/div>\n\t\t\t\t<\/div>\n\t\t\t<\/div>\n\t\t<\/div>\n\n\t\t<div class=\"premium-flip-back premium-flip-backbt\">\n\t\t\t<div class=\"premium-flip-back-overlay\">\n\t\t\t\t<div class=\"premium-flip-back-content-container\">\n\t\t\t\t\t\n\t\t\t\t\t<div class=\"premium-flip-back-text-wrapper\">\n\n\t\t\t\t\t\t\t\t\t\t\t\t\t\t\t\t\t\t\t\n\t\t\t\t\t\t\t\t\t\t\t\t\t<h3 class=\"premium-flip-back-title\">\n\t\t\t\t\t\t\t\tChurch of San Antol\u00ed\t\t\t\t\t\t\t<\/h3>\n\t\t\t\t\t\t\n\t\t\t\t\t\t\t\t\t\t\t\t\t<span class=\"premium-flip-back-description\">\n\t\t\t\t\t\t\t\t<p>Built in the Baroque style, some consider it the cathedral of the Baix Segre region because it is of unusual dimensions for a town of just over two thousand inhabitants.<\/p>\t\t\t\t\t\t\t<\/span>\n\t\t\t\t\t\t\n\t\t\t\t\t\t\t\t\t\t\t<\/div>\n\t\t\t\t<\/div>\n\t\t\t<\/div>\n\t\t<\/div>\n\t<\/div>\n\n\t\t\t\t\t\t<\/div>\n\t\t\t\t<\/div>\n\t\t\t\t<div class=\"elementor-element elementor-element-0f51068 premium-flip-style-push elementor-widget elementor-widget-premium-addon-flip-box\" data-id=\"0f51068\" data-element_type=\"widget\" data-e-type=\"widget\" data-widget_type=\"premium-addon-flip-box.default\">\n\t\t\t\t<div class=\"elementor-widget-container\">\n\t\t\t\t\t\n\t<div class=\"premium-flip-main-box\">\n\t\t<div class=\"premium-flip-front premium-flip-frontbt\">\n\t\t\t<div class=\"premium-flip-front-overlay\">\n\t\t\t\t<div class=\"premium-flip-front-content-container\">\n\t\t\t\t\t<div class=\"premium-flip-text-wrapper\">\n\t\t\t\t\t\t\t\t\t\t\t\t\t\t\t\t\t\t\t\n\t\t\t\t\t\t\t\t\t\t\t\t\t<h3 class=\"premium-flip-front-title\">\n\t\t\t\t\t\t\t\tSan Joan de Carratala\t\t\t\t\t\t\t<\/h3>\n\t\t\t\t\t\t\n\t\t\t\t\t\t\t\t\t\t\t<\/div>\n\t\t\t\t<\/div>\n\t\t\t<\/div>\n\t\t<\/div>\n\n\t\t<div class=\"premium-flip-back premium-flip-backbt\">\n\t\t\t<div class=\"premium-flip-back-overlay\">\n\t\t\t\t<div class=\"premium-flip-back-content-container\">\n\t\t\t\t\t\n\t\t\t\t\t<div class=\"premium-flip-back-text-wrapper\">\n\n\t\t\t\t\t\t\t\t\t\t\t\t\t\t\t\t\t\t\t\n\t\t\t\t\t\t\t\t\t\t\t\t\t<h3 class=\"premium-flip-back-title\">\n\t\t\t\t\t\t\t\tSan Joan de Carratala\t\t\t\t\t\t\t<\/h3>\n\t\t\t\t\t\t\n\t\t\t\t\t\t\t\t\t\t\t\t\t<span class=\"premium-flip-back-description\">\n\t\t\t\t\t\t\t\t<p>The Romanesque hermitage of Sant Joan de Carratal\u00e0, with its semicircular apse, is a Hospitaller construction. It is believed to have been built on the site of a former mosque.<\/p>\t\t\t\t\t\t\t<\/span>\n\t\t\t\t\t\t\n\t\t\t\t\t\t\t\t\t\t\t<\/div>\n\t\t\t\t<\/div>\n\t\t\t<\/div>\n\t\t<\/div>\n\t<\/div>\n\n\t\t\t\t\t\t<\/div>\n\t\t\t\t<\/div>\n\t\t\t\t<div class=\"elementor-element elementor-element-18d3e92 premium-flip-style-push elementor-widget elementor-widget-premium-addon-flip-box\" data-id=\"18d3e92\" data-element_type=\"widget\" data-e-type=\"widget\" data-widget_type=\"premium-addon-flip-box.default\">\n\t\t\t\t<div class=\"elementor-widget-container\">\n\t\t\t\t\t\n\t<div class=\"premium-flip-main-box\">\n\t\t<div class=\"premium-flip-front premium-flip-frontbt\">\n\t\t\t<div class=\"premium-flip-front-overlay\">\n\t\t\t\t<div class=\"premium-flip-front-content-container\">\n\t\t\t\t\t<div class=\"premium-flip-text-wrapper\">\n\t\t\t\t\t\t\t\t\t\t\t\t\t\t\t\t\t\t\t\n\t\t\t\t\t\t\t\t\t\t\t\t\t<h3 class=\"premium-flip-front-title\">\n\t\t\t\t\t\t\t\tVillage of Gen\u00f3\t\t\t\t\t\t\t<\/h3>\n\t\t\t\t\t\t\n\t\t\t\t\t\t\t\t\t\t\t<\/div>\n\t\t\t\t<\/div>\n\t\t\t<\/div>\n\t\t<\/div>\n\n\t\t<div class=\"premium-flip-back premium-flip-backbt\">\n\t\t\t<div class=\"premium-flip-back-overlay\">\n\t\t\t\t<div class=\"premium-flip-back-content-container\">\n\t\t\t\t\t\n\t\t\t\t\t<div class=\"premium-flip-back-text-wrapper\">\n\n\t\t\t\t\t\t\t\t\t\t\t\t\t\t\t\t\t\t\t\n\t\t\t\t\t\t\t\t\t\t\t\t\t<h3 class=\"premium-flip-back-title\">\n\t\t\t\t\t\t\t\tVillage of Gen\u00f3\t\t\t\t\t\t\t<\/h3>\n\t\t\t\t\t\t\n\t\t\t\t\t\t\t\t\t\t\t\t\t<span class=\"premium-flip-back-description\">\n\t\t\t\t\t\t\t\t<p>Archaeological site from the last phase of the Bronze Age, 11th century BC. Discovered in 1955, the settlement occupies about 1,040 m\u00b2 and is one of the most important of this period in western Catalonia and possibly the rest of the country.<\/p>\t\t\t\t\t\t\t<\/span>\n\t\t\t\t\t\t\n\t\t\t\t\t\t\t\t\t\t\t<\/div>\n\t\t\t\t<\/div>\n\t\t\t<\/div>\n\t\t<\/div>\n\t<\/div>\n\n\t\t\t\t\t\t<\/div>\n\t\t\t\t<\/div>\n\t\t\t\t<div class=\"elementor-element elementor-element-6548892 premium-flip-style-push elementor-widget elementor-widget-premium-addon-flip-box\" data-id=\"6548892\" data-element_type=\"widget\" data-e-type=\"widget\" data-widget_type=\"premium-addon-flip-box.default\">\n\t\t\t\t<div class=\"elementor-widget-container\">\n\t\t\t\t\t\n\t<div class=\"premium-flip-main-box\">\n\t\t<div class=\"premium-flip-front premium-flip-frontbt\">\n\t\t\t<div class=\"premium-flip-front-overlay\">\n\t\t\t\t<div class=\"premium-flip-front-content-container\">\n\t\t\t\t\t<div class=\"premium-flip-text-wrapper\">\n\t\t\t\t\t\t\t\t\t\t\t\t\t\t\t\t\t\t\t\n\t\t\t\t\t\t\t\t\t\t\t\t\t<h3 class=\"premium-flip-front-title\">\n\t\t\t\t\t\t\t\tAitona Castle\t\t\t\t\t\t\t<\/h3>\n\t\t\t\t\t\t\n\t\t\t\t\t\t\t\t\t\t\t<\/div>\n\t\t\t\t<\/div>\n\t\t\t<\/div>\n\t\t<\/div>\n\n\t\t<div class=\"premium-flip-back premium-flip-backbt\">\n\t\t\t<div class=\"premium-flip-back-overlay\">\n\t\t\t\t<div class=\"premium-flip-back-content-container\">\n\t\t\t\t\t\n\t\t\t\t\t<div class=\"premium-flip-back-text-wrapper\">\n\n\t\t\t\t\t\t\t\t\t\t\t\t\t\t\t\t\t\t\t\n\t\t\t\t\t\t\t\t\t\t\t\t\t<h3 class=\"premium-flip-back-title\">\n\t\t\t\t\t\t\t\tAitona Castle\t\t\t\t\t\t\t<\/h3>\n\t\t\t\t\t\t\n\t\t\t\t\t\t\t\t\t\t\t\t\t<span class=\"premium-flip-back-description\">\n\t\t\t\t\t\t\t\t<p>On a hill overlooking the village of Aitona lie the remains of what was once the castle-residence of the Montcada family, Marquesses of Aitona. The preserved section reveals a quadrangular structure with circular towers at the corners. The towers closest to the river are the best preserved. These structures appear to date from the late Middle Ages or early modern period, but they likely conceal earlier structures.<\/p>\t\t\t\t\t\t\t<\/span>\n\t\t\t\t\t\t\n\t\t\t\t\t\t\t\t\t\t\t<\/div>\n\t\t\t\t<\/div>\n\t\t\t<\/div>\n\t\t<\/div>\n\t<\/div>\n\n\t\t\t\t\t\t<\/div>\n\t\t\t\t<\/div>\n\t\t\t\t<div class=\"elementor-element elementor-element-7c5fd00 premium-flip-style-push elementor-widget elementor-widget-premium-addon-flip-box\" data-id=\"7c5fd00\" data-element_type=\"widget\" data-e-type=\"widget\" data-widget_type=\"premium-addon-flip-box.default\">\n\t\t\t\t<div class=\"elementor-widget-container\">\n\t\t\t\t\t\n\t<div class=\"premium-flip-main-box\">\n\t\t<div class=\"premium-flip-front premium-flip-frontbt\">\n\t\t\t<div class=\"premium-flip-front-overlay\">\n\t\t\t\t<div class=\"premium-flip-front-content-container\">\n\t\t\t\t\t<div class=\"premium-flip-text-wrapper\">\n\t\t\t\t\t\t\t\t\t\t\t\t\t\t\t\t\t\t\t\n\t\t\t\t\t\t\t\t\t\t\t\t\t<h3 class=\"premium-flip-front-title\">\n\t\t\t\t\t\t\t\tViewpoint of San Joan de Carratala\t\t\t\t\t\t\t<\/h3>\n\t\t\t\t\t\t\n\t\t\t\t\t\t\t\t\t\t\t<\/div>\n\t\t\t\t<\/div>\n\t\t\t<\/div>\n\t\t<\/div>\n\n\t\t<div class=\"premium-flip-back premium-flip-backbt\">\n\t\t\t<div class=\"premium-flip-back-overlay\">\n\t\t\t\t<div class=\"premium-flip-back-content-container\">\n\t\t\t\t\t\n\t\t\t\t\t<div class=\"premium-flip-back-text-wrapper\">\n\n\t\t\t\t\t\t\t\t\t\t\t\t\t\t\t\t\t\t\t\n\t\t\t\t\t\t\t\t\t\t\t\t\t<h3 class=\"premium-flip-back-title\">\n\t\t\t\t\t\t\t\tViewpoint of San Joan de Carratala\t\t\t\t\t\t\t<\/h3>\n\t\t\t\t\t\t\n\t\t\t\t\t\t\t\t\t\t\t\t\t<span class=\"premium-flip-back-description\">\n\t\t\t\t\t\t\t\t<p>At the top of the hill that houses the hermitage of San Juan de Carratal\u00e0, you can find a spectacular viewpoint that allows you to glimpse fantastic panoramic views of the Segre valley and is especially attractive during the flowering of the peach trees and in autumn, when the leaves turn golden.<\/p>\t\t\t\t\t\t\t<\/span>\n\t\t\t\t\t\t\n\t\t\t\t\t\t\t\t\t\t\t<\/div>\n\t\t\t\t<\/div>\n\t\t\t<\/div>\n\t\t<\/div>\n\t<\/div>\n\n\t\t\t\t\t\t<\/div>\n\t\t\t\t<\/div>\n\t\t\t\t<div class=\"elementor-element elementor-element-3ea0b42 premium-flip-style-push elementor-widget elementor-widget-premium-addon-flip-box\" data-id=\"3ea0b42\" data-element_type=\"widget\" data-e-type=\"widget\" data-widget_type=\"premium-addon-flip-box.default\">\n\t\t\t\t<div class=\"elementor-widget-container\">\n\t\t\t\t\t\n\t<div class=\"premium-flip-main-box\">\n\t\t<div class=\"premium-flip-front premium-flip-frontbt\">\n\t\t\t<div class=\"premium-flip-front-overlay\">\n\t\t\t\t<div class=\"premium-flip-front-content-container\">\n\t\t\t\t\t<div class=\"premium-flip-text-wrapper\">\n\t\t\t\t\t\t\t\t\t\t\t\t\t\t\t\t\t\t\t\n\t\t\t\t\t\t\t\t\t\t\t\t\t<h3 class=\"premium-flip-front-title\">\n\t\t\t\t\t\t\t\tChapel of Sant Gaiet\u00e0\t\t\t\t\t\t\t<\/h3>\n\t\t\t\t\t\t\n\t\t\t\t\t\t\t\t\t\t\t<\/div>\n\t\t\t\t<\/div>\n\t\t\t<\/div>\n\t\t<\/div>\n\n\t\t<div class=\"premium-flip-back premium-flip-backbt\">\n\t\t\t<div class=\"premium-flip-back-overlay\">\n\t\t\t\t<div class=\"premium-flip-back-content-container\">\n\t\t\t\t\t\n\t\t\t\t\t<div class=\"premium-flip-back-text-wrapper\">\n\n\t\t\t\t\t\t\t\t\t\t\t\t\t\t\t\t\t\t\t\n\t\t\t\t\t\t\t\t\t\t\t\t\t<h3 class=\"premium-flip-back-title\">\n\t\t\t\t\t\t\t\tChapel of Sant Gaiet\u00e0\t\t\t\t\t\t\t<\/h3>\n\t\t\t\t\t\t\n\t\t\t\t\t\t\t\t\t\t\t\t\t<span class=\"premium-flip-back-description\">\n\t\t\t\t\t\t\t\t<p>The church was designed in 1735 by the master builder Mari\u00e0 Batiste and commissioned to the master builder Agust\u00ed Biscarri. Being a building with a basically rectangular floor plan, it consists of a main nave with two interconnected side chapels on each side, a transept, and a presbytery.<\/p>\t\t\t\t\t\t\t<\/span>\n\t\t\t\t\t\t\n\t\t\t\t\t\t\t\t\t\t\t<\/div>\n\t\t\t\t<\/div>\n\t\t\t<\/div>\n\t\t<\/div>\n\t<\/div>\n\n\t\t\t\t\t\t<\/div>\n\t\t\t\t<\/div>\n\t\t\t\t<div class=\"elementor-element elementor-element-9e642a7 premium-flip-style-push elementor-widget elementor-widget-premium-addon-flip-box\" data-id=\"9e642a7\" data-element_type=\"widget\" data-e-type=\"widget\" data-widget_type=\"premium-addon-flip-box.default\">\n\t\t\t\t<div class=\"elementor-widget-container\">\n\t\t\t\t\t\n\t<div class=\"premium-flip-main-box\">\n\t\t<div class=\"premium-flip-front premium-flip-frontbt\">\n\t\t\t<div class=\"premium-flip-front-overlay\">\n\t\t\t\t<div class=\"premium-flip-front-content-container\">\n\t\t\t\t\t<div class=\"premium-flip-text-wrapper\">\n\t\t\t\t\t\t\t\t\t\t\t\t\t\t\t\t\t\t\t\n\t\t\t\t\t\t\t\t\t\t\t\t\t<h3 class=\"premium-flip-front-title\">\n\t\t\t\t\t\t\t\tCathedral of the Masos of Volta\t\t\t\t\t\t\t<\/h3>\n\t\t\t\t\t\t\n\t\t\t\t\t\t\t\t\t\t\t<\/div>\n\t\t\t\t<\/div>\n\t\t\t<\/div>\n\t\t<\/div>\n\n\t\t<div class=\"premium-flip-back premium-flip-backbt\">\n\t\t\t<div class=\"premium-flip-back-overlay\">\n\t\t\t\t<div class=\"premium-flip-back-content-container\">\n\t\t\t\t\t\n\t\t\t\t\t<div class=\"premium-flip-back-text-wrapper\">\n\n\t\t\t\t\t\t\t\t\t\t\t\t\t\t\t\t\t\t\t\n\t\t\t\t\t\t\t\t\t\t\t\t\t<h3 class=\"premium-flip-back-title\">\n\t\t\t\t\t\t\t\tCathedral of the Masos of Volta\t\t\t\t\t\t\t<\/h3>\n\t\t\t\t\t\t\n\t\t\t\t\t\t\t\t\t\t\t\t\t<span class=\"premium-flip-back-description\">\n\t\t\t\t\t\t\t\t<p>It is a monumental 19th-century (circa 1860-1870) dry-stone rural construction, designed to serve as a refuge for farmers and their animals, thus avoiding long journeys to the village. Built by excavating into the hillside and using the earth as a mold for its large barrel vault, this structure stands out for its thermal efficiency and functionality: its flat roof served as a threshing floor, while its interior housed living quarters and stables. Considered an architectural gem of the Segri\u00e0 region, it also has a water cistern and has withstood the test of time and even fires thanks to its robust construction.<\/p>\t\t\t\t\t\t\t<\/span>\n\t\t\t\t\t\t\n\t\t\t\t\t\t\n\t\t\t\t\t\t\t<a href=\"https:\/\/masllaurador.com\/\" class=\"premium-flip-box-link text premium-button-none\" data-text=\"Ver m\u00e1s\" target=\"_blank\" rel=\"noopener\">\n\n\t\t\t\t\t\t\t\t<div class=\"premium-button-text-icon-wrapper\">\n\t\t\t\t\t\t\t\t\t<span>See more<\/span>\n\t\t\t\t\t\t\t\t<\/div>\n\n\t\t\t\t\t\t\t\t\n\t\t\t\t\t\t\t\t\n\t\t\t\t\t\t\t<\/a>\n\n\t\t\t\t\t\t\t\t\t\t\t<\/div>\n\t\t\t\t<\/div>\n\t\t\t<\/div>\n\t\t<\/div>\n\t<\/div>\n\n\t\t\t\t\t\t<\/div>\n\t\t\t\t<\/div>\n\t\t<div class=\"elementor-element elementor-element-cedf3ee e-con-full e-flex e-con e-child\" data-id=\"cedf3ee\" data-element_type=\"container\" data-e-type=\"container\" data-settings=\"{&quot;background_background&quot;:&quot;classic&quot;}\">\n\t\t\t\t<div class=\"elementor-element elementor-element-525fc67 elementor-widget elementor-widget-image\" data-id=\"525fc67\" data-element_type=\"widget\" data-e-type=\"widget\" data-widget_type=\"image.default\">\n\t\t\t\t<div class=\"elementor-widget-container\">\n\t\t\t\t\t\t\t\t\t\t\t\t\t\t\t<img loading=\"lazy\" decoding=\"async\" width=\"100\" height=\"100\" src=\"https:\/\/fruiturisme.info\/wp-content\/uploads\/logo-Fruiturisme-blanco.svg\" class=\"attachment-full size-full wp-image-35474\" alt=\"\" \/>\t\t\t\t\t\t\t\t\t\t\t\t\t\t\t<\/div>\n\t\t\t\t<\/div>\n\t\t\t\t<\/div>\n\t\t\t\t<\/div>\n\t\t\t\t\t<\/div>\n\t\t\t\t<\/div>\n\t\t<div class=\"elementor-element elementor-element-faa20d4 e-flex e-con-boxed e-con e-parent\" data-id=\"faa20d4\" data-element_type=\"container\" data-e-type=\"container\">\n\t\t\t\t\t<div class=\"e-con-inner\">\n\t\t\t\t<div class=\"elementor-element elementor-element-2b8a440 elementor-widget elementor-widget-heading\" data-id=\"2b8a440\" data-element_type=\"widget\" data-e-type=\"widget\" data-widget_type=\"heading.default\">\n\t\t\t\t<div class=\"elementor-widget-container\">\n\t\t\t\t\t<p class=\"elementor-heading-title elementor-size-default\">Do you have any questions?<\/p>\t\t\t\t<\/div>\n\t\t\t\t<\/div>\n\t\t\t\t<div class=\"elementor-element elementor-element-2ec323f elementor-align-center elementor-widget elementor-widget-button\" data-id=\"2ec323f\" data-element_type=\"widget\" data-e-type=\"widget\" data-widget_type=\"button.default\">\n\t\t\t\t<div class=\"elementor-widget-container\">\n\t\t\t\t\t\t\t\t\t<div class=\"elementor-button-wrapper\">\n\t\t\t\t\t<a class=\"elementor-button elementor-button-link elementor-size-sm\" href=\"https:\/\/fruiturisme.info\/en\/contact\/\">\n\t\t\t\t\t\t<span class=\"elementor-button-content-wrapper\">\n\t\t\t\t\t\t<span class=\"elementor-button-icon\">\n\t\t\t\t<i aria-hidden=\"true\" class=\"fas fa-envelope\"><\/i>\t\t\t<\/span>\n\t\t\t\t\t\t\t\t\t<span class=\"elementor-button-text\">Contact us<\/span>\n\t\t\t\t\t<\/span>\n\t\t\t\t\t<\/a>\n\t\t\t\t<\/div>\n\t\t\t\t\t\t\t\t<\/div>\n\t\t\t\t<\/div>\n\t\t\t\t\t<\/div>\n\t\t\t\t<\/div>\n\t\t\t\t<\/div>","protected":false},"excerpt":{"rendered":"<p>FRUITURISME Aitona Hist\u00f3rica Ad\u00e9ntrate en las calles m\u00e1s emblem\u00e1ticas del casco antiguo y d\u00e9jate transportar a la Aitona medieval reviviendo el momento m\u00e1s esplendoroso de la villa, cuando los Montcada constituyeron la poderosa Baron\u00eda de Aitona. Castillo de Aitona: visita en horarios concertados FRUITURISME 973 794 010 600 976 682 fruiturisme@ajuntamentaitona.cat Historia Numerosos vestigios arqueol\u00f3gicos [&hellip;]<\/p>","protected":false},"author":5,"featured_media":0,"parent":0,"menu_order":0,"comment_status":"closed","ping_status":"closed","template":"elementor_header_footer","meta":{"inline_featured_image":false,"footnotes":""},"class_list":["post-35569","page","type-page","status-publish","hentry"],"_links":{"self":[{"href":"https:\/\/fruiturisme.info\/en\/wp-json\/wp\/v2\/pages\/35569","targetHints":{"allow":["GET"]}}],"collection":[{"href":"https:\/\/fruiturisme.info\/en\/wp-json\/wp\/v2\/pages"}],"about":[{"href":"https:\/\/fruiturisme.info\/en\/wp-json\/wp\/v2\/types\/page"}],"author":[{"embeddable":true,"href":"https:\/\/fruiturisme.info\/en\/wp-json\/wp\/v2\/users\/5"}],"replies":[{"embeddable":true,"href":"https:\/\/fruiturisme.info\/en\/wp-json\/wp\/v2\/comments?post=35569"}],"version-history":[{"count":37,"href":"https:\/\/fruiturisme.info\/en\/wp-json\/wp\/v2\/pages\/35569\/revisions"}],"predecessor-version":[{"id":37232,"href":"https:\/\/fruiturisme.info\/en\/wp-json\/wp\/v2\/pages\/35569\/revisions\/37232"}],"wp:attachment":[{"href":"https:\/\/fruiturisme.info\/en\/wp-json\/wp\/v2\/media?parent=35569"}],"curies":[{"name":"wp","href":"https:\/\/api.w.org\/{rel}","templated":true}]}}