{"id":37692,"date":"2026-02-11T17:27:07","date_gmt":"2026-02-11T16:27:07","guid":{"rendered":"https:\/\/fruiturisme.info\/?page_id=37692"},"modified":"2026-02-18T13:14:05","modified_gmt":"2026-02-18T12:14:05","slug":"recollida-de-cireres","status":"publish","type":"page","link":"https:\/\/fruiturisme.info\/ca\/recollida-de-cireres\/","title":{"rendered":"Recollida de cireres"},"content":{"rendered":"<div data-elementor-type=\"wp-page\" data-elementor-id=\"37692\" class=\"elementor elementor-37692\" data-elementor-post-type=\"page\">\n\t\t\t\t<div class=\"elementor-element elementor-element-4ea13b1 e-flex e-con-boxed e-con e-parent\" data-id=\"4ea13b1\" data-element_type=\"container\" data-e-type=\"container\">\n\t\t\t\t\t<div class=\"e-con-inner\">\n\t\t<div class=\"elementor-element elementor-element-ae9d9bf e-grid e-con-full e-con e-child\" data-id=\"ae9d9bf\" data-element_type=\"container\" data-e-type=\"container\">\n\t\t<div class=\"elementor-element elementor-element-f411f2e e-con-full e-flex e-con e-child\" data-id=\"f411f2e\" data-element_type=\"container\" data-e-type=\"container\">\n\t\t\t\t<div class=\"elementor-element elementor-element-f60bf75 elementor-widget elementor-widget-heading\" data-id=\"f60bf75\" data-element_type=\"widget\" data-e-type=\"widget\" data-widget_type=\"heading.default\">\n\t\t\t\t<div class=\"elementor-widget-container\">\n\t\t\t\t\t<h2 class=\"elementor-heading-title elementor-size-default\">FRU\u00cfTURISME<\/h2>\t\t\t\t<\/div>\n\t\t\t\t<\/div>\n\t\t\t\t<div class=\"elementor-element elementor-element-8d74ef0 elementor-widget elementor-widget-heading\" data-id=\"8d74ef0\" data-element_type=\"widget\" data-e-type=\"widget\" data-widget_type=\"heading.default\">\n\t\t\t\t<div class=\"elementor-widget-container\">\n\t\t\t\t\t<h1 class=\"elementor-heading-title elementor-size-default\">Recollida de cireres<\/h1>\t\t\t\t<\/div>\n\t\t\t\t<\/div>\n\t\t\t\t<div class=\"elementor-element elementor-element-9280440 elementor-widget-divider--view-line elementor-widget elementor-widget-divider\" data-id=\"9280440\" data-element_type=\"widget\" data-e-type=\"widget\" data-widget_type=\"divider.default\">\n\t\t\t\t<div class=\"elementor-widget-container\">\n\t\t\t\t\t\t\t<div class=\"elementor-divider\">\n\t\t\t<span class=\"elementor-divider-separator\">\n\t\t\t\t\t\t<\/span>\n\t\t<\/div>\n\t\t\t\t\t\t<\/div>\n\t\t\t\t<\/div>\n\t\t\t\t<div class=\"elementor-element elementor-element-5c4bac6 elementor-mobile-align-start elementor-icon-list--layout-traditional elementor-list-item-link-full_width elementor-widget elementor-widget-icon-list\" data-id=\"5c4bac6\" data-element_type=\"widget\" data-e-type=\"widget\" data-widget_type=\"icon-list.default\">\n\t\t\t\t<div class=\"elementor-widget-container\">\n\t\t\t\t\t\t\t<ul class=\"elementor-icon-list-items\">\n\t\t\t\t\t\t\t<li class=\"elementor-icon-list-item\">\n\t\t\t\t\t\t\t\t\t\t\t<span class=\"elementor-icon-list-icon\">\n\t\t\t\t\t\t\t<i aria-hidden=\"true\" class=\"far fa-calendar-alt\"><\/i>\t\t\t\t\t\t<\/span>\n\t\t\t\t\t\t\t\t\t\t<span class=\"elementor-icon-list-text\">Maig<\/span>\n\t\t\t\t\t\t\t\t\t<\/li>\n\t\t\t\t\t\t<\/ul>\n\t\t\t\t\t\t<\/div>\n\t\t\t\t<\/div>\n\t\t\t\t<\/div>\n\t\t<div class=\"elementor-element elementor-element-1b43142 e-con-full e-flex e-con e-child\" data-id=\"1b43142\" data-element_type=\"container\" data-e-type=\"container\">\n\t\t\t\t<div class=\"elementor-element elementor-element-3186772 elementor-widget elementor-widget-image\" data-id=\"3186772\" data-element_type=\"widget\" data-e-type=\"widget\" data-widget_type=\"image.default\">\n\t\t\t\t<div class=\"elementor-widget-container\">\n\t\t\t\t\t\t\t\t\t\t\t\t\t\t\t<img fetchpriority=\"high\" decoding=\"async\" width=\"457\" height=\"457\" src=\"https:\/\/fruiturisme.info\/wp-content\/uploads\/experiencia-estacional.webp\" class=\"attachment-large size-large wp-image-36159\" alt=\"\" srcset=\"https:\/\/fruiturisme.info\/wp-content\/uploads\/experiencia-estacional.webp 457w, https:\/\/fruiturisme.info\/wp-content\/uploads\/experiencia-estacional-352x352.webp 352w, https:\/\/fruiturisme.info\/wp-content\/uploads\/experiencia-estacional-160x160.webp 160w, https:\/\/fruiturisme.info\/wp-content\/uploads\/experiencia-estacional-300x300.webp 300w, https:\/\/fruiturisme.info\/wp-content\/uploads\/experiencia-estacional-12x12.webp 12w, https:\/\/fruiturisme.info\/wp-content\/uploads\/experiencia-estacional-100x100.webp 100w\" sizes=\"(max-width: 457px) 100vw, 457px\" \/>\t\t\t\t\t\t\t\t\t\t\t\t\t\t\t<\/div>\n\t\t\t\t<\/div>\n\t\t\t\t<\/div>\n\t\t\t\t<\/div>\n\t\t\t\t\t<\/div>\n\t\t\t\t<\/div>\n\t\t<div class=\"elementor-element elementor-element-50df086 e-flex e-con-boxed e-con e-parent\" data-id=\"50df086\" data-element_type=\"container\" data-e-type=\"container\">\n\t\t\t\t\t<div class=\"e-con-inner\">\n\t\t<div class=\"elementor-element elementor-element-34af396 e-grid e-con-full e-con e-child\" data-id=\"34af396\" data-element_type=\"container\" data-e-type=\"container\">\n\t\t<div class=\"elementor-element elementor-element-3b9a460 e-con-full e-flex e-con e-child\" data-id=\"3b9a460\" data-element_type=\"container\" data-e-type=\"container\">\n\t\t\t\t<div class=\"elementor-element elementor-element-cde2488 elementor-widget elementor-widget-heading\" data-id=\"cde2488\" data-element_type=\"widget\" data-e-type=\"widget\" data-widget_type=\"heading.default\">\n\t\t\t\t<div class=\"elementor-widget-container\">\n\t\t\t\t\t<h2 class=\"elementor-heading-title elementor-size-default\">Recollida de cireres<\/h2>\t\t\t\t<\/div>\n\t\t\t\t<\/div>\n\t\t\t\t<div class=\"elementor-element elementor-element-ac9163f elementor-widget elementor-widget-text-editor\" data-id=\"ac9163f\" data-element_type=\"widget\" data-e-type=\"widget\" data-widget_type=\"text-editor.default\">\n\t\t\t\t<div class=\"elementor-widget-container\">\n\t\t\t\t\t\t\t\t\t<p>Vine a viure la collita de cireres en plena temporada! \ud83c\udf52\ud83c\udf3f<\/p><p>Et convidem a gaudir d\u00b4una jornada al camp per recollir cireres directament de l\u00b4arbre i descobrir tots els secrets d\u00b4un dels fruits m\u00e9s estimats de la primavera. Natura, sabor i experi\u00e8ncia de proximitat en un entorn \u00fanic.<\/p>\t\t\t\t\t\t\t\t<\/div>\n\t\t\t\t<\/div>\n\t\t\t\t<div class=\"elementor-element elementor-element-4c422a5 elementor-widget elementor-widget-heading\" data-id=\"4c422a5\" data-element_type=\"widget\" data-e-type=\"widget\" data-widget_type=\"heading.default\">\n\t\t\t\t<div class=\"elementor-widget-container\">\n\t\t\t\t\t<h2 class=\"elementor-heading-title elementor-size-default\">Qu\u00e8 us espera?<\/h2>\t\t\t\t<\/div>\n\t\t\t\t<\/div>\n\t\t\t\t<div class=\"elementor-element elementor-element-e319e33 elementor-widget elementor-widget-text-editor\" data-id=\"e319e33\" data-element_type=\"widget\" data-e-type=\"widget\" data-widget_type=\"text-editor.default\">\n\t\t\t\t<div class=\"elementor-widget-container\">\n\t\t\t\t\t\t\t\t\t<ul><li>\ud83c\udf33 Passejada pels camps de cirerers<\/li><li>\ud83e\uddfa Recol\u00b7lecci\u00f3 de cireres<\/li><li>\ud83d\udc68\u200d\ud83c\udf3e Explicacions sobre varietats, cultiu i calendari de collita<\/li><li>\ud83e\udd42 <strong>Vermut degustaci\u00f3 per a 2 persones<\/strong> per arrodonir l&#039;experi\u00e8ncia<\/li><\/ul>\t\t\t\t\t\t\t\t<\/div>\n\t\t\t\t<\/div>\n\t\t\t\t<div class=\"elementor-element elementor-element-12ecb75 elementor-widget elementor-widget-heading\" data-id=\"12ecb75\" data-element_type=\"widget\" data-e-type=\"widget\" data-widget_type=\"heading.default\">\n\t\t\t\t<div class=\"elementor-widget-container\">\n\t\t\t\t\t<h2 class=\"elementor-heading-title elementor-size-default\">Beneficis de participar<\/h2>\t\t\t\t<\/div>\n\t\t\t\t<\/div>\n\t\t\t\t<div class=\"elementor-element elementor-element-edbd625 elementor-widget elementor-widget-text-editor\" data-id=\"edbd625\" data-element_type=\"widget\" data-e-type=\"widget\" data-widget_type=\"text-editor.default\">\n\t\t\t\t<div class=\"elementor-widget-container\">\n\t\t\t\t\t\t\t\t\t<p>Producte fresc, local i de temporada<\/p><ul><li>Fruita fresca i de temporada directa del productor<\/li><li>Experi\u00e8ncia activa i familiar a l&#039;aire lliure<\/li><li>Connexi\u00f3 amb el territori i agricultura local<\/li><li>Activitat ideal per a fam\u00edlies, parelles i grups<\/li><li>Moment gastron\u00f2mic final per completar la jornada<\/li><\/ul>\t\t\t\t\t\t\t\t<\/div>\n\t\t\t\t<\/div>\n\t\t\t\t<div class=\"elementor-element elementor-element-f416475 elementor-widget elementor-widget-text-editor\" data-id=\"f416475\" data-element_type=\"widget\" data-e-type=\"widget\" data-widget_type=\"text-editor.default\">\n\t\t\t\t<div class=\"elementor-widget-container\">\n\t\t\t\t\t\t\t\t\t<p>La temporada de cireres \u00e9s curta \u2014 aprofita-la, vine a collir-les i assaborir-les com mai. \ud83c\udf38\ud83c\udf52<\/p>\t\t\t\t\t\t\t\t<\/div>\n\t\t\t\t<\/div>\n\t\t\t\t<\/div>\n\t\t<div class=\"elementor-element elementor-element-6adbd6b e-con-full e-flex e-con e-child\" data-id=\"6adbd6b\" data-element_type=\"container\" data-e-type=\"container\">\n\t\t\t\t<div class=\"elementor-element elementor-element-28987b6 elementor-widget elementor-widget-image\" data-id=\"28987b6\" data-element_type=\"widget\" data-e-type=\"widget\" data-widget_type=\"image.default\">\n\t\t\t\t<div class=\"elementor-widget-container\">\n\t\t\t\t\t<style>.elementor-element-28987b6{display:none !important}<\/style>\t\t\t\t<\/div>\n\t\t\t\t<\/div>\n\t\t\t\t<div class=\"elementor-element elementor-element-85d9450 elementor-widget elementor-widget-image\" data-id=\"85d9450\" data-element_type=\"widget\" data-e-type=\"widget\" data-widget_type=\"image.default\">\n\t\t\t\t<div class=\"elementor-widget-container\">\n\t\t\t\t\t\t\t\t\t\t\t\t\t\t\t<img decoding=\"async\" width=\"614\" height=\"608\" src=\"https:\/\/fruiturisme.info\/wp-content\/uploads\/collita-cireres.jpeg\" class=\"attachment-large size-large wp-image-37697\" alt=\"Collita de cerres\" srcset=\"https:\/\/fruiturisme.info\/wp-content\/uploads\/collita-cireres.jpeg 614w, https:\/\/fruiturisme.info\/wp-content\/uploads\/collita-cireres-352x349.jpeg 352w, https:\/\/fruiturisme.info\/wp-content\/uploads\/collita-cireres-12x12.jpeg 12w, https:\/\/fruiturisme.info\/wp-content\/uploads\/collita-cireres-100x100.jpeg 100w\" sizes=\"(max-width: 614px) 100vw, 614px\" \/>\t\t\t\t\t\t\t\t\t\t\t\t\t\t\t<\/div>\n\t\t\t\t<\/div>\n\t\t\t\t<div class=\"elementor-element elementor-element-7a70d11 elementor-align-center elementor-widget__width-inherit elementor-widget elementor-widget-button\" data-id=\"7a70d11\" data-element_type=\"widget\" data-e-type=\"widget\" data-widget_type=\"button.default\">\n\t\t\t\t<div class=\"elementor-widget-container\">\n\t\t\t\t\t\t\t\t\t<div class=\"elementor-button-wrapper\">\n\t\t\t\t\t<a class=\"elementor-button elementor-button-link elementor-size-sm\" href=\"https:\/\/fruiturisme.info\/ca\/reserva-la-teva-experiencia-3\/recollida-de-cireres\/\">\n\t\t\t\t\t\t<span class=\"elementor-button-content-wrapper\">\n\t\t\t\t\t\t<span class=\"elementor-button-icon\">\n\t\t\t\t<i aria-hidden=\"true\" class=\"fas fa-arrow-alt-circle-right\"><\/i>\t\t\t<\/span>\n\t\t\t\t\t\t\t\t\t<span class=\"elementor-button-text\">Reservar Experi\u00e8ncia<\/span>\n\t\t\t\t\t<\/span>\n\t\t\t\t\t<\/a>\n\t\t\t\t<\/div>\n\t\t\t\t\t\t\t\t<\/div>\n\t\t\t\t<\/div>\n\t\t\t\t<\/div>\n\t\t\t\t<\/div>\n\t\t\t\t\t<\/div>\n\t\t\t\t<\/div>\n\t\t\t\t<\/div>","protected":false},"excerpt":{"rendered":"<p>FRUITURISME Mayo Recogida de cerezas \u00a1Ven a vivir la cosecha de cerezas en plena temporada!\u00a0 \ud83c\udf52\ud83c\udf3f Te invitamos a disfrutar de una jornada en el campo para recoger cerezas directamente del \u00e1rbol y descubrir todos los secretos de uno de los frutos m\u00e1s estimados de la primavera. Natura, sabor y experiencia de proximidad en un [&hellip;]<\/p>","protected":false},"author":5,"featured_media":0,"parent":0,"menu_order":0,"comment_status":"closed","ping_status":"closed","template":"","meta":{"inline_featured_image":false,"footnotes":""},"class_list":["post-37692","page","type-page","status-publish","hentry"],"_links":{"self":[{"href":"https:\/\/fruiturisme.info\/ca\/wp-json\/wp\/v2\/pages\/37692","targetHints":{"allow":["GET"]}}],"collection":[{"href":"https:\/\/fruiturisme.info\/ca\/wp-json\/wp\/v2\/pages"}],"about":[{"href":"https:\/\/fruiturisme.info\/ca\/wp-json\/wp\/v2\/types\/page"}],"author":[{"embeddable":true,"href":"https:\/\/fruiturisme.info\/ca\/wp-json\/wp\/v2\/users\/5"}],"replies":[{"embeddable":true,"href":"https:\/\/fruiturisme.info\/ca\/wp-json\/wp\/v2\/comments?post=37692"}],"version-history":[{"count":19,"href":"https:\/\/fruiturisme.info\/ca\/wp-json\/wp\/v2\/pages\/37692\/revisions"}],"predecessor-version":[{"id":38246,"href":"https:\/\/fruiturisme.info\/ca\/wp-json\/wp\/v2\/pages\/37692\/revisions\/38246"}],"wp:attachment":[{"href":"https:\/\/fruiturisme.info\/ca\/wp-json\/wp\/v2\/media?parent=37692"}],"curies":[{"name":"wp","href":"https:\/\/api.w.org\/{rel}","templated":true}]}}